{"id":7,"date":"2026-02-13T12:00:00","date_gmt":"2026-02-13T11:00:00","guid":{"rendered":"https:\/\/voltera.ch\/?page_id=7"},"modified":"2026-02-16T13:12:29","modified_gmt":"2026-02-16T13:12:29","slug":"tecnologie","status":"publish","type":"page","link":"https:\/\/voltera.ch\/it\/technologie\/","title":{"rendered":"Tecnologia"},"content":{"rendered":"<div class=\"wp-block-cover alignfull is-light\" style=\"min-height:500px;aspect-ratio:unset;\"><img loading=\"lazy\" decoding=\"async\" width=\"1024\" height=\"683\" class=\"wp-block-cover__image-background wp-image-182 size-full\" alt=\"\" src=\"https:\/\/voltera.ch\/wp-content\/uploads\/2026\/01\/VgO7wlrrxykxjMT8cWCdpyAMAE.avif\" data-object-fit=\"cover\" srcset=\"https:\/\/voltera.ch\/wp-content\/uploads\/2026\/01\/VgO7wlrrxykxjMT8cWCdpyAMAE.avif 1024w, https:\/\/voltera.ch\/wp-content\/uploads\/2026\/01\/VgO7wlrrxykxjMT8cWCdpyAMAE-300x200.avif 300w, https:\/\/voltera.ch\/wp-content\/uploads\/2026\/01\/VgO7wlrrxykxjMT8cWCdpyAMAE-768x512.avif 768w, https:\/\/voltera.ch\/wp-content\/uploads\/2026\/01\/VgO7wlrrxykxjMT8cWCdpyAMAE-600x400.avif 600w\" sizes=\"auto, (max-width: 1024px) 100vw, 1024px\" \/><span aria-hidden=\"true\" class=\"wp-block-cover__background has-background-dim wp-block-cover__gradient-background has-background-gradient has-vivid-cyan-blue-to-vivid-purple-gradient-background\" style=\"background-color:#9a8b81\"><\/span><div class=\"wp-block-cover__inner-container is-layout-flow wp-block-cover-is-layout-flow\">\n<h1 class=\"wp-block-heading has-text-align-center has-white-color has-text-color\" style=\"font-size:48px\">Accumulatori svizzeri sostenibili<\/h1>\n\n\n\n<p class=\"has-text-align-center has-white-color has-text-color has-large-font-size\">Tecnologie Second-Life di Modual \u2013 sviluppato e prodotto in Svizzera<\/p>\n\n\n\n<div class=\"wp-block-buttons is-content-justification-center is-layout-flex wp-container-core-buttons-is-layout-444da731 wp-block-buttons-is-layout-flex\" style=\"margin-top:30px\">\n<div class=\"wp-block-button is-style-fill\"><a class=\"wp-block-button__link has-vivid-cyan-blue-color has-white-background-color has-text-color has-background wp-element-button\" href=\"\/it\/configuratore\/\">Configura memoria<\/a><\/div>\n\n\n\n<div class=\"wp-block-button is-style-outline is-style-outline--1\"><a class=\"wp-block-button__link has-white-color has-text-color wp-element-button\" href=\"#second-life\">Scoprire Second Life<\/a><\/div>\n<\/div>\n<\/div><\/div>\n\n\n<p><!-- ============================\n     Vertrauens-Leiste\n     ============================ --><\/p>\n\n\n<div class=\"wp-block-group has-white-background-color has-background is-layout-flow wp-block-group-is-layout-flow\" style=\"border-bottom-color:#e0e0e0;border-bottom-width:1px;padding-top:30px;padding-bottom:30px\">\n<div class=\"wp-block-columns are-vertically-aligned-center is-stacked-on-mobile is-layout-flex wp-container-core-columns-is-layout-28f84493 wp-block-columns-is-layout-flex\">\n<div class=\"wp-block-column is-vertically-aligned-center is-layout-flow wp-block-column-is-layout-flow\">\n<p class=\"has-text-align-center\" style=\"font-size:15px\">Svizzero Fatto<\/p>\n<\/div>\n\n\n\n<div class=\"wp-block-column is-vertically-aligned-center is-layout-flow wp-block-column-is-layout-flow\">\n<p class=\"has-text-align-center\" style=\"font-size:15px\">\u2705 10 anni di garanzia<\/p>\n<\/div>\n\n\n\n<div class=\"wp-block-column is-vertically-aligned-center is-layout-flow wp-block-column-is-layout-flow\">\n<p class=\"has-text-align-center\" style=\"font-size:15px\">\u2705 60% in meno di CO\u2082<\/p>\n<\/div>\n\n\n\n<div class=\"wp-block-column is-vertically-aligned-center is-layout-flow wp-block-column-is-layout-flow\">\n<p class=\"has-text-align-center\" style=\"font-size:15px\">\u2705 Espandibile modulare<\/p>\n<\/div>\n<\/div>\n<\/div>\n\n\n<p><!-- ============================\n     Warum modual?\n     ============================ --><\/p>\n\n\n<div class=\"wp-block-group voltera-tech-intro is-layout-flow wp-block-group-is-layout-flow\" style=\"padding-top:80px;padding-bottom:80px\">\n<div class=\"wp-block-group is-layout-constrained wp-container-core-group-is-layout-bea02a06 wp-block-group-is-layout-constrained\">\n<h2 class=\"wp-block-heading has-text-align-center\">Perch\u00e9 puntiamo su modual<\/h2>\n\n\n\n<p class=\"has-text-align-center has-medium-font-size\">La soluzione di accumulo intelligente per ogni casa e attivit\u00e0 commerciale. Sia che tu stia pianificando un nuovo impianto solare o che tu stia aggiornando uno esistente, modual si adatta perfettamente alle tue esigenze.<\/p>\n<\/div>\n\n\n\n<div class=\"wp-block-group is-layout-constrained wp-container-core-group-is-layout-1ac74c84 wp-block-group-is-layout-constrained\" style=\"margin-top:60px\">\n<div class=\"wp-block-columns is-layout-flex wp-container-core-columns-is-layout-92515837 wp-block-columns-is-layout-flex\">\n<div class=\"wp-block-column is-layout-flow wp-block-column-is-layout-flow\">\n<div class=\"wp-block-group has-border-color has-white-background-color has-background is-layout-flow wp-block-group-is-layout-flow\" style=\"border-color:#e0e0e0;border-width:1px;border-radius:12px;padding-top:30px;padding-right:30px;padding-bottom:30px;padding-left:30px\">\n<p class=\"has-text-align-center\" style=\"font-size:36px\">\ud83d\udd0b<\/p>\n\n\n\n<h4 class=\"wp-block-heading has-text-align-center\">Ridurre i costi<\/h4>\n\n\n\n<p class=\"has-text-align-center\" style=\"font-size:15px\">Utilizzi il suo elettricit\u00e0 solare quando ne ha bisogno, anche di notte. Aumenti il suo autoconsumo, riduca la bolletta elettrica e si liberi dalle fluttuazioni dei prezzi.<\/p>\n<\/div>\n<\/div>\n\n\n\n<div class=\"wp-block-column is-layout-flow wp-block-column-is-layout-flow\">\n<div class=\"wp-block-group has-border-color has-white-background-color has-background is-layout-flow wp-block-group-is-layout-flow\" style=\"border-color:#e0e0e0;border-width:1px;border-radius:12px;padding-top:30px;padding-right:30px;padding-bottom:30px;padding-left:30px\">\n<p class=\"has-text-align-center\" style=\"font-size:36px\">\ud83d\udee1\ufe0f<\/p>\n\n\n\n<h4 class=\"wp-block-heading has-text-align-center\">Qualit\u00e0 e sicurezza svizzera<\/h4>\n\n\n\n<p class=\"has-text-align-center\" style=\"font-size:15px\">Sviluppati e prodotti in Svizzera, gli accumulatori soddisfano i pi\u00f9 alti standard di sicurezza. Affidatevi a durata, affidabilit\u00e0 e 10 anni di garanzia.<\/p>\n<\/div>\n<\/div>\n\n\n\n<div class=\"wp-block-column is-layout-flow wp-block-column-is-layout-flow\">\n<div class=\"wp-block-group has-border-color has-white-background-color has-background is-layout-flow wp-block-group-is-layout-flow\" style=\"border-color:#e0e0e0;border-width:1px;border-radius:12px;padding-top:30px;padding-right:30px;padding-bottom:30px;padding-left:30px\">\n<p class=\"has-text-align-center\" style=\"font-size:36px\">Riciclare<\/p>\n\n\n\n<h4 class=\"wp-block-heading has-text-align-center\">Sostenibilit\u00e0 con il secondo ciclo di vita<\/h4>\n\n\n\n<p class=\"has-text-align-center\" style=\"font-size:15px\">Le celle della batteria di alta qualit\u00e0 ottengono una seconda vita. Questo preserva le risorse, riduce la tua impronta di CO\u2082 di circa il 60% e contribuisce all'economia circolare.<\/p>\n<\/div>\n<\/div>\n<\/div>\n<\/div>\n<\/div>\n\n\n<p><!-- ============================\n     Second-Life Technologie\n     ============================ --><\/p>\n\n\n<div id=\"second-life\" class=\"wp-block-group voltera-second-life has-light-gray-background-color has-background is-layout-flow wp-block-group-is-layout-flow\" style=\"padding-top:80px;padding-bottom:80px\">\n<div class=\"wp-block-group is-layout-constrained wp-container-core-group-is-layout-4383d167 wp-block-group-is-layout-constrained\">\n<h2 class=\"wp-block-heading has-text-align-center\">La seconda vita per le batterie delle auto elettriche<\/h2>\n\n\n\n<p class=\"has-text-align-center has-medium-font-size\" style=\"margin-bottom:60px\">Anzich\u00e9 rottamare le batterie dei veicoli elettrici, diamo loro una seconda vita come sistemi di accumulo domestici stazionari.<\/p>\n\n\n\n<div class=\"wp-block-columns are-vertically-aligned-center is-layout-flex wp-container-core-columns-is-layout-9b24e0e0 wp-block-columns-is-layout-flex\">\n<div class=\"wp-block-column is-vertically-aligned-center is-layout-flow wp-block-column-is-layout-flow\" style=\"flex-basis:45%\">\n<figure class=\"wp-block-image size-large has-custom-border\"><img loading=\"lazy\" decoding=\"async\" width=\"746\" height=\"1024\" src=\"https:\/\/voltera.ch\/wp-content\/uploads\/2026\/01\/modual-portfolio-all-e1715863987200-746x1024.webp\" alt=\"\" class=\"wp-image-44\" style=\"border-radius:12px\" srcset=\"https:\/\/voltera.ch\/wp-content\/uploads\/2026\/01\/modual-portfolio-all-e1715863987200-746x1024.webp 746w, https:\/\/voltera.ch\/wp-content\/uploads\/2026\/01\/modual-portfolio-all-e1715863987200-600x823.webp 600w, https:\/\/voltera.ch\/wp-content\/uploads\/2026\/01\/modual-portfolio-all-e1715863987200-219x300.webp 219w, https:\/\/voltera.ch\/wp-content\/uploads\/2026\/01\/modual-portfolio-all-e1715863987200-768x1054.webp 768w, https:\/\/voltera.ch\/wp-content\/uploads\/2026\/01\/modual-portfolio-all-e1715863987200-1119x1536.webp 1119w, https:\/\/voltera.ch\/wp-content\/uploads\/2026\/01\/modual-portfolio-all-e1715863987200.webp 1399w\" sizes=\"auto, (max-width: 746px) 100vw, 746px\" \/><\/figure>\n<\/div>\n\n\n\n<div class=\"wp-block-column is-vertically-aligned-center is-layout-flow wp-block-column-is-layout-flow\" style=\"flex-basis:55%\">\n<h3 class=\"wp-block-heading\">Perch\u00e9 Second Life?<\/h3>\n\n\n\n<p>Bei 70\u201380% Restkapazit\u00e4t erf\u00fcllt eine Batterie nicht mehr die Anforderungen der Elektromobilit\u00e4t \u2013 Reichweite und Leistung gen\u00fcgen nicht mehr. F\u00fcr einen station\u00e4ren Heimspeicher sind diese Zellen jedoch perfekt geeignet: Energiedichte und hohe Kurzzeitleistung spielen hier keine Rolle.<\/p>\n\n\n\n<p>Ogni cella della batteria viene sottoposta a rigorosi test e viene fornita con il sistema sviluppato appositamente per le batterie di seconda vita <strong>Modulo di sistema di gestione della batteria (BMS)<\/strong> monitorata, per garantire sempre la sicurezza e le prestazioni.<\/p>\n\n\n\n<div class=\"wp-block-group has-white-background-color has-background is-layout-flow wp-block-group-is-layout-flow\" style=\"border-radius:8px;border-left-color:#1a73e8;border-left-width:4px;margin-top:25px;padding-top:20px;padding-right:20px;padding-bottom:20px;padding-left:20px\">\n<p style=\"font-size:15px\"><strong>Lo sapevi?<\/strong> Per coprire il fabbisogno dell'UE solo con nuove batterie, sarebbero necessarie ogni anno 250 TWh di energia per la produzione entro il 2050. Con gli accumulatori di seconda vita, utilizziamo energia gi\u00e0 investita. <em>(Fonte: Fraunhofer \/ Uni M\u00fcnster)<\/em><\/p>\n<\/div>\n<\/div>\n<\/div>\n\n\n\n<div class=\"wp-block-columns is-layout-flex wp-container-core-columns-is-layout-9ff797e0 wp-block-columns-is-layout-flex\" style=\"margin-top:60px\">\n<div class=\"wp-block-column is-layout-flow wp-block-column-is-layout-flow\">\n<div class=\"wp-block-group has-white-background-color has-background is-layout-flow wp-block-group-is-layout-flow\" style=\"border-radius:12px;padding-top:30px;padding-right:30px;padding-bottom:30px;padding-left:30px\">\n<h3 class=\"wp-block-heading has-text-align-center has-text-color\" style=\"color:#16a34a;font-size:36px\">~60%<\/h3>\n\n\n\n<h4 class=\"wp-block-heading has-text-align-center\">Meno CO\u2082<\/h4>\n\n\n\n<p class=\"has-text-align-center\" style=\"font-size:14px\">Die Batteriezellen machen ca. 80% der CO\u2082-Emissionen eines Speichers aus. Durch Wiederverwendung sinkt der \u00f6kologische Fussabdruck um rund 60%.<\/p>\n<\/div>\n<\/div>\n\n\n\n<div class=\"wp-block-column is-layout-flow wp-block-column-is-layout-flow\">\n<div class=\"wp-block-group has-white-background-color has-background is-layout-flow wp-block-group-is-layout-flow\" style=\"border-radius:12px;padding-top:30px;padding-right:30px;padding-bottom:30px;padding-left:30px\">\n<h3 class=\"wp-block-heading has-text-align-center has-text-color\" style=\"color:#1a73e8;font-size:36px\">95 kg<\/h3>\n\n\n\n<h4 class=\"wp-block-heading has-text-align-center\">Materie prime per kWh<\/h4>\n\n\n\n<p class=\"has-text-align-center\" style=\"font-size:14px\">Per 1 kWh di nuove celle della batteria, \u00e8 necessario estrarre circa 95 kg di materie prime. Dietro ogni accumulatore ci sono diverse tonnellate, che ricicliamo.<\/p>\n<\/div>\n<\/div>\n\n\n\n<div class=\"wp-block-column is-layout-flow wp-block-column-is-layout-flow\">\n<div class=\"wp-block-group has-white-background-color has-background is-layout-flow wp-block-group-is-layout-flow\" style=\"border-radius:12px;padding-top:30px;padding-right:30px;padding-bottom:30px;padding-left:30px\">\n<h3 class=\"wp-block-heading has-text-align-center has-text-color\" style=\"color:#ea580c;font-size:36px\">10%<\/h3>\n\n\n\n<h4 class=\"wp-block-heading has-text-align-center\">Capacit\u00e0 di riciclaggio<\/h4>\n\n\n\n<p class=\"has-text-align-center\" style=\"font-size:14px\">L'Europa potrebbe riciclare solo circa il 10%% delle batterie per veicoli elettrici che torneranno nel 2030. Seconda vita colma questo divario in modo sensato.<\/p>\n<\/div>\n<\/div>\n<\/div>\n<\/div>\n<\/div>\n\n\n<p><!-- ============================\n     Technologie-Stack\n     ============================ --><\/p>\n\n\n<div class=\"wp-block-group voltera-tech-stack is-layout-flow wp-block-group-is-layout-flow\" style=\"padding-top:80px;padding-bottom:80px\">\n<div class=\"wp-block-group is-layout-constrained wp-container-core-group-is-layout-4383d167 wp-block-group-is-layout-constrained\">\n<h2 class=\"wp-block-heading has-text-align-center\">Pieno controllo dello stack tecnologico<\/h2>\n\n\n\n<p class=\"has-text-align-center has-medium-font-size\" style=\"margin-bottom:60px\">Dalla scheda madre al cloud AI: modual sviluppa hardware e software internamente<\/p>\n\n\n\n<div class=\"wp-block-columns is-layout-flex wp-container-core-columns-is-layout-92515837 wp-block-columns-is-layout-flex\">\n<div class=\"wp-block-column is-layout-flow wp-block-column-is-layout-flow\">\n<div class=\"wp-block-group has-border-color has-white-background-color has-background is-layout-flow wp-block-group-is-layout-flow\" style=\"border-color:#e0e0e0;border-width:1px;border-radius:12px;padding-top:30px;padding-right:25px;padding-bottom:30px;padding-left:25px\">\n<h4 class=\"wp-block-heading has-text-align-center has-text-color\" style=\"color:#1a73e8\">BMS proprietario<\/h4>\n\n\n\n<p class=\"has-text-align-center\" style=\"font-size:14px\">Il sistema di gestione delle batterie sviluppato internamente \u00e8 appositamente adattato alle esigenze di seconda vita. Accesso approfondito a ogni livello di cella per la massima sicurezza e una durata ottimizzata.<\/p>\n<\/div>\n<\/div>\n\n\n\n<div class=\"wp-block-column is-layout-flow wp-block-column-is-layout-flow\">\n<div class=\"wp-block-group has-border-color has-white-background-color has-background is-layout-flow wp-block-group-is-layout-flow\" style=\"border-color:#e0e0e0;border-width:1px;border-radius:12px;padding-top:30px;padding-right:25px;padding-bottom:30px;padding-left:25px\">\n<h4 class=\"wp-block-heading has-text-align-center has-text-color\" style=\"color:#1a73e8\">Manutenzione predittiva<\/h4>\n\n\n\n<p class=\"has-text-align-center\" style=\"font-size:14px\">Il rilevamento delle anomalie basato sull'IA individua le deviazioni nel comportamento della batteria prima che diventino un problema. La manutenzione avviene in modo proattivo, spesso completamente da remoto tramite teleassistenza.<\/p>\n<\/div>\n<\/div>\n\n\n\n<div class=\"wp-block-column is-layout-flow wp-block-column-is-layout-flow\">\n<div class=\"wp-block-group has-border-color has-white-background-color has-background is-layout-flow wp-block-group-is-layout-flow\" style=\"border-color:#e0e0e0;border-width:1px;border-radius:12px;padding-top:30px;padding-right:25px;padding-bottom:30px;padding-left:25px\">\n<h4 class=\"wp-block-heading has-text-align-center has-text-color\" style=\"color:#1a73e8\">Hardware Flessibile<\/h4>\n\n\n\n<p class=\"has-text-align-center\" style=\"font-size:14px\">Le batterie di seconda vita variano a seconda della loro origine. Grazie a interfacce hardware flessibili, modual integra una vasta gamma di prodotti sorgente, indipendentemente dal fornitore e scalabile.<\/p>\n<\/div>\n<\/div>\n\n\n\n<div class=\"wp-block-column is-layout-flow wp-block-column-is-layout-flow\">\n<div class=\"wp-block-group has-border-color has-white-background-color has-background is-layout-flow wp-block-group-is-layout-flow\" style=\"border-color:#e0e0e0;border-width:1px;border-radius:12px;padding-top:30px;padding-right:25px;padding-bottom:30px;padding-left:25px\">\n<h4 class=\"wp-block-heading has-text-align-center has-text-color\" style=\"color:#1a73e8\">Installazione semplice<\/h4>\n\n\n\n<p class=\"has-text-align-center\" style=\"font-size:14px\">Le spine CEE16 accoppiate in AC consentono un'installazione rapida e priva di errori. Grazie alla preconfigurazione, la messa in servizio \u00e8 pronta in brevissimo tempo.<\/p>\n<\/div>\n<\/div>\n<\/div>\n<\/div>\n<\/div>\n\n\n<p><!-- ============================\n     Produktlinien\n     ============================ --><\/p>\n\n\n<div class=\"wp-block-group voltera-product-lines has-light-gray-background-color has-background is-layout-flow wp-block-group-is-layout-flow\" style=\"padding-top:80px;padding-bottom:80px\">\n<div class=\"wp-block-group is-layout-constrained wp-container-core-group-is-layout-4383d167 wp-block-group-is-layout-constrained\">\n<h2 class=\"wp-block-heading has-text-align-center\">Le nostre linee di prodotto<\/h2>\n\n\n\n<p class=\"has-text-align-center\" style=\"margin-bottom:60px\">La soluzione giusta per ogni progetto \u2013 da 11,5 kWh all'intervallo dei MWh<\/p>\n\n\n\n<div class=\"wp-block-columns is-layout-flex wp-container-core-columns-is-layout-92515837 wp-block-columns-is-layout-flex\">\n<div class=\"wp-block-column is-layout-flow wp-block-column-is-layout-flow\">\n<div class=\"wp-block-group voltera-product-line-card has-border-color has-white-background-color has-background is-layout-flow wp-block-group-is-layout-flow\" style=\"border-color:#1a73e8;border-width:2px;border-radius:12px;padding-top:40px;padding-right:30px;padding-bottom:40px;padding-left:30px\">\n<div class=\"wp-block-group has-vivid-cyan-blue-background-color has-background is-layout-constrained wp-container-core-group-is-layout-927874d9 wp-block-group-is-layout-constrained\" style=\"border-radius:20px;padding-top:6px;padding-right:16px;padding-bottom:6px;padding-left:16px\">\n<p class=\"has-text-align-center has-white-color has-text-color\" style=\"font-size:13px;font-style:normal;font-weight:700\">PRIMO VENDUTO<\/p>\n<\/div>\n\n\n\n<figure class=\"wp-block-image aligncenter size-medium\" style=\"margin-top:20px;margin-bottom:20px\"><img loading=\"lazy\" decoding=\"async\" width=\"300\" height=\"300\" src=\"https:\/\/voltera.ch\/wp-content\/uploads\/2026\/01\/AC_1x3-Back_side_close2-300x300.webp\" alt=\"\" class=\"wp-image-155\" srcset=\"https:\/\/voltera.ch\/wp-content\/uploads\/2026\/01\/AC_1x3-Back_side_close2-300x300.webp 300w, https:\/\/voltera.ch\/wp-content\/uploads\/2026\/01\/AC_1x3-Back_side_close2-1024x1024.webp 1024w, https:\/\/voltera.ch\/wp-content\/uploads\/2026\/01\/AC_1x3-Back_side_close2-150x150.webp 150w, https:\/\/voltera.ch\/wp-content\/uploads\/2026\/01\/AC_1x3-Back_side_close2-768x768.webp 768w, https:\/\/voltera.ch\/wp-content\/uploads\/2026\/01\/AC_1x3-Back_side_close2-1536x1536.webp 1536w, https:\/\/voltera.ch\/wp-content\/uploads\/2026\/01\/AC_1x3-Back_side_close2-600x600.webp 600w, https:\/\/voltera.ch\/wp-content\/uploads\/2026\/01\/AC_1x3-Back_side_close2-100x100.webp 100w, https:\/\/voltera.ch\/wp-content\/uploads\/2026\/01\/AC_1x3-Back_side_close2.webp 1920w\" sizes=\"auto, (max-width: 300px) 100vw, 300px\" \/><\/figure>\n\n\n\n<h3 class=\"wp-block-heading has-text-align-center\">Serie Modulare Base<\/h3>\n\n\n\n<p class=\"has-text-align-center has-text-color\" style=\"color:#666666\">La soluzione ideale per case unifamiliari e piccole attivit\u00e0 commerciali<\/p>\n\n\n\n<hr class=\"wp-block-separator has-alpha-channel-opacity is-style-wide\"\/>\n\n\n\n<p style=\"font-size:14px;font-style:normal;font-weight:600\">Varianti disponibili:<\/p>\n\n\n\n<ul style=\"font-size:14px\" class=\"wp-block-list\">\n<li><strong>CC<\/strong> \u2013 Collegamento diretto agli inverter fotovoltaici<\/li>\n\n\n\n<li><strong>AC-Set<\/strong> \u2013 Set completo con inverter<\/li>\n\n\n\n<li><strong>AC<\/strong> \u2013 Retrofit per impianti fotovoltaici esistenti<\/li>\n<\/ul>\n\n\n\n<hr class=\"wp-block-separator has-alpha-channel-opacity is-style-wide\"\/>\n\n\n\n<ul style=\"font-size:14px\" class=\"wp-block-list\">\n<li>Capacit\u00e0: <strong>11,5 \u2013 46 kWh<\/strong><\/li>\n\n\n\n<li>Prestazioni: fino a <strong>15,4 kW<\/strong><\/li>\n\n\n\n<li>Tipo di batteria: <strong>LiFePO4 (LFP)<\/strong><\/li>\n\n\n\n<li>Garanzia: <strong>10 anni \/ 5\u2019000 cicli<\/strong><\/li>\n\n\n\n<li>Peso: 115 \u2013 415 kg (a seconda della capacit\u00e0)<\/li>\n\n\n\n<li>Temperatura operativa: da 5\u00b0C a 40\u00b0C<\/li>\n<\/ul>\n\n\n\n<div class=\"wp-block-buttons is-content-justification-center is-layout-flex wp-container-core-buttons-is-layout-2aebea9a wp-block-buttons-is-layout-flex\" style=\"margin-top:25px\">\n<div class=\"wp-block-button has-custom-width wp-block-button__width-100 is-style-fill\"><a class=\"wp-block-button__link has-vivid-cyan-blue-background-color has-background wp-element-button\" href=\"\/it\/configuratore\/\">Configura ora<\/a><\/div>\n<\/div>\n<\/div>\n<\/div>\n\n\n\n<div class=\"wp-block-column is-layout-flow wp-block-column-is-layout-flow\">\n<div class=\"wp-block-group voltera-product-line-card has-border-color has-white-background-color has-background is-layout-flow wp-block-group-is-layout-flow\" style=\"border-color:#e0e0e0;border-width:1px;border-radius:12px;padding-top:40px;padding-right:30px;padding-bottom:40px;padding-left:30px\">\n<div class=\"wp-block-group has-black-background-color has-background is-layout-constrained wp-container-core-group-is-layout-927874d9 wp-block-group-is-layout-constrained\" style=\"border-radius:20px;padding-top:6px;padding-right:16px;padding-bottom:6px;padding-left:16px\">\n<p class=\"has-text-align-center has-white-color has-text-color\" style=\"font-size:13px;font-style:normal;font-weight:700\">Attivit\u00e0 commerciali e industriali<\/p>\n<\/div>\n\n\n\n<figure class=\"wp-block-image aligncenter size-medium\" style=\"margin-top:20px;margin-bottom:20px\"><img loading=\"lazy\" decoding=\"async\" width=\"300\" height=\"300\" src=\"https:\/\/voltera.ch\/wp-content\/uploads\/2026\/02\/serie-pro-300x300.avif\" alt=\"\" class=\"wp-image-613\" srcset=\"https:\/\/voltera.ch\/wp-content\/uploads\/2026\/02\/serie-pro-300x300.avif 300w, https:\/\/voltera.ch\/wp-content\/uploads\/2026\/02\/serie-pro-150x150.avif 150w, https:\/\/voltera.ch\/wp-content\/uploads\/2026\/02\/serie-pro-100x100.avif 100w, https:\/\/voltera.ch\/wp-content\/uploads\/2026\/02\/serie-pro.avif 512w\" sizes=\"auto, (max-width: 300px) 100vw, 300px\" \/><\/figure>\n\n\n\n<h3 class=\"wp-block-heading has-text-align-center\">Serie Modual Pro<\/h3>\n\n\n\n<p class=\"has-text-align-center has-text-color\" style=\"color:#666666\">AC All-In-One per commercio, industria e grandi progetti<\/p>\n\n\n\n<hr class=\"wp-block-separator has-alpha-channel-opacity is-style-wide\"\/>\n\n\n\n<p style=\"font-size:14px;font-style:normal;font-weight:600\">Ambiti di applicazione:<\/p>\n\n\n\n<ul style=\"font-size:14px\" class=\"wp-block-list\">\n<li><strong>Picco di riduzione<\/strong> \u2013 Cime di carico da smussare<\/li>\n\n\n\n<li><strong>Autoconsumo<\/strong> Ottimizzare grandi impianti fotovoltaici<\/li>\n\n\n\n<li><strong>Alimentazione di emergenza<\/strong> \u2013 Proteggere le infrastrutture critiche<\/li>\n<\/ul>\n\n\n\n<hr class=\"wp-block-separator has-alpha-channel-opacity is-style-wide\"\/>\n\n\n\n<ul style=\"font-size:14px\" class=\"wp-block-list\">\n<li>Capacit\u00e0: <strong>35 \u2013 210 kWh<\/strong> (scalabile fino a MWh)<\/li>\n\n\n\n<li>Prestazioni <strong>15 kW<\/strong><\/li>\n\n\n\n<li>Tipo di batteria: <strong>LiFePO4 (LFP)<\/strong><\/li>\n\n\n\n<li>Garanzia: <strong>10 anni \/ 5\u2019000 cicli<\/strong><\/li>\n\n\n\n<li>Peso: 350 \u2013 400 kg (per unit\u00e0)<\/li>\n\n\n\n<li>Temperatura operativa: da 5\u00b0C a 40\u00b0C<\/li>\n<\/ul>\n\n\n\n<div class=\"wp-block-buttons is-content-justification-center is-layout-flex wp-container-core-buttons-is-layout-2aebea9a wp-block-buttons-is-layout-flex\" style=\"margin-top:25px\">\n<div class=\"wp-block-button has-custom-width wp-block-button__width-100 is-style-outline is-style-outline--2\"><a class=\"wp-block-button__link wp-element-button\" href=\"\/it\/contatto\/\">Richiesta di consulenza<\/a><\/div>\n<\/div>\n<\/div>\n<\/div>\n<\/div>\n<\/div>\n<\/div>\n\n\n<p><!-- ============================\n     Universelle Kompatibilit\u00e4t\n     ============================ --><\/p>\n\n\n<div class=\"wp-block-group voltera-compatibility is-layout-flow wp-block-group-is-layout-flow\" style=\"padding-top:80px;padding-bottom:80px\">\n<div class=\"wp-block-group is-layout-constrained wp-container-core-group-is-layout-4383d167 wp-block-group-is-layout-constrained\">\n<h2 class=\"wp-block-heading has-text-align-center\">Universalmente compatibile<\/h2>\n\n\n\n<p class=\"has-text-align-center\" style=\"margin-bottom:60px\">Funziona senza problemi con la tua infrastruttura esistente<\/p>\n\n\n\n<div class=\"wp-block-columns is-layout-flex wp-container-core-columns-is-layout-28f84493 wp-block-columns-is-layout-flex\">\n<div class=\"wp-block-column is-layout-flow wp-block-column-is-layout-flow\">\n<div class=\"wp-block-group has-light-gray-background-color has-background is-layout-flow wp-block-group-is-layout-flow\" style=\"border-radius:12px;padding-top:25px;padding-right:25px;padding-bottom:25px;padding-left:25px\">\n<h4 class=\"wp-block-heading has-text-align-center\">Agli inverter<\/h4>\n\n\n\n<p class=\"has-text-align-center\" style=\"font-size:14px\">Connesso in AC \u2013 compatibile con tutti i comuni inverter e sistemi di domotica. Perfetto per nuove costruzioni e ristrutturazioni.<\/p>\n<\/div>\n<\/div>\n\n\n\n<div class=\"wp-block-column is-layout-flow wp-block-column-is-layout-flow\">\n<div class=\"wp-block-group has-light-gray-background-color has-background is-layout-flow wp-block-group-is-layout-flow\" style=\"border-radius:12px;padding-top:25px;padding-right:25px;padding-bottom:25px;padding-left:25px\">\n<h4 class=\"wp-block-heading has-text-align-center\">Espandibile in qualsiasi momento<\/h4>\n\n\n\n<p class=\"has-text-align-center\" style=\"font-size:14px\">Inizia in piccolo e cresci con le tue esigenze. Espandi la capacit\u00e0 da 11,5 kWh fino all'area MWh tramite plug-and-play.<\/p>\n<\/div>\n<\/div>\n\n\n\n<div class=\"wp-block-column is-layout-flow wp-block-column-is-layout-flow\">\n<div class=\"wp-block-group has-light-gray-background-color has-background is-layout-flow wp-block-group-is-layout-flow\" style=\"border-radius:12px;padding-top:25px;padding-right:25px;padding-bottom:25px;padding-left:25px\">\n<h4 class=\"wp-block-heading has-text-align-center\">Integrazione Solarmanager<\/h4>\n\n\n\n<p class=\"has-text-align-center\" style=\"font-size:14px\">Monitora i flussi di energia tramite app, controlla in modo intelligente i carichi e massimizza il tuo autoconsumo \u2013 completamente automatico.<\/p>\n<\/div>\n<\/div>\n\n\n\n<div class=\"wp-block-column is-layout-flow wp-block-column-is-layout-flow\">\n<div class=\"wp-block-group has-light-gray-background-color has-background is-layout-flow wp-block-group-is-layout-flow\" style=\"border-radius:12px;padding-top:25px;padding-right:25px;padding-bottom:25px;padding-left:25px\">\n<h4 class=\"wp-block-heading has-text-align-center\">Alimentabile da rete di emergenza<\/h4>\n\n\n\n<p class=\"has-text-align-center\" style=\"font-size:14px\">Opzionale con inverter compatibile. Non rimanere mai al buio: il tuo accumulatore interviene automaticamente in caso di interruzione della rete.<\/p>\n<\/div>\n<\/div>\n<\/div>\n<\/div>\n<\/div>\n\n\n<p><!-- ============================\n     Herkunft der Batteriezellen\n     ============================ --><\/p>\n\n\n<div class=\"wp-block-group voltera-cell-sources has-light-gray-background-color has-background is-layout-flow wp-block-group-is-layout-flow\" style=\"padding-top:80px;padding-bottom:80px\">\n<div class=\"wp-block-group is-layout-constrained wp-container-core-group-is-layout-704e782a wp-block-group-is-layout-constrained\">\n<h2 class=\"wp-block-heading has-text-align-center\">Da dove provengono le celle della batteria?<\/h2>\n\n\n\n<p class=\"has-text-align-center\" style=\"margin-bottom:60px\">Fonti di alta qualit\u00e0 dalla Svizzera e dall'Europa<\/p>\n\n\n\n<div class=\"wp-block-columns is-layout-flex wp-container-core-columns-is-layout-92515837 wp-block-columns-is-layout-flex\">\n<div class=\"wp-block-column is-layout-flow wp-block-column-is-layout-flow\">\n<div class=\"wp-block-group has-white-background-color has-background is-layout-flow wp-block-group-is-layout-flow\" style=\"border-radius:12px;padding-top:30px;padding-right:25px;padding-bottom:30px;padding-left:25px\">\n<h4 class=\"wp-block-heading has-text-align-center\">Kyburz<\/h4>\n\n\n\n<p class=\"has-text-align-center\" style=\"font-size:14px\">Tutto \u00e8 iniziato con i veicoli Kyburz. Le batterie dismesse dei famosi veicoli elettrici svizzeri costituiscono l'origine della tecnologia di seconda vita.<\/p>\n<\/div>\n<\/div>\n\n\n\n<div class=\"wp-block-column is-layout-flow wp-block-column-is-layout-flow\">\n<div class=\"wp-block-group has-white-background-color has-background is-layout-flow wp-block-group-is-layout-flow\" style=\"border-radius:12px;padding-top:30px;padding-right:25px;padding-bottom:30px;padding-left:25px\">\n<h4 class=\"wp-block-heading has-text-align-center\">Veicoli commerciali e industriali<\/h4>\n\n\n\n<p class=\"has-text-align-center\" style=\"font-size:14px\">Produttori di autobus e camion e aziende di trasporto pubblico forniscono batterie che trovano un nuovo campo di applicazione dopo la loro prima vita nel veicolo.<\/p>\n<\/div>\n<\/div>\n\n\n\n<div class=\"wp-block-column is-layout-flow wp-block-column-is-layout-flow\">\n<div class=\"wp-block-group has-white-background-color has-background is-layout-flow wp-block-group-is-layout-flow\" style=\"border-radius:12px;padding-top:30px;padding-right:25px;padding-bottom:30px;padding-left:25px\">\n<h4 class=\"wp-block-heading has-text-align-center\">Riciclaggio e laboratori<\/h4>\n\n\n\n<p class=\"has-text-align-center\" style=\"font-size:14px\">Partner come Librec, officine e demolitori di veicoli assicurano che le preziose celle della batteria non vengano perdute, ma ispezionate e riutilizzate.<\/p>\n<\/div>\n<\/div>\n<\/div>\n<\/div>\n<\/div>\n\n\n<p><!-- ============================\n     FAQ\n     ============================ --><\/p>\n\n\n<div class=\"wp-block-group voltera-tech-faq is-layout-flow wp-block-group-is-layout-flow\" style=\"padding-top:80px;padding-bottom:80px\">\n<div class=\"wp-block-group is-layout-constrained wp-container-core-group-is-layout-bea02a06 wp-block-group-is-layout-constrained\">\n<h2 class=\"wp-block-heading has-text-align-center\">Domande frequenti sulla tecnologia<\/h2>\n\n\n\n<p class=\"has-text-align-center\" style=\"margin-bottom:40px\">Tutto quello che c'\u00e8 da sapere sui nostri accumulatori di energia<\/p>\n\n\n\n<details class=\"wp-block-details is-layout-flow wp-block-details-is-layout-flow\"><summary><strong>Le batterie per auto elettriche usate sono davvero sicure?<\/strong><\/summary>\n<p>S\u00ec. Ogni cella della batteria, prima di essere integrata in un sistema modulare, viene sottoposta a un processo di ispezione e test in pi\u00f9 fasi. Il sistema proprietario di gestione della batteria (BMS) monitora costantemente lo stato, la temperatura e le prestazioni di ciascuna singola cella. Tutti i sistemi di accumulo utilizzano esclusivamente celle LiFePO4 (LFP), la chimica agli ioni di litio pi\u00f9 sicura sul mercato.<\/p>\n<\/details>\n\n\n\n<details class=\"wp-block-details is-layout-flow wp-block-details-is-layout-flow\"><summary><strong>Quando si \u00e8 ammortizzato il magazzino?<\/strong><\/summary>\n<p>Il tempo di ammortamento dipende dal vostro consumo elettrico, dal vostro impianto fotovoltaico e dal modello di finanziamento scelto. Tipicamente, un accumulatore di batterie si ripaga in 8-12 anni. Con i nostri modelli BaaS o EaaS, beneficiate fin dal primo giorno, senza investimenti iniziali.<\/p>\n<\/details>\n\n\n\n<details class=\"wp-block-details is-layout-flow wp-block-details-is-layout-flow\"><summary><strong>Ho corrente elettrica se salta la rete pubblica?<\/strong><\/summary>\n<p>Opzionale s\u00ec. Con un inverter di emergenza, il tuo accumulatore modual entra automaticamente in funzione in caso di interruzione della rete e continua ad alimentare la tua casa. La funzione di emergenza pu\u00f2 essere aggiunta durante la configurazione.<\/p>\n<\/details>\n\n\n\n<details class=\"wp-block-details is-layout-flow wp-block-details-is-layout-flow\"><summary><strong>Posso espandere la memoria in seguito?<\/strong><\/summary>\n<p>S\u00ec. Grazie alla struttura modulare, puoi aggiungere moduli aggiuntivi in qualsiasi momento \u2013 da 11,5 kWh fino all'area MWh. L'espansione avviene tramite plug-and-play, senza modificare il tuo sistema esistente.<\/p>\n<\/details>\n\n\n\n<details class=\"wp-block-details is-layout-flow wp-block-details-is-layout-flow\"><summary><strong>Il sistema di accumulo funziona con il mio impianto fotovoltaico esistente?<\/strong><\/summary>\n<p>S\u00ec. I sistemi di accumulo modulari accoppiati in CA sono universalmente compatibili e funzionano con tutti i comuni inverter e sistemi di domotica. Ideale per i retrofit: non \u00e8 necessario modificare nulla del tuo impianto esistente.<\/p>\n<\/details>\n\n\n\n<details class=\"wp-block-details is-layout-flow wp-block-details-is-layout-flow\"><summary><strong>Quanto dura la memoria?<\/strong><\/summary>\n<p>modual garantisce 10 anni di garanzia o 5.000 cicli. La durata effettiva della vita \u00e8 tipicamente ben oltre. Grazie alla manutenzione predittiva e alla manutenzione remota, il tuo sistema viene monitorato e ottimizzato in modo proattivo.<\/p>\n<\/details>\n\n\n\n<details class=\"wp-block-details is-layout-flow wp-block-details-is-layout-flow\"><summary><strong>Dove viene prodotto Modual?<\/strong><\/summary>\n<p>Sviluppo, produzione e assistenza si svolgono interamente in Svizzera (modual AG, Brunnen SZ). I dati vengono ospitati in Germania. Ci\u00f2 garantisce i pi\u00f9 elevati standard di qualit\u00e0, affidabilit\u00e0 e sicurezza dei dati.<\/p>\n<\/details>\n<\/div>\n<\/div>\n\n\n<p><!-- ============================\n     CTA\n     ============================ --><\/p>\n\n\n<div class=\"wp-block-group has-vivid-cyan-blue-to-vivid-purple-gradient-background has-background is-layout-flow wp-block-group-is-layout-flow\" style=\"padding-top:80px;padding-bottom:80px\">\n<div class=\"wp-block-group is-layout-constrained wp-container-core-group-is-layout-bea02a06 wp-block-group-is-layout-constrained\">\n<h2 class=\"wp-block-heading has-text-align-center has-white-color has-text-color\">Pronto per l'energia sostenibile?<\/h2>\n\n\n\n<p class=\"has-text-align-center has-white-color has-text-color has-medium-font-size\">Configurate ora il vostro accumulatore modulare di batterie \u2013 sostenibile, modulare e Swiss Made. In pochi minuti la vostra offerta personale.<\/p>\n\n\n\n<div class=\"wp-block-buttons is-content-justification-center is-layout-flex wp-container-core-buttons-is-layout-9abb9c2c wp-block-buttons-is-layout-flex\" style=\"margin-top:40px\">\n<div class=\"wp-block-button is-style-fill\" style=\"font-size:18px\"><a class=\"wp-block-button__link has-vivid-cyan-blue-color has-white-background-color has-text-color has-background wp-element-button\" href=\"\/it\/configuratore\/\">Configura ora<\/a><\/div>\n\n\n\n<div class=\"wp-block-button is-style-outline is-style-outline--3\" style=\"font-size:18px\"><a class=\"wp-block-button__link has-white-color has-text-color wp-element-button\" href=\"https:\/\/www.modual.ch\" target=\"_blank\" rel=\"noopener\">Maggiori informazioni su modual<\/a><\/div>\n<\/div>\n\n\n\n<p class=\"has-text-align-center has-white-color has-text-color\" style=\"margin-top:20px;font-size:14px\">O chiamaci: <strong>0800 VOLTERRA<\/strong> \u2013 gratuito e senza impegno<\/p>\n<\/div>\n<\/div>","protected":false},"excerpt":{"rendered":"<p>\ud83c\udde8\ud83c\udded Swiss Made \u2705 10 Jahre Garantie \u2705 60% weniger CO\u2082 \u2705 Modular erweiterbar Warum wir auf modual setzen Die [&hellip;]<\/p>\n","protected":false},"author":1,"featured_media":0,"parent":0,"menu_order":0,"comment_status":"closed","ping_status":"closed","template":"","meta":{"site-sidebar-layout":"default","site-content-layout":"","ast-site-content-layout":"default","site-content-style":"default","site-sidebar-style":"default","ast-global-header-display":"","ast-banner-title-visibility":"","ast-main-header-display":"","ast-hfb-above-header-display":"","ast-hfb-below-header-display":"","ast-hfb-mobile-header-display":"","site-post-title":"disabled","ast-breadcrumbs-content":"","ast-featured-img":"","footer-sml-layout":"","ast-disable-related-posts":"","theme-transparent-header-meta":"","adv-header-id-meta":"","stick-header-meta":"","header-above-stick-meta":"","header-main-stick-meta":"","header-below-stick-meta":"","astra-migrate-meta-layouts":"default","ast-page-background-enabled":"default","ast-page-background-meta":{"desktop":{"background-color":"var(--ast-global-color-5)","background-image":"","background-repeat":"repeat","background-position":"center center","background-size":"auto","background-attachment":"scroll","background-type":"","background-media":"","overlay-type":"","overlay-color":"","overlay-opacity":"","overlay-gradient":""},"tablet":{"background-color":"","background-image":"","background-repeat":"repeat","background-position":"center center","background-size":"auto","background-attachment":"scroll","background-type":"","background-media":"","overlay-type":"","overlay-color":"","overlay-opacity":"","overlay-gradient":""},"mobile":{"background-color":"","background-image":"","background-repeat":"repeat","background-position":"center center","background-size":"auto","background-attachment":"scroll","background-type":"","background-media":"","overlay-type":"","overlay-color":"","overlay-opacity":"","overlay-gradient":""}},"ast-content-background-meta":{"desktop":{"background-color":"var(--ast-global-color-4)","background-image":"","background-repeat":"repeat","background-position":"center center","background-size":"auto","background-attachment":"scroll","background-type":"","background-media":"","overlay-type":"","overlay-color":"","overlay-opacity":"","overlay-gradient":""},"tablet":{"background-color":"var(--ast-global-color-4)","background-image":"","background-repeat":"repeat","background-position":"center center","background-size":"auto","background-attachment":"scroll","background-type":"","background-media":"","overlay-type":"","overlay-color":"","overlay-opacity":"","overlay-gradient":""},"mobile":{"background-color":"var(--ast-global-color-4)","background-image":"","background-repeat":"repeat","background-position":"center center","background-size":"auto","background-attachment":"scroll","background-type":"","background-media":"","overlay-type":"","overlay-color":"","overlay-opacity":"","overlay-gradient":""}},"footnotes":""},"class_list":["post-7","page","type-page","status-publish","hentry"],"_links":{"self":[{"href":"https:\/\/voltera.ch\/it\/wp-json\/wp\/v2\/pages\/7","targetHints":{"allow":["GET"]}}],"collection":[{"href":"https:\/\/voltera.ch\/it\/wp-json\/wp\/v2\/pages"}],"about":[{"href":"https:\/\/voltera.ch\/it\/wp-json\/wp\/v2\/types\/page"}],"author":[{"embeddable":true,"href":"https:\/\/voltera.ch\/it\/wp-json\/wp\/v2\/users\/1"}],"replies":[{"embeddable":true,"href":"https:\/\/voltera.ch\/it\/wp-json\/wp\/v2\/comments?post=7"}],"version-history":[{"count":4,"href":"https:\/\/voltera.ch\/it\/wp-json\/wp\/v2\/pages\/7\/revisions"}],"predecessor-version":[{"id":854,"href":"https:\/\/voltera.ch\/it\/wp-json\/wp\/v2\/pages\/7\/revisions\/854"}],"wp:attachment":[{"href":"https:\/\/voltera.ch\/it\/wp-json\/wp\/v2\/media?parent=7"}],"curies":[{"name":"wp","href":"https:\/\/api.w.org\/{rel}","templated":true}]}}