{"id":635,"date":"2026-02-13T12:00:00","date_gmt":"2026-02-13T11:00:00","guid":{"rendered":"https:\/\/voltera.ch\/?page_id=8"},"modified":"2026-04-21T08:13:03","modified_gmt":"2026-04-21T08:13:03","slug":"chi-siamo-2","status":"publish","type":"page","link":"https:\/\/voltera.ch\/it\/ueber-uns-2\/","title":{"rendered":"Chi siamo"},"content":{"rendered":"<p><!-- ============================\n     HERO\n     ============================ --><\/p>\n\n\n<div class=\"wp-block-cover alignfull is-light\" style=\"min-height:500px;aspect-ratio:unset;\"><img loading=\"lazy\" decoding=\"async\" width=\"800\" height=\"533\" class=\"wp-block-cover__image-background wp-image-46 size-full\" alt=\"\" src=\"https:\/\/voltera.ch\/wp-content\/uploads\/2026\/01\/voltera_006.jpg\" data-object-fit=\"cover\" srcset=\"https:\/\/voltera.ch\/wp-content\/uploads\/2026\/01\/voltera_006.jpg 800w, https:\/\/voltera.ch\/wp-content\/uploads\/2026\/01\/voltera_006-600x400.jpg 600w, https:\/\/voltera.ch\/wp-content\/uploads\/2026\/01\/voltera_006-300x200.jpg 300w, https:\/\/voltera.ch\/wp-content\/uploads\/2026\/01\/voltera_006-768x512.jpg 768w\" sizes=\"auto, (max-width: 800px) 100vw, 800px\" \/><span aria-hidden=\"true\" class=\"wp-block-cover__background has-background-dim wp-block-cover__gradient-background has-background-gradient has-vivid-cyan-blue-to-vivid-purple-gradient-background\" style=\"background-color:#53514e\"><\/span><div class=\"wp-block-cover__inner-container is-layout-flow wp-block-cover-is-layout-flow\">\n<h1 class=\"wp-block-heading has-text-align-center has-white-color has-text-color\" style=\"font-size:48px\">Stiamo facendo la transizione energetica<br>semplice e accessibile.<\/h1>\n\n\n\n<p class=\"has-text-align-center has-white-color has-text-color has-large-font-size\">Voltera \u00e8 un marchio di motics AG \u2013 con un profondo know-how nella mobilit\u00e0 elettrica e nella tecnologia delle batterie.<\/p>\n<\/div><\/div>\n\n\n<p><!-- ============================\n     motics AG \u2013 Muttergesellschaft\n     ============================ --><\/p>\n\n\n<div class=\"wp-block-group voltera-motics has-light-gray-background-color has-background is-layout-flow wp-block-group-is-layout-flow\" style=\"padding-top:80px;padding-bottom:80px\">\n<div class=\"wp-block-group is-layout-constrained wp-container-core-group-is-layout-4383d167 wp-block-group-is-layout-constrained\">\n<div class=\"wp-block-columns are-vertically-aligned-center is-layout-flex wp-container-core-columns-is-layout-9b24e0e0 wp-block-columns-is-layout-flex\">\n<div class=\"wp-block-column is-vertically-aligned-center is-layout-flow wp-block-column-is-layout-flow\" style=\"flex-basis:60%\">\n<p class=\"has-text-color\" style=\"color:#1a73e8;font-size:13px;font-style:normal;font-weight:600;letter-spacing:1px;text-transform:uppercase\">La mente dietro Volterra<\/p>\n\n\n\n<h3 class=\"wp-block-heading\">Perch\u00e9 puoi fidarti di Voltera<\/h3>\n\n\n\n<p id=\"p-rc_e064c103e45f3c02-50\">Dietro <strong>Volterra<\/strong> non solo un'idea, ma un ecosistema consolidato per la transizione energetica. Christoph F\u00e4ssler, la mente dietro Voltera, \u00e8 un imprenditore e visionario svizzero che da anni sta spingendo i confini della mobilit\u00e0 elettrica e della tecnologia delle batterie.<\/p>\n\n\n\n<p id=\"p-rc_e064c103e45f3c02-50\">Come fondatore e motore di diverse aziende specializzate, ha creato una rete che copre l'intero ciclo di vita delle moderne infrastrutture energetiche: dalla visione iniziale al \u201eseconda vita\u201c sostenibile.<\/p>\n\n\n\n<p id=\"p-rc_e064c103e45f3c02-50\">Con Voltera, Christoph F\u00e4ssler porta questa concentrata esperienza direttamente al cliente finale. Quello che \u00e8 iniziato come un progetto di innovazione interna \u00e8 oggi un mercato per soluzioni energetiche chiavi in mano.<\/p>\n\n\n\n<blockquote class=\"wp-block-quote is-layout-flow wp-block-quote-is-layout-flow\">\n<p><em>\u201eNon costruiamo prodotti isolati, ma un sistema funzionante per un mondo che si sta elettrificando. Voltera \u00e8 la promessa che la tecnologia complessa diventer\u00e0 accessibile a tutti.\u201c<\/em> \u2013 Christoph F\u00e4ssler<\/p>\n<\/blockquote>\n\n\n\n<h3 class=\"wp-block-heading\">Come raggiungerci<\/h3>\n\n\n\n<p>motics ag<br>Bahnhofstrasse 4<br>6430 Schwyz<br><br>041 562 63 45<br>info@voltera.ch<\/p>\n<\/div>\n\n\n\n<div class=\"wp-block-column is-vertically-aligned-center is-layout-flow wp-block-column-is-layout-flow\" style=\"flex-basis:40%\">\n<figure class=\"wp-block-image size-large has-custom-border\"><img loading=\"lazy\" decoding=\"async\" width=\"683\" height=\"1024\" src=\"https:\/\/voltera.ch\/wp-content\/uploads\/2026\/04\/DSC02146-683x1024.jpeg\" alt=\"\" class=\"wp-image-1330\" style=\"border-radius:12px\" srcset=\"https:\/\/voltera.ch\/wp-content\/uploads\/2026\/04\/DSC02146-683x1024.jpeg 683w, https:\/\/voltera.ch\/wp-content\/uploads\/2026\/04\/DSC02146-200x300.jpeg 200w, https:\/\/voltera.ch\/wp-content\/uploads\/2026\/04\/DSC02146-768x1152.jpeg 768w, https:\/\/voltera.ch\/wp-content\/uploads\/2026\/04\/DSC02146-1024x1536.jpeg 1024w, https:\/\/voltera.ch\/wp-content\/uploads\/2026\/04\/DSC02146-1365x2048.jpeg 1365w, https:\/\/voltera.ch\/wp-content\/uploads\/2026\/04\/DSC02146-600x900.jpeg 600w, https:\/\/voltera.ch\/wp-content\/uploads\/2026\/04\/DSC02146-scaled.jpeg 1707w\" sizes=\"auto, (max-width: 683px) 100vw, 683px\" \/><\/figure>\n<\/div>\n<\/div>\n<\/div>\n<\/div>\n\n\n<p><!-- ============================\n     Mission\n     ============================ --><\/p>\n\n\n<div class=\"wp-block-group voltera-motics has-light-gray-background-color has-background is-layout-flow wp-block-group-is-layout-flow\" style=\"padding-top:80px;padding-bottom:80px\">\n<div class=\"wp-block-group is-layout-constrained wp-container-core-group-is-layout-4383d167 wp-block-group-is-layout-constrained\">\n<div class=\"wp-block-columns are-vertically-aligned-center is-layout-flex wp-container-core-columns-is-layout-9b24e0e0 wp-block-columns-is-layout-flex\">\n<div class=\"wp-block-column is-vertically-aligned-center is-layout-flow wp-block-column-is-layout-flow\" style=\"flex-basis:40%\">\n<figure class=\"wp-block-image size-large has-custom-border\"><img loading=\"lazy\" decoding=\"async\" width=\"1024\" height=\"751\" src=\"https:\/\/voltera.ch\/wp-content\/uploads\/2026\/02\/motics-1024x751.webp\" alt=\"\" class=\"wp-image-636\" style=\"border-radius:12px\" srcset=\"https:\/\/voltera.ch\/wp-content\/uploads\/2026\/02\/motics-1024x751.webp 1024w, https:\/\/voltera.ch\/wp-content\/uploads\/2026\/02\/motics-300x220.webp 300w, https:\/\/voltera.ch\/wp-content\/uploads\/2026\/02\/motics-768x563.webp 768w, https:\/\/voltera.ch\/wp-content\/uploads\/2026\/02\/motics-1536x1126.webp 1536w, https:\/\/voltera.ch\/wp-content\/uploads\/2026\/02\/motics-2048x1502.webp 2048w, https:\/\/voltera.ch\/wp-content\/uploads\/2026\/02\/motics-600x440.webp 600w\" sizes=\"auto, (max-width: 1024px) 100vw, 1024px\" \/><\/figure>\n<\/div>\n\n\n\n<div class=\"wp-block-column is-vertically-aligned-center is-layout-flow wp-block-column-is-layout-flow\" style=\"flex-basis:60%\">\n<p class=\"has-text-color\" style=\"color:#1a73e8;font-size:13px;font-style:normal;font-weight:600;letter-spacing:1px;text-transform:uppercase\">Le nostre radici<\/p>\n\n\n\n<h3 class=\"wp-block-heading\">Un ecosistema per il futuro dell'energia<\/h3>\n\n\n\n<p><strong>Innovazione per convinzione, progresso per sinergia<\/strong><\/p>\n\n\n\n<p>Christoph F\u00e4ssler unisce know-how tecnologico e visione strategica. Voltera \u00e8 l'ultimo tassello in un forte gruppo:<\/p>\n\n\n\n<ul class=\"wp-block-list\">\n<li><strong>motics AG:<\/strong> L'origine e il fondamento tecnologico. Specializzata nell'elettrificazione di motori diesel, motics sviluppa sistemi di propulsione ad alte prestazioni per l'industria, l'estrazione mineraria e le costruzioni.<\/li>\n\n\n\n<li><strong>modale ag:<\/strong> Qui la circolarit\u00e0 viene vissuta. L'azienda nata da motics trasforma le batterie usate della mobilit\u00e0 elettrica in efficienti sistemi di accumulo di seconda vita \u2013 sostenibili, scalabili e gi\u00e0 impiegati con successo in oltre 350 sistemi.<\/li>\n\n\n\n<li><strong>neutrava ag:<\/strong> La piattaforma per l'infrastruttura di accumulo. Neutrava colma il divario tra proprietari di siti, capitale e tecnologia per realizzare e rendere accessibili agli investitori sistemi di accumulo a batteria su larga scala (grid-scale).<\/li>\n\n\n\n<li><strong>PeakValley Group AG:<\/strong> La parentesi strategica. In qualit\u00e0 di holding e piattaforma di gestione, PeakValley aggrega le sinergie dell'intero ecosistema, garantisce la stabilit\u00e0 e promuove la crescita comune.<\/li>\n<\/ul>\n\n\n\n<div class=\"wp-block-group has-white-background-color has-background is-layout-flow wp-block-group-is-layout-flow\" style=\"border-radius:8px;border-left-color:#1a73e8;border-left-width:4px;margin-top:25px;padding-top:20px;padding-right:20px;padding-bottom:20px;padding-left:20px\">\n<p style=\"font-size:14px\"><strong>motics AG<\/strong> \u2013 Macchine Diesel Elettrizzanti. Dalle vette pi\u00f9 alte alle miniere pi\u00f9 profonde: motics elettrifica le industrie di tutto il mondo con l'ingegneria svizzera.<\/p>\n\n\n\n<div class=\"wp-block-buttons is-layout-flex wp-block-buttons-is-layout-flex\" style=\"margin-top:10px\">\n<div class=\"wp-block-button is-style-outline is-style-outline--1\"><a class=\"wp-block-button__link has-custom-font-size wp-element-button\" href=\"https:\/\/www.motics.ch\" style=\"font-size:13px\" target=\"_blank\" rel=\"noopener\">Maggiori informazioni su motics<\/a><\/div>\n<\/div>\n<\/div>\n<\/div>\n<\/div>\n<\/div>\n<\/div>\n\n\n\n<div class=\"wp-block-group voltera-mission is-layout-flow wp-block-group-is-layout-flow\" style=\"padding-top:80px;padding-bottom:80px\">\n<div class=\"wp-block-group is-layout-constrained wp-container-core-group-is-layout-4383d167 wp-block-group-is-layout-constrained\">\n<div class=\"wp-block-columns are-vertically-aligned-center is-layout-flex wp-container-core-columns-is-layout-9b24e0e0 wp-block-columns-is-layout-flex\">\n<div class=\"wp-block-column is-vertically-aligned-center is-layout-flow wp-block-column-is-layout-flow\" style=\"flex-basis:55%\">\n<p class=\"has-text-color\" style=\"color:#1a73e8;font-size:13px;font-style:normal;font-weight:600;letter-spacing:1px;text-transform:uppercase\">La nostra missione<\/p>\n\n\n\n<h2 class=\"wp-block-heading\" style=\"margin-top:5px\">Rendere accessibili a tutti i sistemi di accumulo a batteria<\/h2>\n\n\n\n<p class=\"has-medium-font-size\">La transizione energetica \u00e8 in pieno svolgimento, ma per molti proprietari di case e operatori commerciali il percorso verso il proprio accumulatore di batterie \u00e8 complicato e poco trasparente.<\/p>\n\n\n\n<p><strong>\u00c8 proprio qui che interveniamo:<\/strong> Voltera \u00e8 il vostro general contractor per soluzioni chiavi in mano di accumulo di energia. Ci occupiamo di tutto il coordinamento: dalla consulenza alla realizzazione, fino all'installazione.<\/p>\n\n\n\n<p>Con il nostro sistema digitale chiavi in mano, creiamo trasparenza totale: vedete sempre a che punto \u00e8 il vostro progetto, avete tutti i documenti in un unico posto e potete comunicare direttamente con il vostro team di progetto.<\/p>\n<\/div>\n\n\n\n<div class=\"wp-block-column is-vertically-aligned-center is-layout-flow wp-block-column-is-layout-flow\" style=\"flex-basis:45%\">\n<figure class=\"wp-block-image size-large has-custom-border\"><img loading=\"lazy\" decoding=\"async\" width=\"1024\" height=\"683\" src=\"https:\/\/voltera.ch\/wp-content\/uploads\/2026\/01\/voltera_003-1024x683.png\" alt=\"\" class=\"wp-image-42\" style=\"border-radius:12px\" srcset=\"https:\/\/voltera.ch\/wp-content\/uploads\/2026\/01\/voltera_003-1024x683.png 1024w, https:\/\/voltera.ch\/wp-content\/uploads\/2026\/01\/voltera_003-600x400.png 600w, https:\/\/voltera.ch\/wp-content\/uploads\/2026\/01\/voltera_003-300x200.png 300w, https:\/\/voltera.ch\/wp-content\/uploads\/2026\/01\/voltera_003-768x512.png 768w, https:\/\/voltera.ch\/wp-content\/uploads\/2026\/01\/voltera_003.png 1536w\" sizes=\"auto, (max-width: 1024px) 100vw, 1024px\" \/><\/figure>\n<\/div>\n<\/div>\n<\/div>\n<\/div>\n\n\n<p><!-- ============================\n     Know-how Transfer: motics \u2192 Voltera\n     ============================ --><\/p>\n\n\n<div class=\"wp-block-group voltera-knowhow is-layout-flow wp-block-group-is-layout-flow\" style=\"padding-top:80px;padding-bottom:80px\">\n<div class=\"wp-block-group is-layout-constrained wp-container-core-group-is-layout-5fb0786f wp-block-group-is-layout-constrained\">\n<h2 class=\"wp-block-heading has-text-align-center\">Profonda competenza. Direttamente per voi.<\/h2>\n\n\n\n<p class=\"has-text-align-center has-medium-font-size\" style=\"margin-bottom:50px\">Ci\u00f2 che Motics ha imparato nell'elettromobilit\u00e0, Voltera lo porta a casa tua<\/p>\n\n\n\n<div class=\"wp-block-columns is-layout-flex wp-container-core-columns-is-layout-13e94aa7 wp-block-columns-is-layout-flex\">\n<div class=\"wp-block-column is-layout-flow wp-block-column-is-layout-flow\">\n<div class=\"wp-block-group has-border-color has-white-background-color has-background is-layout-flow wp-block-group-is-layout-flow\" style=\"border-color:#e0e0e0;border-width:1px;border-radius:12px;padding-top:30px;padding-right:25px;padding-bottom:30px;padding-left:25px\">\n<h4 class=\"wp-block-heading has-text-align-center has-text-color\" style=\"color:#1a73e8\">Tecnologia delle batterie<\/h4>\n\n\n\n<p class=\"has-text-align-center has-text-color\" style=\"color:#666666;font-size:14px\">Anni di esperienza con sistemi di batterie ad alte prestazioni in ambienti estremi, dalle miniere ai cantieri. Questa conoscenza garantisce soluzioni di accumulo sicure e durevoli.<\/p>\n<\/div>\n<\/div>\n\n\n\n<div class=\"wp-block-column is-layout-flow wp-block-column-is-layout-flow\">\n<div class=\"wp-block-group has-border-color has-white-background-color has-background is-layout-flow wp-block-group-is-layout-flow\" style=\"border-color:#e0e0e0;border-width:1px;border-radius:12px;padding-top:30px;padding-right:25px;padding-bottom:30px;padding-left:25px\">\n<h4 class=\"wp-block-heading has-text-align-center has-text-color\" style=\"color:#1a73e8\">Elettronica di potenza<\/h4>\n\n\n\n<p class=\"has-text-align-center has-text-color\" style=\"color:#666666;font-size:14px\">motics sviluppa sistemi di propulsione elettrica che sostituiscono i motori diesel. Questa profonda comprensione dei flussi di energia e della tecnologia degli inverter si riflette nella consulenza sui sistemi di accumulo.<\/p>\n<\/div>\n<\/div>\n\n\n\n<div class=\"wp-block-column is-layout-flow wp-block-column-is-layout-flow\">\n<div class=\"wp-block-group has-border-color has-white-background-color has-background is-layout-flow wp-block-group-is-layout-flow\" style=\"border-color:#e0e0e0;border-width:1px;border-radius:12px;padding-top:30px;padding-right:25px;padding-bottom:30px;padding-left:25px\">\n<h4 class=\"wp-block-heading has-text-align-center has-text-color\" style=\"color:#1a73e8\">Piattaforme digitali<\/h4>\n\n\n\n<p class=\"has-text-align-center has-text-color\" style=\"color:#666666;font-size:14px\">Smart &amp; Connected \u00e8 un principio fondamentale di motics. Manutenzione predittiva, monitoraggio in tempo reale e flussi di lavoro digitali: tutto sulla piattaforma Voltera per il tuo progetto.<\/p>\n<\/div>\n<\/div>\n<\/div>\n<\/div>\n<\/div>\n\n\n<p><!-- ============================\n     Werte\n     ============================ --><\/p>\n\n\n<div class=\"wp-block-group voltera-values has-light-gray-background-color has-background is-layout-flow wp-block-group-is-layout-flow\" style=\"padding-top:80px;padding-bottom:80px\">\n<div class=\"wp-block-group is-layout-constrained wp-container-core-group-is-layout-5fb0786f wp-block-group-is-layout-constrained\">\n<h2 class=\"wp-block-heading has-text-align-center\">I nostri valori<\/h2>\n\n\n\n<p class=\"has-text-align-center\" style=\"margin-bottom:50px\">Ci\u00f2 che ci spinge ogni giorno<\/p>\n\n\n\n<div class=\"wp-block-columns is-layout-flex wp-container-core-columns-is-layout-13e94aa7 wp-block-columns-is-layout-flex\">\n<div class=\"wp-block-column is-layout-flow wp-block-column-is-layout-flow\">\n<div class=\"wp-block-group has-white-background-color has-background is-layout-flow wp-block-group-is-layout-flow\" style=\"border-radius:12px;padding-top:35px;padding-right:25px;padding-bottom:35px;padding-left:25px\">\n<h3 class=\"wp-block-heading has-text-align-center has-text-color\" style=\"color:#1a73e8;font-size:36px\">\ud83c\udfaf<\/h3>\n\n\n\n<h4 class=\"wp-block-heading has-text-align-center\">Trasparenza<\/h4>\n\n\n\n<p class=\"has-text-align-center has-text-color\" style=\"color:#666666;font-size:14px\">Prezzi chiari, comunicazione aperta, nessun costo nascosto. Sai sempre a cosa stai andando incontro, dal primo clic alla consegna.<\/p>\n<\/div>\n<\/div>\n\n\n\n<div class=\"wp-block-column is-layout-flow wp-block-column-is-layout-flow\">\n<div class=\"wp-block-group has-white-background-color has-background is-layout-flow wp-block-group-is-layout-flow\" style=\"border-radius:12px;padding-top:35px;padding-right:25px;padding-bottom:35px;padding-left:25px\">\n<h3 class=\"wp-block-heading has-text-align-center has-text-color\" style=\"color:#1a73e8;font-size:36px\">\ud83d\udee1\ufe0f<\/h3>\n\n\n\n<h4 class=\"wp-block-heading has-text-align-center\">Qualit\u00e0<\/h4>\n\n\n\n<p class=\"has-text-align-center has-text-color\" style=\"color:#666666;font-size:14px\">Lavoriamo solo con partner verificati e prodotti di alta qualit\u00e0. L'ingegneria svizzera di motics e modual \u2013 per la vostra sicurezza e soddisfazione.<\/p>\n<\/div>\n<\/div>\n\n\n\n<div class=\"wp-block-column is-layout-flow wp-block-column-is-layout-flow\">\n<div class=\"wp-block-group has-white-background-color has-background is-layout-flow wp-block-group-is-layout-flow\" style=\"border-radius:12px;padding-top:35px;padding-right:25px;padding-bottom:35px;padding-left:25px\">\n<h3 class=\"wp-block-heading has-text-align-center has-text-color\" style=\"color:#1a73e8;font-size:36px\">Riciclare<\/h3>\n\n\n\n<h4 class=\"wp-block-heading has-text-align-center\">Sostenibilit\u00e0<\/h4>\n\n\n\n<p class=\"has-text-align-center has-text-color\" style=\"color:#666666;font-size:14px\">Batterie di seconda vita, ~60% in meno di CO\u2082, economia circolare. La sostenibilit\u00e0 non \u00e8 marketing \u2013 \u00e8 il nostro modello di business.<\/p>\n<\/div>\n<\/div>\n\n\n\n<div class=\"wp-block-column is-layout-flow wp-block-column-is-layout-flow\">\n<div class=\"wp-block-group has-white-background-color has-background is-layout-flow wp-block-group-is-layout-flow\" style=\"border-radius:12px;padding-top:35px;padding-right:25px;padding-bottom:35px;padding-left:25px\">\n<h3 class=\"wp-block-heading has-text-align-center has-text-color\" style=\"color:#1a73e8;font-size:36px\">\ud83d\ude80<\/h3>\n\n\n\n<h4 class=\"wp-block-heading has-text-align-center\">Innovazione<\/h4>\n\n\n\n<p class=\"has-text-align-center has-text-color\" style=\"color:#666666;font-size:14px\">Piattaforma digitale, monitoraggio basato sull'IA, abbinamento automatico degli installatori. Utilizziamo la tecnologia per semplificare il processo per te.<\/p>\n<\/div>\n<\/div>\n<\/div>\n<\/div>\n<\/div>\n\n\n<p><!-- ============================\n     \u00d6kosystem: motics + modual + Voltera\n     ============================ --><\/p>\n\n\n<div class=\"wp-block-group voltera-ecosystem is-layout-flow wp-block-group-is-layout-flow\" style=\"padding-top:80px;padding-bottom:80px\">\n<div class=\"wp-block-group is-layout-constrained wp-container-core-group-is-layout-5fb0786f wp-block-group-is-layout-constrained\">\n<h2 class=\"wp-block-heading has-text-align-center\">Il nostro ecosistema<\/h2>\n\n\n\n<p class=\"has-text-align-center\" style=\"margin-bottom:50px\">Tre aziende, un obiettivo: accelerare la transizione energetica<\/p>\n\n\n\n<div class=\"wp-block-columns is-layout-flex wp-container-core-columns-is-layout-92515837 wp-block-columns-is-layout-flex\">\n<div class=\"wp-block-column is-layout-flow wp-block-column-is-layout-flow\">\n<div class=\"wp-block-group has-border-color has-white-background-color has-background is-layout-flow wp-block-group-is-layout-flow\" style=\"border-color:#e0e0e0;border-width:1px;border-radius:12px;padding-top:35px;padding-right:25px;padding-bottom:35px;padding-left:25px\">\n<figure class=\"wp-block-image aligncenter size-medium\" style=\"margin-bottom:15px\"><img loading=\"lazy\" decoding=\"async\" width=\"300\" height=\"73\" src=\"https:\/\/voltera.ch\/wp-content\/uploads\/2026\/02\/motics-logo-300x73.webp\" alt=\"\" class=\"wp-image-639\" srcset=\"https:\/\/voltera.ch\/wp-content\/uploads\/2026\/02\/motics-logo-300x73.webp 300w, https:\/\/voltera.ch\/wp-content\/uploads\/2026\/02\/motics-logo.webp 512w\" sizes=\"auto, (max-width: 300px) 100vw, 300px\" \/><\/figure>\n\n\n\n<h3 class=\"wp-block-heading has-text-align-center\" style=\"font-size:20px\">motics AG<\/h3>\n\n\n\n<p class=\"has-text-align-center has-text-color\" style=\"color:#1a73e8;font-size:13px;font-style:normal;font-weight:600\">Societ\u00e0 madre<\/p>\n\n\n\n<p class=\"has-text-align-center has-text-color\" style=\"color:#666666;font-size:14px\">Elettrificazione di macchine diesel. Profonda competenza in tecnologia delle batterie, elettronica di potenza e sistemi di azionamento elettrici. Swiss Engineering per industria, estrazione e costruzioni.<\/p>\n\n\n\n<div class=\"wp-block-buttons is-content-justification-center is-layout-flex wp-container-core-buttons-is-layout-61fe217d wp-block-buttons-is-layout-flex\" style=\"margin-top:15px\">\n<div class=\"wp-block-button is-style-outline is-style-outline--2\" style=\"font-size:13px\"><a class=\"wp-block-button__link wp-element-button\" href=\"https:\/\/www.motics.ch\" target=\"_blank\" rel=\"noopener\">www.motics.ch<\/a><\/div>\n<\/div>\n<\/div>\n<\/div>\n\n\n\n<div class=\"wp-block-column is-layout-flow wp-block-column-is-layout-flow\">\n<div class=\"wp-block-group has-border-color has-white-background-color has-background is-layout-flow wp-block-group-is-layout-flow\" style=\"border-color:#1a73e8;border-width:2px;border-radius:12px;padding-top:35px;padding-right:25px;padding-bottom:35px;padding-left:25px\">\n<figure class=\"wp-block-image aligncenter size-medium is-resized\" style=\"margin-bottom:15px\"><img loading=\"lazy\" decoding=\"async\" width=\"300\" height=\"195\" src=\"https:\/\/voltera.ch\/wp-content\/uploads\/2026\/02\/voltera_logo-300x195.png\" alt=\"\" class=\"wp-image-866\" style=\"width:150px\" srcset=\"https:\/\/voltera.ch\/wp-content\/uploads\/2026\/02\/voltera_logo-300x195.png 300w, https:\/\/voltera.ch\/wp-content\/uploads\/2026\/02\/voltera_logo-600x390.png 600w, https:\/\/voltera.ch\/wp-content\/uploads\/2026\/02\/voltera_logo.png 637w\" sizes=\"auto, (max-width: 300px) 100vw, 300px\" \/><\/figure>\n\n\n\n<h3 class=\"wp-block-heading has-text-align-center\" style=\"font-size:20px\">Volterra<\/h3>\n\n\n\n<p class=\"has-text-align-center has-text-color\" style=\"color:#1a73e8;font-size:13px;font-style:normal;font-weight:600\">Marchio di motics AG<\/p>\n\n\n\n<p class=\"has-text-align-center has-text-color\" style=\"color:#666666;font-size:14px\">Sistemi di accumulo a batteria chiavi in mano per abitazioni e aziende svizzere. Piattaforma digitale, rete di installatori certificati, finanziamenti flessibili. La transizione energetica \u2013 resa semplice.<\/p>\n\n\n\n<div class=\"wp-block-buttons is-content-justification-center is-layout-flex wp-container-core-buttons-is-layout-61fe217d wp-block-buttons-is-layout-flex\" style=\"margin-top:15px\">\n<div class=\"wp-block-button is-style-fill\" style=\"font-size:13px\"><a class=\"wp-block-button__link has-vivid-cyan-blue-background-color has-background wp-element-button\" href=\"\/it\/configuratore\/\">Configura ora<\/a><\/div>\n<\/div>\n<\/div>\n<\/div>\n\n\n\n<div class=\"wp-block-column is-layout-flow wp-block-column-is-layout-flow\">\n<div class=\"wp-block-group has-border-color has-white-background-color has-background is-layout-flow wp-block-group-is-layout-flow\" style=\"border-color:#e0e0e0;border-width:1px;border-radius:12px;padding-top:35px;padding-right:25px;padding-bottom:35px;padding-left:25px\">\n<figure class=\"wp-block-image aligncenter size-medium\" style=\"margin-bottom:15px\"><img loading=\"lazy\" decoding=\"async\" width=\"300\" height=\"83\" src=\"https:\/\/voltera.ch\/wp-content\/uploads\/2026\/02\/modual-logo-300x83.avif\" alt=\"\" class=\"wp-image-638\" srcset=\"https:\/\/voltera.ch\/wp-content\/uploads\/2026\/02\/modual-logo-300x83.avif 300w, https:\/\/voltera.ch\/wp-content\/uploads\/2026\/02\/modual-logo-1024x283.avif 1024w, https:\/\/voltera.ch\/wp-content\/uploads\/2026\/02\/modual-logo-768x212.avif 768w, https:\/\/voltera.ch\/wp-content\/uploads\/2026\/02\/modual-logo-1536x424.avif 1536w, https:\/\/voltera.ch\/wp-content\/uploads\/2026\/02\/modual-logo-600x166.avif 600w, https:\/\/voltera.ch\/wp-content\/uploads\/2026\/02\/modual-logo.avif 2048w\" sizes=\"auto, (max-width: 300px) 100vw, 300px\" \/><\/figure>\n\n\n\n<h3 class=\"wp-block-heading has-text-align-center\" style=\"font-size:20px\">modual SA<\/h3>\n\n\n\n<p class=\"has-text-align-center has-text-color\" style=\"color:#1a73e8;font-size:13px;font-style:normal;font-weight:600\">Partner tecnologico<\/p>\n\n\n\n<p class=\"has-text-align-center has-text-color\" style=\"color:#666666;font-size:14px\">Sistemi di accumulo sostenibili di batterie di seconda vita, sviluppati e prodotti in Svizzera. BMS proprietario, tecnologia LiFePO4, 10 anni di garanzia. Da 11,5 kWh fino alla gamma MWh.<\/p>\n\n\n\n<div class=\"wp-block-buttons is-content-justification-center is-layout-flex wp-container-core-buttons-is-layout-61fe217d wp-block-buttons-is-layout-flex\" style=\"margin-top:15px\">\n<div class=\"wp-block-button is-style-outline is-style-outline--3\" style=\"font-size:13px\"><a class=\"wp-block-button__link wp-element-button\" href=\"https:\/\/www.modual.ch\" target=\"_blank\" rel=\"noopener\">www.modual.ch<\/a><\/div>\n<\/div>\n<\/div>\n<\/div>\n<\/div>\n<\/div>\n<\/div>\n\n\n<p><!-- ============================\n     Gr\u00fcnder\n     ============================ --><\/p>\n<p><!-- ============================\n     Zahlen & Fakten\n     ============================ --><\/p>\n\n\n<div class=\"wp-block-group voltera-about-stats is-layout-flow wp-block-group-is-layout-flow\" style=\"padding-top:60px;padding-bottom:60px\">\n<div class=\"wp-block-group is-layout-constrained wp-container-core-group-is-layout-704e782a wp-block-group-is-layout-constrained\">\n<div class=\"wp-block-columns is-layout-flex wp-container-core-columns-is-layout-28f84493 wp-block-columns-is-layout-flex\">\n<div class=\"wp-block-column is-layout-flow wp-block-column-is-layout-flow\">\n<h3 class=\"wp-block-heading has-text-align-center has-text-color\" style=\"color:#1a73e8;font-size:42px\">3 marchi<\/h3>\n\n\n\n<p class=\"has-text-align-center has-text-color\" style=\"color:#666666;font-size:14px\"><strong>modual + motics + Voltera<\/strong><br>Elettromobilit\u00e0 e Transizione Energetica<\/p>\n<\/div>\n\n\n\n<div class=\"wp-block-column is-layout-flow wp-block-column-is-layout-flow\">\n<h3 class=\"wp-block-heading has-text-align-center has-text-color\" style=\"color:#1a73e8;font-size:42px\">50+<\/h3>\n\n\n\n<p class=\"has-text-align-center has-text-color\" style=\"color:#666666;font-size:14px\"><strong>Installatori partner<\/strong><br>In tutti i cantoni<\/p>\n<\/div>\n\n\n\n<div class=\"wp-block-column is-layout-flow wp-block-column-is-layout-flow\">\n<h3 class=\"wp-block-heading has-text-align-center has-text-color\" style=\"color:#1a73e8;font-size:42px\">100%<\/h3>\n\n\n\n<p class=\"has-text-align-center has-text-color\" style=\"color:#666666;font-size:14px\"><strong>Ingegneria Svizzera<\/strong><br>Sviluppo in Svizzera<\/p>\n<\/div>\n\n\n\n<div class=\"wp-block-column is-layout-flow wp-block-column-is-layout-flow\">\n<h3 class=\"wp-block-heading has-text-align-center has-text-color\" style=\"color:#1a73e8;font-size:42px\">~60%<\/h3>\n\n\n\n<p class=\"has-text-align-center has-text-color\" style=\"color:#666666;font-size:14px\"><strong>Meno CO\u2082<\/strong><br>Attraverso la tecnologia di Second Life<\/p>\n<\/div>\n<\/div>\n<\/div>\n<\/div>\n\n\n<p><!-- ============================\n     Weiterf\u00fchrende Seiten\n     ============================ --><\/p>\n\n\n<div class=\"wp-block-group voltera-about-links has-light-gray-background-color has-background is-layout-flow wp-block-group-is-layout-flow\" style=\"padding-top:80px;padding-bottom:80px\">\n<div class=\"wp-block-group is-layout-constrained wp-container-core-group-is-layout-5fb0786f wp-block-group-is-layout-constrained\">\n<h2 class=\"wp-block-heading has-text-align-center\">Scopri di pi\u00f9<\/h2>\n\n\n\n<p class=\"has-text-align-center\" style=\"margin-bottom:50px\">Approfondisci la tua conoscenza dei nostri prodotti, processi e partner<\/p>\n\n\n\n<div class=\"wp-block-columns is-layout-flex wp-container-core-columns-is-layout-13e94aa7 wp-block-columns-is-layout-flex\">\n<div class=\"wp-block-column is-layout-flow wp-block-column-is-layout-flow\">\n<div class=\"wp-block-group has-white-background-color has-background is-layout-flow wp-block-group-is-layout-flow\" style=\"border-radius:12px;padding-top:30px;padding-right:25px;padding-bottom:30px;padding-left:25px\">\n<h4 class=\"wp-block-heading has-text-align-center\">Tecnologia<\/h4>\n\n\n\n<p class=\"has-text-align-center has-text-color\" style=\"color:#666666;font-size:14px\">Memoria Second-Life di modual in dettaglio<\/p>\n\n\n\n<div class=\"wp-block-buttons is-content-justification-center is-layout-flex wp-container-core-buttons-is-layout-a89b3969 wp-block-buttons-is-layout-flex\">\n<div class=\"wp-block-button has-custom-width wp-block-button__width-100 is-style-outline is-style-outline--4\"><a class=\"wp-block-button__link has-custom-font-size wp-element-button\" href=\"\/it\/tecnologie\/\" style=\"font-size:13px\">Scoprire<\/a><\/div>\n<\/div>\n<\/div>\n<\/div>\n\n\n\n<div class=\"wp-block-column is-layout-flow wp-block-column-is-layout-flow\">\n<div class=\"wp-block-group has-white-background-color has-background is-layout-flow wp-block-group-is-layout-flow\" style=\"border-radius:12px;padding-top:30px;padding-right:25px;padding-bottom:30px;padding-left:25px\">\n<h4 class=\"wp-block-heading has-text-align-center\">Finanziamento<\/h4>\n\n\n\n<p class=\"has-text-align-center has-text-color\" style=\"color:#666666;font-size:14px\">Confrontare 3 modelli di pagamento flessibili<\/p>\n\n\n\n<div class=\"wp-block-buttons is-content-justification-center is-layout-flex wp-container-core-buttons-is-layout-a89b3969 wp-block-buttons-is-layout-flex\">\n<div class=\"wp-block-button has-custom-width wp-block-button__width-100 is-style-outline is-style-outline--5\"><a class=\"wp-block-button__link has-custom-font-size wp-element-button\" href=\"\/it\/finanziamento\/\" style=\"font-size:13px\">Confronta<\/a><\/div>\n<\/div>\n<\/div>\n<\/div>\n\n\n\n<div class=\"wp-block-column is-layout-flow wp-block-column-is-layout-flow\">\n<div class=\"wp-block-group has-white-background-color has-background is-layout-flow wp-block-group-is-layout-flow\" style=\"border-radius:12px;padding-top:30px;padding-right:25px;padding-bottom:30px;padding-left:25px\">\n<h4 class=\"wp-block-heading has-text-align-center\">Come funziona<\/h4>\n\n\n\n<p class=\"has-text-align-center has-text-color\" style=\"color:#666666;font-size:14px\">7 passi per lo stoccaggio di batterie<\/p>\n\n\n\n<div class=\"wp-block-buttons is-content-justification-center is-layout-flex wp-container-core-buttons-is-layout-a89b3969 wp-block-buttons-is-layout-flex\">\n<div class=\"wp-block-button has-custom-width wp-block-button__width-100 is-style-outline is-style-outline--6\"><a class=\"wp-block-button__link has-custom-font-size wp-element-button\" href=\"\/it\/wie-es-funktioniert\/\" style=\"font-size:13px\">Guardare<\/a><\/div>\n<\/div>\n<\/div>\n<\/div>\n\n\n\n<div class=\"wp-block-column is-layout-flow wp-block-column-is-layout-flow\">\n<div class=\"wp-block-group has-white-background-color has-background is-layout-flow wp-block-group-is-layout-flow\" style=\"border-radius:12px;padding-top:30px;padding-right:25px;padding-bottom:30px;padding-left:25px\">\n<h4 class=\"wp-block-heading has-text-align-center\">Rete di partner<\/h4>\n\n\n\n<p class=\"has-text-align-center has-text-color\" style=\"color:#666666;font-size:14px\">50+ installatori collaudati<\/p>\n\n\n\n<div class=\"wp-block-buttons is-content-justification-center is-layout-flex wp-container-core-buttons-is-layout-a89b3969 wp-block-buttons-is-layout-flex\">\n<div class=\"wp-block-button has-custom-width wp-block-button__width-100 is-style-outline is-style-outline--7\"><a class=\"wp-block-button__link has-custom-font-size wp-element-button\" href=\"\/it\/partner-netzwerk\/\" style=\"font-size:13px\">Guardare<\/a><\/div>\n<\/div>\n<\/div>\n<\/div>\n<\/div>\n<\/div>\n<\/div>\n\n\n<p><!-- ============================\n     CTA\n     ============================ --><\/p>\n\n\n<div class=\"wp-block-group has-vivid-cyan-blue-to-vivid-purple-gradient-background has-background is-layout-flow wp-block-group-is-layout-flow\" style=\"padding-top:80px;padding-bottom:80px\">\n<div class=\"wp-block-group is-layout-constrained wp-container-core-group-is-layout-bea02a06 wp-block-group-is-layout-constrained\">\n<h2 class=\"wp-block-heading has-text-align-center has-white-color has-text-color\">Pronto\/a per iniziare con noi?<\/h2>\n\n\n\n<p class=\"has-text-align-center has-white-color has-text-color has-medium-font-size\">Fai parte della transizione energetica: facile, trasparente, senza pensieri. Configura ora il tuo accumulatore di energia sostenibile.<\/p>\n\n\n\n<div class=\"wp-block-buttons is-content-justification-center is-layout-flex wp-container-core-buttons-is-layout-69d6e20c wp-block-buttons-is-layout-flex\" style=\"margin-top:35px\">\n<div class=\"wp-block-button is-style-fill\"><a class=\"wp-block-button__link has-vivid-cyan-blue-color has-white-background-color has-text-color has-background has-custom-font-size wp-element-button\" href=\"\/it\/configuratore\/\" style=\"font-size:18px;font-style:normal;font-weight:600\">Configura ora<\/a><\/div>\n\n\n\n<div class=\"wp-block-button is-style-outline is-style-outline--8\"><a class=\"wp-block-button__link has-white-color has-text-color has-custom-font-size wp-element-button\" href=\"\/it\/contatto\/\" style=\"font-size:16px\">Contattare<\/a><\/div>\n<\/div>\n\n\n\n<p class=\"has-text-align-center has-white-color has-text-color\" style=\"margin-top:20px;font-size:14px\">O chiamaci: <strong>041 562 63 45<\/strong>  \u2013 gratuito e senza impegno<\/p>\n<\/div>\n<\/div>","protected":false},"excerpt":{"rendered":"<p>Der Kopf Hinter Voltera Warum Sie Voltera vertrauen k\u00f6nnen Hinter Voltera steht nicht nur eine Idee, sondern ein gewachsenes \u00d6kosystem [&hellip;]<\/p>\n","protected":false},"author":1,"featured_media":0,"parent":0,"menu_order":0,"comment_status":"closed","ping_status":"closed","template":"","meta":{"site-sidebar-layout":"default","site-content-layout":"","ast-site-content-layout":"default","site-content-style":"default","site-sidebar-style":"default","ast-global-header-display":"","ast-banner-title-visibility":"","ast-main-header-display":"","ast-hfb-above-header-display":"","ast-hfb-below-header-display":"","ast-hfb-mobile-header-display":"","site-post-title":"disabled","ast-breadcrumbs-content":"","ast-featured-img":"","footer-sml-layout":"","ast-disable-related-posts":"","theme-transparent-header-meta":"","adv-header-id-meta":"","stick-header-meta":"","header-above-stick-meta":"","header-main-stick-meta":"","header-below-stick-meta":"","astra-migrate-meta-layouts":"default","ast-page-background-enabled":"default","ast-page-background-meta":{"desktop":{"background-color":"var(--ast-global-color-5)","background-image":"","background-repeat":"repeat","background-position":"center center","background-size":"auto","background-attachment":"scroll","background-type":"","background-media":"","overlay-type":"","overlay-color":"","overlay-opacity":"","overlay-gradient":""},"tablet":{"background-color":"","background-image":"","background-repeat":"repeat","background-position":"center center","background-size":"auto","background-attachment":"scroll","background-type":"","background-media":"","overlay-type":"","overlay-color":"","overlay-opacity":"","overlay-gradient":""},"mobile":{"background-color":"","background-image":"","background-repeat":"repeat","background-position":"center center","background-size":"auto","background-attachment":"scroll","background-type":"","background-media":"","overlay-type":"","overlay-color":"","overlay-opacity":"","overlay-gradient":""}},"ast-content-background-meta":{"desktop":{"background-color":"var(--ast-global-color-4)","background-image":"","background-repeat":"repeat","background-position":"center center","background-size":"auto","background-attachment":"scroll","background-type":"","background-media":"","overlay-type":"","overlay-color":"","overlay-opacity":"","overlay-gradient":""},"tablet":{"background-color":"var(--ast-global-color-4)","background-image":"","background-repeat":"repeat","background-position":"center center","background-size":"auto","background-attachment":"scroll","background-type":"","background-media":"","overlay-type":"","overlay-color":"","overlay-opacity":"","overlay-gradient":""},"mobile":{"background-color":"var(--ast-global-color-4)","background-image":"","background-repeat":"repeat","background-position":"center center","background-size":"auto","background-attachment":"scroll","background-type":"","background-media":"","overlay-type":"","overlay-color":"","overlay-opacity":"","overlay-gradient":""}},"footnotes":""},"class_list":["post-635","page","type-page","status-publish","hentry"],"_links":{"self":[{"href":"https:\/\/voltera.ch\/it\/wp-json\/wp\/v2\/pages\/635","targetHints":{"allow":["GET"]}}],"collection":[{"href":"https:\/\/voltera.ch\/it\/wp-json\/wp\/v2\/pages"}],"about":[{"href":"https:\/\/voltera.ch\/it\/wp-json\/wp\/v2\/types\/page"}],"author":[{"embeddable":true,"href":"https:\/\/voltera.ch\/it\/wp-json\/wp\/v2\/users\/1"}],"replies":[{"embeddable":true,"href":"https:\/\/voltera.ch\/it\/wp-json\/wp\/v2\/comments?post=635"}],"version-history":[{"count":7,"href":"https:\/\/voltera.ch\/it\/wp-json\/wp\/v2\/pages\/635\/revisions"}],"predecessor-version":[{"id":1333,"href":"https:\/\/voltera.ch\/it\/wp-json\/wp\/v2\/pages\/635\/revisions\/1333"}],"wp:attachment":[{"href":"https:\/\/voltera.ch\/it\/wp-json\/wp\/v2\/media?parent=635"}],"curies":[{"name":"wp","href":"https:\/\/api.w.org\/{rel}","templated":true}]}}