{"id":624,"date":"2026-02-13T12:00:00","date_gmt":"2026-02-13T11:00:00","guid":{"rendered":"https:\/\/voltera.ch\/?page_id=2"},"modified":"2026-02-20T10:12:13","modified_gmt":"2026-02-20T10:12:13","slug":"home-2","status":"publish","type":"page","link":"https:\/\/voltera.ch\/it\/","title":{"rendered":"Home"},"content":{"rendered":"<p><!-- ============================\n     1. HERO\n     ============================ --><\/p>\n\n\n<div class=\"wp-block-cover alignfull is-light voltera-hero\" style=\"min-height:650px;aspect-ratio:unset;\"><img loading=\"lazy\" decoding=\"async\" width=\"1024\" height=\"682\" class=\"wp-block-cover__image-background wp-image-177 size-full\" alt=\"\" src=\"https:\/\/voltera.ch\/wp-content\/uploads\/2026\/01\/modual_Service.avif\" data-object-fit=\"cover\" srcset=\"https:\/\/voltera.ch\/wp-content\/uploads\/2026\/01\/modual_Service.avif 1024w, https:\/\/voltera.ch\/wp-content\/uploads\/2026\/01\/modual_Service-300x200.avif 300w, https:\/\/voltera.ch\/wp-content\/uploads\/2026\/01\/modual_Service-768x512.avif 768w, https:\/\/voltera.ch\/wp-content\/uploads\/2026\/01\/modual_Service-600x400.avif 600w\" sizes=\"auto, (max-width: 1024px) 100vw, 1024px\" \/><span aria-hidden=\"true\" class=\"wp-block-cover__background has-background-dim wp-block-cover__gradient-background has-background-gradient has-vivid-cyan-blue-to-vivid-purple-gradient-background\" style=\"background-color:#805325\"><\/span><div class=\"wp-block-cover__inner-container is-layout-flow wp-block-cover-is-layout-flow\">\n<div class=\"wp-block-group is-layout-constrained wp-container-core-group-is-layout-f36bc466 wp-block-group-is-layout-constrained\">\n<h1 class=\"wp-block-heading has-text-align-center has-white-color has-text-color\">Il tuo accumulatore di energia.<br>Chiavi in mano. Senza preoccupazioni.<\/h1>\n\n\n\n<p class=\"has-text-align-center has-white-color has-text-color\" style=\"margin-top:20px\">Dalla pianificazione alla messa in servizio: coordiniamo tutto. Lei si rilassi.<\/p>\n\n\n\n<div class=\"wp-block-buttons is-content-justification-center is-layout-flex wp-container-core-buttons-is-layout-69d6e20c wp-block-buttons-is-layout-flex\" style=\"margin-top:35px\">\n<div class=\"wp-block-button is-style-fill voltera-cta-primary\"><a class=\"wp-block-button__link has-vivid-cyan-blue-color has-white-background-color has-text-color has-background has-custom-font-size wp-element-button\" href=\"\/it\/configuratore\/\" style=\"font-size:18px;font-style:normal;font-weight:600\">Ricevi un preventivo in 2 minuti<\/a><\/div>\n\n\n\n<div class=\"wp-block-button is-style-outline voltera-cta-secondary is-style-outline--1\"><a class=\"wp-block-button__link has-white-color has-text-color has-custom-font-size wp-element-button\" href=\"\/it\/wie-es-funktioniert\/\" style=\"font-size:16px\">Ecco come funziona<\/a><\/div>\n<\/div>\n\n\n\n<p class=\"has-text-align-center has-white-color has-text-color\" style=\"margin-top:15px;font-size:14px\">Senza impegno e gratuito \u00b7 Non \u00e8 necessaria la registrazione<\/p>\n<\/div>\n<\/div><\/div>\n\n\n<p><!-- ============================\n     2. TRUST-LEISTE\n     ============================ --><\/p>\n\n\n<div class=\"wp-block-group has-white-background-color has-background is-layout-flow wp-block-group-is-layout-flow\" style=\"border-bottom-color:#e0e0e0;border-bottom-width:1px;padding-top:25px;padding-bottom:25px\">\n<div class=\"wp-block-columns are-vertically-aligned-center is-stacked-on-mobile is-layout-flex wp-container-core-columns-is-layout-28f84493 wp-block-columns-is-layout-flex\">\n<div class=\"wp-block-column is-vertically-aligned-center is-layout-flow wp-block-column-is-layout-flow\">\n<p class=\"has-text-align-center\" style=\"font-size:14px;font-style:normal;font-weight:600\">Svizzero Fatto<\/p>\n<\/div>\n\n\n\n<div class=\"wp-block-column is-vertically-aligned-center is-layout-flow wp-block-column-is-layout-flow\">\n<p class=\"has-text-align-center\" style=\"font-size:14px;font-style:normal;font-weight:600\">\u2705 10 anni di garanzia<\/p>\n<\/div>\n\n\n\n<div class=\"wp-block-column is-vertically-aligned-center is-layout-flow wp-block-column-is-layout-flow\">\n<p class=\"has-text-align-center\" style=\"font-size:14px;font-style:normal;font-weight:600\">\u2705 Garanzia di prezzo fisso<\/p>\n<\/div>\n\n\n\n<div class=\"wp-block-column is-vertically-aligned-center is-layout-flow wp-block-column-is-layout-flow\">\n<p class=\"has-text-align-center\" style=\"font-size:14px;font-style:normal;font-weight:600\">\u2705 Oltre 50 installatori qualificati<\/p>\n<\/div>\n\n\n\n<div class=\"wp-block-column is-vertically-aligned-center is-layout-flow wp-block-column-is-layout-flow\">\n<p class=\"has-text-align-center\" style=\"font-size:14px;font-style:normal;font-weight:600\">\u2705 Finanziamento a partire da CHF 0<\/p>\n<\/div>\n<\/div>\n<\/div>\n\n\n<p><!-- ============================\n     3. PROBLEM \/ L\u00d6SUNG\n     ============================ --><\/p>\n\n\n<div class=\"wp-block-group voltera-problem-solution is-layout-flow wp-block-group-is-layout-flow\" style=\"padding-top:80px;padding-bottom:80px\">\n<div class=\"wp-block-group is-layout-constrained wp-container-core-group-is-layout-bea02a06 wp-block-group-is-layout-constrained\">\n<h2 class=\"wp-block-heading has-text-align-center\">Accumulare l'energia solare anzich\u00e9 regalarla<\/h2>\n\n\n\n<p class=\"has-text-align-center has-medium-font-size\">Il tuo impianto fotovoltaico produce energia elettrica durante il giorno, ma ne hai bisogno di sera. Senza un accumulo, immetti a basso prezzo nella rete e riacquisti a caro prezzo. Un accumulatore a batteria cambia tutto.<\/p>\n<\/div>\n\n\n\n<div class=\"wp-block-group is-layout-constrained wp-container-core-group-is-layout-61f34102 wp-block-group-is-layout-constrained\" style=\"margin-top:50px\">\n<div class=\"wp-block-columns is-layout-flex wp-container-core-columns-is-layout-f2b4f319 wp-block-columns-is-layout-flex\">\n<div class=\"wp-block-column is-layout-flow wp-block-column-is-layout-flow\">\n<div class=\"wp-block-group has-border-color has-white-background-color has-background is-layout-flow wp-block-group-is-layout-flow\" style=\"border-color:#fecaca;border-width:1px;border-radius:12px;padding-top:30px;padding-right:25px;padding-bottom:30px;padding-left:25px\">\n<h4 class=\"wp-block-heading has-text-align-center has-text-color\" style=\"color:#dc2626\">Senza memoria<\/h4>\n\n\n\n<ul style=\"font-size:15px\" class=\"wp-block-list\">\n<li>Immettere nella rete energia solare a 5 centesimi\/kWh<\/li>\n\n\n\n<li>Acquistare elettricit\u00e0 di sera al prezzo di 35 centesimi di franco al kWh<\/li>\n\n\n\n<li>Solo 15-25% autoconsumo<\/li>\n\n\n\n<li>A seconda dell'aumento dei prezzi dell'elettricit\u00e0<\/li>\n<\/ul>\n<\/div>\n<\/div>\n\n\n\n<div class=\"wp-block-column is-layout-flow wp-block-column-is-layout-flow\">\n<div class=\"wp-block-group has-border-color has-white-background-color has-background is-layout-flow wp-block-group-is-layout-flow\" style=\"border-color:#16a34a;border-width:2px;border-radius:12px;padding-top:30px;padding-right:25px;padding-bottom:30px;padding-left:25px\">\n<h4 class=\"wp-block-heading has-text-align-center has-text-color\" style=\"color:#16a34a\">Mit Voltera Speicher<\/h4>\n\n\n\n<ul style=\"font-size:15px\" class=\"wp-block-list\">\n<li><strong>Utilizzare il proprio solare la sera<\/strong><\/li>\n\n\n\n<li><strong>60\u201380% Autoconsumo<\/strong> invece 25\u201335%<\/li>\n\n\n\n<li><strong>Risparmiare 500\u20131\u2019500 CHF<\/strong> all'anno<\/li>\n\n\n\n<li><strong>Indipendente<\/strong> delle fluttuazioni dei prezzi dell'energia<\/li>\n<\/ul>\n<\/div>\n<\/div>\n<\/div>\n<\/div>\n<\/div>\n\n\n<p><!-- ============================\n     4. WIE ES FUNKTIONIERT (kompakt)\n     ============================ --><\/p>\n\n\n<div class=\"wp-block-group voltera-process-section has-light-gray-background-color has-background is-layout-flow wp-block-group-is-layout-flow\" style=\"padding-top:80px;padding-bottom:80px\">\n<div class=\"wp-block-group is-layout-constrained wp-container-core-group-is-layout-5fb0786f wp-block-group-is-layout-constrained\">\n<h2 class=\"wp-block-heading has-text-align-center\">In 4 passaggi all'accumulo di batterie<\/h2>\n\n\n\n<p class=\"has-text-align-center\" style=\"margin-bottom:50px\">Ci occupiamo di tutto il coordinamento: Lei pu\u00f2 rilassarsi<\/p>\n\n\n\n<div class=\"wp-block-columns is-layout-flex wp-container-core-columns-is-layout-13e94aa7 wp-block-columns-is-layout-flex\">\n<div class=\"wp-block-column is-layout-flow wp-block-column-is-layout-flow\">\n<div class=\"wp-block-group has-white-background-color has-background is-layout-flow wp-block-group-is-layout-flow\" style=\"border-radius:12px;padding-top:30px;padding-right:25px;padding-bottom:30px;padding-left:25px\">\n<h3 class=\"wp-block-heading has-text-align-center has-text-color\" style=\"color:#1a73e8;font-size:36px\">1<\/h3>\n\n\n\n<h4 class=\"wp-block-heading has-text-align-center\" style=\"font-size:17px\">Configurare<\/h4>\n\n\n\n<p class=\"has-text-align-center has-text-color\" style=\"color:#666666;font-size:14px\">Compila il configuratore online \u2013 richiede solo 2 minuti. Indicazione immediata del prezzo.<\/p>\n<\/div>\n<\/div>\n\n\n\n<div class=\"wp-block-column is-layout-flow wp-block-column-is-layout-flow\">\n<div class=\"wp-block-group has-white-background-color has-background is-layout-flow wp-block-group-is-layout-flow\" style=\"border-radius:12px;padding-top:30px;padding-right:25px;padding-bottom:30px;padding-left:25px\">\n<h3 class=\"wp-block-heading has-text-align-center has-text-color\" style=\"color:#1a73e8;font-size:36px\">2<\/h3>\n\n\n\n<h4 class=\"wp-block-heading has-text-align-center\" style=\"font-size:17px\">Ricevuto preventivo<\/h4>\n\n\n\n<p class=\"has-text-align-center has-text-color\" style=\"color:#666666;font-size:14px\">Offerta vincolante a prezzo fisso in un massimo di 3 varianti. Tutto digitale.<\/p>\n<\/div>\n<\/div>\n\n\n\n<div class=\"wp-block-column is-layout-flow wp-block-column-is-layout-flow\">\n<div class=\"wp-block-group has-white-background-color has-background is-layout-flow wp-block-group-is-layout-flow\" style=\"border-radius:12px;padding-top:30px;padding-right:25px;padding-bottom:30px;padding-left:25px\">\n<h3 class=\"wp-block-heading has-text-align-center has-text-color\" style=\"color:#1a73e8;font-size:36px\">3<\/h3>\n\n\n\n<h4 class=\"wp-block-heading has-text-align-center\" style=\"font-size:17px\">Scegli il modello di pagamento<\/h4>\n\n\n\n<p class=\"has-text-align-center has-text-color\" style=\"color:#666666;font-size:14px\">Acquistare, pagare mensilmente o ottimizzare il prezzo dell'elettricit\u00e0: a voi la scelta.<\/p>\n<\/div>\n<\/div>\n\n\n\n<div class=\"wp-block-column is-layout-flow wp-block-column-is-layout-flow\">\n<div class=\"wp-block-group has-white-background-color has-background is-layout-flow wp-block-group-is-layout-flow\" style=\"border-radius:12px;padding-top:30px;padding-right:25px;padding-bottom:30px;padding-left:25px\">\n<h3 class=\"wp-block-heading has-text-align-center has-text-color\" style=\"color:#16a34a;font-size:36px\">\u2713<\/h3>\n\n\n\n<h4 class=\"wp-block-heading has-text-align-center\" style=\"font-size:17px\">Chiavi in mano<\/h4>\n\n\n\n<p class=\"has-text-align-center has-text-color\" style=\"color:#666666;font-size:14px\">Installatore certificato monta, configura e consegna \u2013 pronto!<\/p>\n<\/div>\n<\/div>\n<\/div>\n\n\n\n<div class=\"wp-block-buttons is-content-justification-center is-layout-flex wp-container-core-buttons-is-layout-660f9ef0 wp-block-buttons-is-layout-flex\" style=\"margin-top:40px\">\n<div class=\"wp-block-button is-style-outline is-style-outline--2\"><a class=\"wp-block-button__link has-custom-font-size wp-element-button\" href=\"\/it\/wie-es-funktioniert\/\" style=\"font-size:14px\">Vedi i 7 passi in dettaglio<\/a><\/div>\n<\/div>\n<\/div>\n<\/div>\n\n\n<p><!-- ============================\n     5. PRODUKT-HIGHLIGHT (modual)\n     ============================ --><\/p>\n\n\n<div class=\"wp-block-group voltera-product-highlight is-layout-flow wp-block-group-is-layout-flow\" style=\"padding-top:80px;padding-bottom:80px\">\n<div class=\"wp-block-group is-layout-constrained wp-container-core-group-is-layout-4383d167 wp-block-group-is-layout-constrained\">\n<div class=\"wp-block-columns are-vertically-aligned-center is-layout-flex wp-container-core-columns-is-layout-9b24e0e0 wp-block-columns-is-layout-flex\">\n<div class=\"wp-block-column is-vertically-aligned-center is-layout-flow wp-block-column-is-layout-flow\" style=\"flex-basis:45%\">\n<figure class=\"wp-block-image size-large has-custom-border\"><img loading=\"lazy\" decoding=\"async\" width=\"746\" height=\"1024\" src=\"https:\/\/voltera.ch\/wp-content\/uploads\/2026\/01\/modual-portfolio-all-e1715863987200-746x1024.webp\" alt=\"\" class=\"wp-image-44\" style=\"border-radius:12px\" srcset=\"https:\/\/voltera.ch\/wp-content\/uploads\/2026\/01\/modual-portfolio-all-e1715863987200-746x1024.webp 746w, https:\/\/voltera.ch\/wp-content\/uploads\/2026\/01\/modual-portfolio-all-e1715863987200-600x823.webp 600w, https:\/\/voltera.ch\/wp-content\/uploads\/2026\/01\/modual-portfolio-all-e1715863987200-219x300.webp 219w, https:\/\/voltera.ch\/wp-content\/uploads\/2026\/01\/modual-portfolio-all-e1715863987200-768x1054.webp 768w, https:\/\/voltera.ch\/wp-content\/uploads\/2026\/01\/modual-portfolio-all-e1715863987200-1119x1536.webp 1119w, https:\/\/voltera.ch\/wp-content\/uploads\/2026\/01\/modual-portfolio-all-e1715863987200.webp 1399w\" sizes=\"auto, (max-width: 746px) 100vw, 746px\" \/><\/figure>\n<\/div>\n\n\n\n<div class=\"wp-block-column is-vertically-aligned-center is-layout-flow wp-block-column-is-layout-flow\" style=\"flex-basis:55%\">\n<p class=\"has-text-color\" style=\"color:#1a73e8;font-size:13px;font-style:normal;font-weight:600;letter-spacing:1px;text-transform:uppercase\">La nostra tecnologia<\/p>\n\n\n\n<h2 class=\"wp-block-heading\" style=\"margin-top:5px\">Memorie sostenibili di modul<\/h2>\n\n\n\n<p style=\"font-size:15px\">Ci affidiamo a sistemi di accumulo di batterie di seconda vita della ditta svizzera modual. Celle di batterie EV di alta qualit\u00e0 ricevono una seconda vita come accumulo domestico \u2013 questo permette di risparmiare circa il% di CO\u2082 rispetto ai prodotti nuovi.<\/p>\n\n\n\n<div class=\"wp-block-columns is-layout-flex wp-container-core-columns-is-layout-9b991c12 wp-block-columns-is-layout-flex\" style=\"margin-top:25px\">\n<div class=\"wp-block-column is-layout-flow wp-block-column-is-layout-flow\">\n<p style=\"font-size:14px\">\u2705 <strong>Swiss Made<\/strong> \u2013 Brunnen SZ<\/p>\n\n\n\n<p style=\"font-size:14px\">\u2705 <strong>10 anni di garanzia<\/strong><\/p>\n\n\n\n<p style=\"font-size:14px\">\u2705 <strong>LiFePO4<\/strong> Chimica pi\u00f9 sicura<\/p>\n<\/div>\n\n\n\n<div class=\"wp-block-column is-layout-flow wp-block-column-is-layout-flow\">\n<p style=\"font-size:14px\">\u2705 <strong>11,5 \u2013 210 kWh<\/strong> modulare<\/p>\n\n\n\n<p style=\"font-size:14px\">\u2705 <strong>BMS proprietario<\/strong> Monitoraggio IA<\/p>\n\n\n\n<p style=\"font-size:14px\">\u2705 <strong>Agli inverter<\/strong> compatibile<\/p>\n<\/div>\n<\/div>\n\n\n\n<div class=\"wp-block-buttons is-layout-flex wp-block-buttons-is-layout-flex\" style=\"margin-top:25px\">\n<div class=\"wp-block-button is-style-outline is-style-outline--3\"><a class=\"wp-block-button__link has-custom-font-size wp-element-button\" href=\"\/it\/tecnologie\/\" style=\"font-size:14px\">Tecnologia in dettaglio<\/a><\/div>\n<\/div>\n<\/div>\n<\/div>\n<\/div>\n<\/div>\n\n\n<p><!-- ============================\n     6. ZAHLUNGSMODELLE\n     ============================ --><\/p>\n\n\n<div class=\"wp-block-group voltera-payment-models has-light-gray-background-color has-background is-layout-flow wp-block-group-is-layout-flow\" style=\"padding-top:80px;padding-bottom:80px\">\n<div class=\"wp-block-group is-layout-constrained wp-container-core-group-is-layout-5fb0786f wp-block-group-is-layout-constrained\">\n<h2 class=\"wp-block-heading has-text-align-center\">Paga in modo flessibile: scegli tu<\/h2>\n\n\n\n<p class=\"has-text-align-center\" style=\"margin-bottom:50px\">Tre modelli di pagamento per ogni budget \u2013 non \u00e8 richiesto alcun deposito<\/p>\n\n\n\n<div class=\"wp-block-columns is-layout-flex wp-container-core-columns-is-layout-13e94aa7 wp-block-columns-is-layout-flex\">\n<div class=\"wp-block-column is-layout-flow wp-block-column-is-layout-flow\">\n<div class=\"wp-block-group has-border-color has-white-background-color has-background is-layout-flow wp-block-group-is-layout-flow\" style=\"border-color:#e0e0e0;border-width:1px;border-radius:12px;padding-top:35px;padding-right:25px;padding-bottom:35px;padding-left:25px\">\n<p class=\"has-text-align-center\" style=\"font-size:32px\">\ud83d\udcb0<\/p>\n\n\n\n<h3 class=\"wp-block-heading has-text-align-center\" style=\"font-size:20px\">Comprare<\/h3>\n\n\n\n<h4 class=\"wp-block-heading has-text-align-center has-text-color\" style=\"color:#1a73e8;font-size:24px\">A partire da CHF 12.900<\/h4>\n\n\n\n<p class=\"has-text-align-center has-text-color\" style=\"color:#666666;font-size:13px\">Pagamento unico \u2013 propriet\u00e0 immediata<\/p>\n<\/div>\n<\/div>\n\n\n\n<div class=\"wp-block-column is-layout-flow wp-block-column-is-layout-flow\">\n<div class=\"wp-block-group has-border-color has-white-background-color has-background is-layout-flow wp-block-group-is-layout-flow\" style=\"border-color:#1a73e8;border-width:2px;border-radius:12px;padding-top:35px;padding-right:25px;padding-bottom:35px;padding-left:25px\">\n<div class=\"wp-block-group has-vivid-cyan-blue-background-color has-background is-layout-constrained wp-container-core-group-is-layout-adc356d4 wp-block-group-is-layout-constrained\" style=\"border-radius:20px;padding-top:4px;padding-right:12px;padding-bottom:4px;padding-left:12px\">\n<p class=\"has-text-align-center has-white-color has-text-color\" style=\"font-size:11px;font-style:normal;font-weight:700\">L'OPZIONE PI\u00d9 POPOLARE<\/p>\n<\/div>\n\n\n\n<p class=\"has-text-align-center\" style=\"margin-top:10px;font-size:32px\">\ud83d\udcb3<\/p>\n\n\n\n<h3 class=\"wp-block-heading has-text-align-center\" style=\"font-size:20px\">Mensile (BaaS)<\/h3>\n\n\n\n<h4 class=\"wp-block-heading has-text-align-center has-text-color\" style=\"color:#1a73e8;font-size:24px\">A partire da CHF 149\/mese.<\/h4>\n\n\n\n<p class=\"has-text-align-center has-text-color\" style=\"color:#666666;font-size:13px\">CHF 0 acconto \u00b7 Manutenzione inclusa.<\/p>\n<\/div>\n<\/div>\n\n\n\n<div class=\"wp-block-column is-layout-flow wp-block-column-is-layout-flow\">\n<div class=\"wp-block-group has-border-color has-white-background-color has-background is-layout-flow wp-block-group-is-layout-flow\" style=\"border-color:#e0e0e0;border-width:1px;border-radius:12px;padding-top:35px;padding-right:25px;padding-bottom:35px;padding-left:25px\">\n<p class=\"has-text-align-center\" style=\"font-size:32px\">\u26a1<\/p>\n\n\n\n<h3 class=\"wp-block-heading has-text-align-center\" style=\"font-size:20px\">Ottimizzare l'elettricit\u00e0 (EaaS)<\/h3>\n\n\n\n<h4 class=\"wp-block-heading has-text-align-center has-text-color\" style=\"color:#1a73e8;font-size:24px\">22 Rp.\/kWh<\/h4>\n\n\n\n<p class=\"has-text-align-center has-text-color\" style=\"color:#666666;font-size:13px\">Prezzo dell'elettricit\u00e0 immediatamente pi\u00f9 favorevole<\/p>\n<\/div>\n<\/div>\n<\/div>\n\n\n\n<div class=\"wp-block-buttons is-content-justification-center is-layout-flex wp-container-core-buttons-is-layout-69d6e20c wp-block-buttons-is-layout-flex\" style=\"margin-top:35px\">\n<div class=\"wp-block-button is-style-fill\"><a class=\"wp-block-button__link has-vivid-cyan-blue-background-color has-background has-custom-font-size wp-element-button\" href=\"\/it\/configuratore\/\" style=\"font-size:15px\">Calcola preventivo ora<\/a><\/div>\n\n\n\n<div class=\"wp-block-button is-style-outline is-style-outline--4\"><a class=\"wp-block-button__link has-custom-font-size wp-element-button\" href=\"\/it\/finanziamento\/\" style=\"font-size:14px\">Confronta tutti i modelli<\/a><\/div>\n<\/div>\n<\/div>\n<\/div>\n\n\n<p><!-- ============================\n     7. ZAHLEN & FAKTEN\n     ============================ --><\/p>\n\n\n<div class=\"wp-block-group voltera-stats is-layout-flow wp-block-group-is-layout-flow\" style=\"padding-top:60px;padding-bottom:60px\">\n<div class=\"wp-block-group is-layout-constrained wp-container-core-group-is-layout-704e782a wp-block-group-is-layout-constrained\">\n<div class=\"wp-block-columns is-layout-flex wp-container-core-columns-is-layout-28f84493 wp-block-columns-is-layout-flex\">\n<div class=\"wp-block-column is-layout-flow wp-block-column-is-layout-flow\">\n<h3 class=\"wp-block-heading has-text-align-center has-text-color\" style=\"color:#1a73e8;font-size:42px\">~60%<\/h3>\n\n\n\n<p class=\"has-text-align-center has-text-color\" style=\"color:#666666;font-size:14px\"><strong>Meno CO\u2082<\/strong><br>attraverso la tecnologia Second Life<\/p>\n<\/div>\n\n\n\n<div class=\"wp-block-column is-layout-flow wp-block-column-is-layout-flow\">\n<h3 class=\"wp-block-heading has-text-align-center has-text-color\" style=\"color:#1a73e8;font-size:42px\">50+<\/h3>\n\n\n\n<p class=\"has-text-align-center has-text-color\" style=\"color:#666666;font-size:14px\"><strong>Installatori qualificati<\/strong><br>in tutti i cantoni<\/p>\n<\/div>\n\n\n\n<div class=\"wp-block-column is-layout-flow wp-block-column-is-layout-flow\">\n<h3 class=\"wp-block-heading has-text-align-center has-text-color\" style=\"color:#1a73e8;font-size:42px\">10 J.<\/h3>\n\n\n\n<p class=\"has-text-align-center has-text-color\" style=\"color:#666666;font-size:14px\"><strong>Garanzia<\/strong><br>su tutte le memorie modali<\/p>\n<\/div>\n\n\n\n<div class=\"wp-block-column is-layout-flow wp-block-column-is-layout-flow\">\n<h3 class=\"wp-block-heading has-text-align-center has-text-color\" style=\"color:#1a73e8;font-size:42px\">2 Min.<\/h3>\n\n\n\n<p class=\"has-text-align-center has-text-color\" style=\"color:#666666;font-size:14px\"><strong>All'offerta<\/strong><br>con il configuratore online<\/p>\n<\/div>\n<\/div>\n<\/div>\n<\/div>\n\n\n<p><!-- ============================\n     8. TESTIMONIALS\n     ============================ --><\/p>\n\n\n<div class=\"wp-block-group voltera-testimonials has-light-gray-background-color has-background is-layout-flow wp-block-group-is-layout-flow\" style=\"padding-top:80px;padding-bottom:80px\">\n<div class=\"wp-block-group is-layout-constrained wp-container-core-group-is-layout-5fb0786f wp-block-group-is-layout-constrained\">\n<h2 class=\"wp-block-heading has-text-align-center\">Cosa dicono i nostri clienti<\/h2>\n\n\n\n<p class=\"has-text-align-center\" style=\"margin-bottom:50px\">Esperienze reali da famiglie e aziende svizzere<\/p>\n\n\n\n<div class=\"wp-block-columns is-layout-flex wp-container-core-columns-is-layout-13e94aa7 wp-block-columns-is-layout-flex\">\n<div class=\"wp-block-column is-layout-flow wp-block-column-is-layout-flow\">\n<div class=\"wp-block-group has-white-background-color has-background is-layout-flow wp-block-group-is-layout-flow\" style=\"border-radius:12px;padding-top:30px;padding-right:25px;padding-bottom:30px;padding-left:25px\">\n<p class=\"has-text-color\" style=\"color:#f59e0b;font-size:14px\">\u2b50\u2b50\u2b50\u2b50\u2b50<\/p>\n\n\n\n<p style=\"font-size:15px\">\u201eL'intero processo \u00e8 stato incredibilmente facile. Voltera ha coordinato tutto, dalla progettazione all'installazione. Ora risparmio pi\u00f9 di 100 franchi al mese sulla bolletta dell'elettricit\u00e0\u201c.\u201c<\/p>\n\n\n\n<p class=\"has-text-color\" style=\"color:#666666;font-size:14px\"><strong>Famiglia M\u00fcller<\/strong> Casa unifamiliare, Zurigo<\/p>\n<\/div>\n<\/div>\n\n\n\n<div class=\"wp-block-column is-layout-flow wp-block-column-is-layout-flow\">\n<div class=\"wp-block-group has-white-background-color has-background is-layout-flow wp-block-group-is-layout-flow\" style=\"border-radius:12px;padding-top:30px;padding-right:25px;padding-bottom:30px;padding-left:25px\">\n<p class=\"has-text-color\" style=\"color:#f59e0b;font-size:14px\">\u2b50\u2b50\u2b50\u2b50\u2b50<\/p>\n\n\n\n<p style=\"font-size:15px\">\u201eIn quanto azienda, il peak shaving \u00e8 stato fondamentale per noi. Voltera ha trovato la soluzione perfetta e l'installazione \u00e8 stata professionale e puntuale.\u201c<\/p>\n\n\n\n<p class=\"has-text-color\" style=\"color:#666666;font-size:14px\"><strong>Falegnameria Weber SA<\/strong> - Commercio, Berna<\/p>\n<\/div>\n<\/div>\n\n\n\n<div class=\"wp-block-column is-layout-flow wp-block-column-is-layout-flow\">\n<div class=\"wp-block-group has-white-background-color has-background is-layout-flow wp-block-group-is-layout-flow\" style=\"border-radius:12px;padding-top:30px;padding-right:25px;padding-bottom:30px;padding-left:25px\">\n<p class=\"has-text-color\" style=\"color:#f59e0b;font-size:14px\">\u2b50\u2b50\u2b50\u2b50\u2b50<\/p>\n\n\n\n<p style=\"font-size:15px\">\u201eL'opzione BaaS era perfetta per noi: non era necessario un capitale proprio e si risparmiava subito sui costi dell'elettricit\u00e0. La piattaforma digitale \u00e8 brillante, tutto \u00e8 trasparente\u201c.\u201c<\/p>\n\n\n\n<p class=\"has-text-color\" style=\"color:#666666;font-size:14px\"><strong>Thomas Schneider<\/strong> Casa unifamiliare, Lucerna<\/p>\n<\/div>\n<\/div>\n<\/div>\n<\/div>\n<\/div>\n\n\n<p><!-- ============================\n     9. VERGLEICH: Selbst vs. Voltera\n     ============================ --><\/p>\n\n\n<div class=\"wp-block-group voltera-comparison is-layout-flow wp-block-group-is-layout-flow\" style=\"padding-top:80px;padding-bottom:80px\">\n<div class=\"wp-block-group is-layout-constrained wp-container-core-group-is-layout-f36bc466 wp-block-group-is-layout-constrained\">\n<h2 class=\"wp-block-heading has-text-align-center\">Perch\u00e9 Voltera?<\/h2>\n\n\n\n<p class=\"has-text-align-center\" style=\"margin-bottom:40px\">La differenza tra organizzarsi da soli e essere spensierati<\/p>\n\n\n\n<figure class=\"wp-block-table voltera-comparison-table is-style-stripes\"><table><thead><tr><th><\/th><th>Organizzarsi da soli<\/th><th><strong>Mit Voltera<\/strong><\/th><\/tr><\/thead><tbody><tr><td><strong>Confronta i fornitori<\/strong><\/td><td>Ottenere 5 o pi\u00f9 preventivi<\/td><td>\u2705 1 Offerta, soluzione migliore<\/td><\/tr><tr><td><strong>Trovare un installatore<\/strong><\/td><td>Ricercare da soli<\/td><td>\u2705 Rete di partner verificata<\/td><\/tr><tr><td><strong>Coordinamento<\/strong><\/td><td>Gestire tutto da soli<\/td><td>\u2705 Ci occupiamo di tutto<\/td><\/tr><tr><td><strong>Trasparenza dei prezzi<\/strong><\/td><td>Costi totali poco chiari<\/td><td>\u2705 Prezzo fisso vincolante<\/td><\/tr><tr><td><strong>Finanziamento<\/strong><\/td><td>Anche presso le banche<\/td><td>\u2705 3 modelli a partire da CHF 0<\/td><\/tr><tr><td><strong>Stato del progetto<\/strong><\/td><td>Telefonare e chiedere informazioni<\/td><td>\u2705 Tracciamento dal vivo nel portale<\/td><\/tr><tr><td><strong>Sostenibilit\u00e0<\/strong><\/td><td>Non chiaro<\/td><td>\u2705 Second-Life, ~60% in meno di CO\u2082<\/td><\/tr><\/tbody><\/table><\/figure>\n<\/div>\n<\/div>\n\n\n<p><!-- ============================\n     10. FAQ\n     ============================ --><\/p>\n\n\n<div class=\"wp-block-group voltera-faq has-light-gray-background-color has-background is-layout-flow wp-block-group-is-layout-flow\" style=\"padding-top:80px;padding-bottom:80px\">\n<div class=\"wp-block-group is-layout-constrained wp-container-core-group-is-layout-bea02a06 wp-block-group-is-layout-constrained\">\n<h2 class=\"wp-block-heading has-text-align-center\">Domande frequenti<\/h2>\n\n\n\n<p class=\"has-text-align-center\" style=\"margin-bottom:40px\">Risposte rapide alle domande pi\u00f9 importanti<\/p>\n\n\n\n<details class=\"wp-block-details is-layout-flow wp-block-details-is-layout-flow\"><summary><strong>Quanto costa un accumulatore di batterie con Voltera?<\/strong><\/summary>\n<p>Il costo dipende dalle dimensioni dello spazio di archiviazione. Un sistema da 11,5 kWh parte da CHF 12.900 (acquisto) o da CHF 149\/mese (BaaS). Nel configuratore otterrete un'indicazione di prezzo precisa per la vostra situazione in 2 minuti.<\/p>\n<\/details>\n\n\n\n<details class=\"wp-block-details is-layout-flow wp-block-details-is-layout-flow\"><summary><strong>Ho bisogno di un impianto fotovoltaico esistente?<\/strong><\/summary>\n<p>Un accumulatore di batterie ha pi\u00f9 senso in combinazione con un impianto fotovoltaico. I nostri accumulatori modual sono accoppiati in AC e compatibili con tutti i comuni inverter, ideali anche per la modernizzazione di impianti esistenti.<\/p>\n<\/details>\n\n\n\n<details class=\"wp-block-details is-layout-flow wp-block-details-is-layout-flow\"><summary><strong>Quanto tempo ci vuole dall'ordine all'installazione?<\/strong><\/summary>\n<p>Di norma 2\u20134 settimane dopo la conferma dell'ordine. L'installazione vera e propria dura solitamente solo un giorno. Potete seguire l'avanzamento in tempo reale in qualsiasi momento nel vostro portale clienti.<\/p>\n<\/details>\n\n\n\n<details class=\"wp-block-details is-layout-flow wp-block-details-is-layout-flow\"><summary><strong>Le batterie secondarie sono sicure?<\/strong><\/summary>\n<p>S\u00ec. Ogni cella della batteria viene sottoposta a rigorosi test. Il BMS proprietario di Modual monitora permanentemente lo stato, la temperatura e le prestazioni. Tutti i sistemi di accumulo utilizzano celle LiFePO4, la chimica agli ioni di litio pi\u00f9 sicura. Garanzia di 10 anni inclusa.<\/p>\n<\/details>\n\n\n\n<details class=\"wp-block-details is-layout-flow wp-block-details-is-layout-flow\"><summary><strong>Posso iniziare anche senza capitale proprio?<\/strong><\/summary>\n<p>S\u00ec. Con il nostro modello BaaS (pagamento mensile) o EaaS (prezzo dell'elettricit\u00e0 ottimizzato), non \u00e8 necessario alcun acconto. Beneficerete fin dal primo giorno: l'accumulo sar\u00e0 vostro alla fine del periodo.<\/p>\n<\/details>\n\n\n\n<details class=\"wp-block-details is-layout-flow wp-block-details-is-layout-flow\"><summary><strong>Chi installa la memoria?<\/strong><\/summary>\n<p>Un installatore certificato dalla nostra rete di partner in tutta la Svizzera (oltre 50 partner qualificati). Abbiniamo automaticamente il miglior partner nella tua regione. Tutti i partner vengono valutati regolarmente.<\/p>\n<\/details>\n<\/div>\n<\/div>\n\n\n<p><!-- ============================\n     11. FINALER CTA\n     ============================ --><\/p>\n\n\n<div class=\"wp-block-group voltera-cta-final has-vivid-cyan-blue-to-vivid-purple-gradient-background has-background is-layout-flow wp-block-group-is-layout-flow\" style=\"padding-top:100px;padding-bottom:100px\">\n<div class=\"wp-block-group is-layout-constrained wp-container-core-group-is-layout-bea02a06 wp-block-group-is-layout-constrained\">\n<h2 class=\"wp-block-heading has-text-align-center has-white-color has-text-color\" style=\"font-size:38px\">Pronto per il tuo accumulatore di batterie?<\/h2>\n\n\n\n<p class=\"has-text-align-center has-white-color has-text-color has-medium-font-size\">Configura ora il tuo storage sostenibile e ricevi la tua offerta personale \u2013 senza impegno, in soli 2 minuti.<\/p>\n\n\n\n<div class=\"wp-block-buttons is-content-justification-center is-layout-flex wp-container-core-buttons-is-layout-69d6e20c wp-block-buttons-is-layout-flex\" style=\"margin-top:35px\">\n<div class=\"wp-block-button is-style-fill\"><a class=\"wp-block-button__link has-vivid-cyan-blue-color has-white-background-color has-text-color has-background has-custom-font-size wp-element-button\" href=\"\/it\/configuratore\/\" style=\"font-size:18px;font-style:normal;font-weight:600\">Richiedi un preventivo ora<\/a><\/div>\n\n\n\n<div class=\"wp-block-button is-style-outline is-style-outline--5\"><a class=\"wp-block-button__link has-white-color has-text-color has-custom-font-size wp-element-button\" href=\"https:\/\/voltera.ch\/it\/contatto\/\" style=\"font-size:16px\">Consulenza personale<\/a><\/div>\n<\/div>\n\n\n\n<p class=\"has-text-align-center has-white-color has-text-color\" style=\"margin-top:20px;font-size:14px\">O chiamaci: <strong>041 562 63 45<\/strong> \u2013 gratuito e senza impegno<\/p>\n\n\n\n<hr class=\"wp-block-separator has-text-color has-white-color has-alpha-channel-opacity has-white-background-color has-background is-style-wide\" style=\"margin-top:30px;margin-bottom:30px\"\/>\n\n\n\n<div class=\"wp-block-columns are-vertically-aligned-center is-layout-flex wp-container-core-columns-is-layout-92515837 wp-block-columns-is-layout-flex\">\n<div class=\"wp-block-column is-vertically-aligned-center is-layout-flow wp-block-column-is-layout-flow\">\n<p class=\"has-text-align-center has-white-color has-text-color\" style=\"font-size:13px\"><strong>Tecnologia<\/strong><br><a href=\"\/it\/tecnologie\/\" style=\"color:#fff;text-decoration:underline\">Scopri la memoria di Second Life<\/a><\/p>\n<\/div>\n\n\n\n<div class=\"wp-block-column is-vertically-aligned-center is-layout-flow wp-block-column-is-layout-flow\">\n<p class=\"has-text-align-center has-white-color has-text-color\" style=\"font-size:13px\"><strong>Finanziamento<\/strong><br><a href=\"\/it\/finanziamento\/\" style=\"color:#fff;text-decoration:underline\">Confrontare 3 modelli di pagamento<\/a><\/p>\n<\/div>\n\n\n\n<div class=\"wp-block-column is-vertically-aligned-center is-layout-flow wp-block-column-is-layout-flow\">\n<p class=\"has-text-align-center has-white-color has-text-color\" style=\"font-size:13px\"><strong>Rete di partner<\/strong><br><a href=\"\/it\/partner-netzwerk\/\" style=\"color:#fff;text-decoration:underline\">50+ installatori collaudati<\/a><\/p>\n<\/div>\n<\/div>\n<\/div>\n<\/div>","protected":false},"excerpt":{"rendered":"<p>\ud83c\udde8\ud83c\udded Swiss Made \u2705 10 Jahre Garantie \u2705 Festpreis-Garantie \u2705 50+ gepr\u00fcfte Installateure \u2705 Finanzierung ab CHF 0 Solarstrom speichern [&hellip;]<\/p>\n","protected":false},"author":1,"featured_media":0,"parent":0,"menu_order":0,"comment_status":"closed","ping_status":"closed","template":"","meta":{"site-sidebar-layout":"default","site-content-layout":"","ast-site-content-layout":"default","site-content-style":"default","site-sidebar-style":"default","ast-global-header-display":"","ast-banner-title-visibility":"","ast-main-header-display":"","ast-hfb-above-header-display":"","ast-hfb-below-header-display":"","ast-hfb-mobile-header-display":"","site-post-title":"disabled","ast-breadcrumbs-content":"","ast-featured-img":"","footer-sml-layout":"","ast-disable-related-posts":"","theme-transparent-header-meta":"","adv-header-id-meta":"","stick-header-meta":"","header-above-stick-meta":"","header-main-stick-meta":"","header-below-stick-meta":"","astra-migrate-meta-layouts":"default","ast-page-background-enabled":"default","ast-page-background-meta":{"desktop":{"background-color":"var(--ast-global-color-5)","background-image":"","background-repeat":"repeat","background-position":"center center","background-size":"auto","background-attachment":"scroll","background-type":"","background-media":"","overlay-type":"","overlay-color":"","overlay-opacity":"","overlay-gradient":""},"tablet":{"background-color":"","background-image":"","background-repeat":"repeat","background-position":"center center","background-size":"auto","background-attachment":"scroll","background-type":"","background-media":"","overlay-type":"","overlay-color":"","overlay-opacity":"","overlay-gradient":""},"mobile":{"background-color":"","background-image":"","background-repeat":"repeat","background-position":"center center","background-size":"auto","background-attachment":"scroll","background-type":"","background-media":"","overlay-type":"","overlay-color":"","overlay-opacity":"","overlay-gradient":""}},"ast-content-background-meta":{"desktop":{"background-color":"var(--ast-global-color-4)","background-image":"","background-repeat":"repeat","background-position":"center center","background-size":"auto","background-attachment":"scroll","background-type":"","background-media":"","overlay-type":"","overlay-color":"","overlay-opacity":"","overlay-gradient":""},"tablet":{"background-color":"var(--ast-global-color-4)","background-image":"","background-repeat":"repeat","background-position":"center center","background-size":"auto","background-attachment":"scroll","background-type":"","background-media":"","overlay-type":"","overlay-color":"","overlay-opacity":"","overlay-gradient":""},"mobile":{"background-color":"var(--ast-global-color-4)","background-image":"","background-repeat":"repeat","background-position":"center center","background-size":"auto","background-attachment":"scroll","background-type":"","background-media":"","overlay-type":"","overlay-color":"","overlay-opacity":"","overlay-gradient":""}},"footnotes":""},"class_list":["post-624","page","type-page","status-publish","hentry"],"_links":{"self":[{"href":"https:\/\/voltera.ch\/it\/wp-json\/wp\/v2\/pages\/624","targetHints":{"allow":["GET"]}}],"collection":[{"href":"https:\/\/voltera.ch\/it\/wp-json\/wp\/v2\/pages"}],"about":[{"href":"https:\/\/voltera.ch\/it\/wp-json\/wp\/v2\/types\/page"}],"author":[{"embeddable":true,"href":"https:\/\/voltera.ch\/it\/wp-json\/wp\/v2\/users\/1"}],"replies":[{"embeddable":true,"href":"https:\/\/voltera.ch\/it\/wp-json\/wp\/v2\/comments?post=624"}],"version-history":[{"count":8,"href":"https:\/\/voltera.ch\/it\/wp-json\/wp\/v2\/pages\/624\/revisions"}],"predecessor-version":[{"id":949,"href":"https:\/\/voltera.ch\/it\/wp-json\/wp\/v2\/pages\/624\/revisions\/949"}],"wp:attachment":[{"href":"https:\/\/voltera.ch\/it\/wp-json\/wp\/v2\/media?parent=624"}],"curies":[{"name":"wp","href":"https:\/\/api.w.org\/{rel}","templated":true}]}}