{"id":7,"date":"2026-02-13T12:00:00","date_gmt":"2026-02-13T11:00:00","guid":{"rendered":"https:\/\/voltera.ch\/?page_id=7"},"modified":"2026-02-16T13:12:29","modified_gmt":"2026-02-16T13:12:29","slug":"technologie","status":"publish","type":"page","link":"https:\/\/voltera.ch\/fr\/technologie\/","title":{"rendered":"Technologie"},"content":{"rendered":"<div class=\"wp-block-cover alignfull is-light\" style=\"min-height:500px;aspect-ratio:unset;\"><img loading=\"lazy\" decoding=\"async\" width=\"1024\" height=\"683\" class=\"wp-block-cover__image-background wp-image-182 size-full\" alt=\"\" src=\"https:\/\/voltera.ch\/wp-content\/uploads\/2026\/01\/VgO7wlrrxykxjMT8cWCdpyAMAE.avif\" data-object-fit=\"cover\" srcset=\"https:\/\/voltera.ch\/wp-content\/uploads\/2026\/01\/VgO7wlrrxykxjMT8cWCdpyAMAE.avif 1024w, https:\/\/voltera.ch\/wp-content\/uploads\/2026\/01\/VgO7wlrrxykxjMT8cWCdpyAMAE-300x200.avif 300w, https:\/\/voltera.ch\/wp-content\/uploads\/2026\/01\/VgO7wlrrxykxjMT8cWCdpyAMAE-768x512.avif 768w, https:\/\/voltera.ch\/wp-content\/uploads\/2026\/01\/VgO7wlrrxykxjMT8cWCdpyAMAE-600x400.avif 600w\" sizes=\"auto, (max-width: 1024px) 100vw, 1024px\" \/><span aria-hidden=\"true\" class=\"wp-block-cover__background has-background-dim wp-block-cover__gradient-background has-background-gradient has-vivid-cyan-blue-to-vivid-purple-gradient-background\" style=\"background-color:#9a8b81\"><\/span><div class=\"wp-block-cover__inner-container is-layout-flow wp-block-cover-is-layout-flow\">\n<h1 class=\"wp-block-heading has-text-align-center has-white-color has-text-color\" style=\"font-size:48px\">Solutions de stockage de batteries suisses durables<\/h1>\n\n\n\n<p class=\"has-text-align-center has-white-color has-text-color has-large-font-size\">Technologie Second-Life de modual \u2013 d\u00e9velopp\u00e9e et produite en Suisse<\/p>\n\n\n\n<div class=\"wp-block-buttons is-content-justification-center is-layout-flex wp-container-core-buttons-is-layout-444da731 wp-block-buttons-is-layout-flex\" style=\"margin-top:30px\">\n<div class=\"wp-block-button is-style-fill\"><a class=\"wp-block-button__link has-vivid-cyan-blue-color has-white-background-color has-text-color has-background wp-element-button\" href=\"\/fr\/configurateur\/\">Configurer le stockage<\/a><\/div>\n\n\n\n<div class=\"wp-block-button is-style-outline is-style-outline--1\"><a class=\"wp-block-button__link has-white-color has-text-color wp-element-button\" href=\"#second-life\">D\u00e9couvrir Second Life<\/a><\/div>\n<\/div>\n<\/div><\/div>\n\n\n<p><!-- ============================\n     Vertrauens-Leiste\n     ============================ --><\/p>\n\n\n<div class=\"wp-block-group has-white-background-color has-background is-layout-flow wp-block-group-is-layout-flow\" style=\"border-bottom-color:#e0e0e0;border-bottom-width:1px;padding-top:30px;padding-bottom:30px\">\n<div class=\"wp-block-columns are-vertically-aligned-center is-stacked-on-mobile is-layout-flex wp-container-core-columns-is-layout-28f84493 wp-block-columns-is-layout-flex\">\n<div class=\"wp-block-column is-vertically-aligned-center is-layout-flow wp-block-column-is-layout-flow\">\n<p class=\"has-text-align-center\" style=\"font-size:15px\">Fabriqu\u00e9 en Suisse<\/p>\n<\/div>\n\n\n\n<div class=\"wp-block-column is-vertically-aligned-center is-layout-flow wp-block-column-is-layout-flow\">\n<p class=\"has-text-align-center\" style=\"font-size:15px\">\u2705 10 ans de garantie<\/p>\n<\/div>\n\n\n\n<div class=\"wp-block-column is-vertically-aligned-center is-layout-flow wp-block-column-is-layout-flow\">\n<p class=\"has-text-align-center\" style=\"font-size:15px\">\u2705 60% moins de CO\u2082<\/p>\n<\/div>\n\n\n\n<div class=\"wp-block-column is-vertically-aligned-center is-layout-flow wp-block-column-is-layout-flow\">\n<p class=\"has-text-align-center\" style=\"font-size:15px\">\u2705 Modulaire et extensible<\/p>\n<\/div>\n<\/div>\n<\/div>\n\n\n<p><!-- ============================\n     Warum modual?\n     ============================ --><\/p>\n\n\n<div class=\"wp-block-group voltera-tech-intro is-layout-flow wp-block-group-is-layout-flow\" style=\"padding-top:80px;padding-bottom:80px\">\n<div class=\"wp-block-group is-layout-constrained wp-container-core-group-is-layout-bea02a06 wp-block-group-is-layout-constrained\">\n<h2 class=\"wp-block-heading has-text-align-center\">Pourquoi nous misons sur modual<\/h2>\n\n\n\n<p class=\"has-text-align-center has-medium-font-size\">La solution de stockage d'\u00e9nergie intelligente pour chaque foyer et entreprise. Que vous planifiez une nouvelle installation solaire ou que vous modernisiez une installation existante, modual s'adapte parfaitement \u00e0 vos besoins.<\/p>\n<\/div>\n\n\n\n<div class=\"wp-block-group is-layout-constrained wp-container-core-group-is-layout-1ac74c84 wp-block-group-is-layout-constrained\" style=\"margin-top:60px\">\n<div class=\"wp-block-columns is-layout-flex wp-container-core-columns-is-layout-92515837 wp-block-columns-is-layout-flex\">\n<div class=\"wp-block-column is-layout-flow wp-block-column-is-layout-flow\">\n<div class=\"wp-block-group has-border-color has-white-background-color has-background is-layout-flow wp-block-group-is-layout-flow\" style=\"border-color:#e0e0e0;border-width:1px;border-radius:12px;padding-top:30px;padding-right:30px;padding-bottom:30px;padding-left:30px\">\n<p class=\"has-text-align-center\" style=\"font-size:36px\">\ud83d\udd0b<\/p>\n\n\n\n<h4 class=\"wp-block-heading has-text-align-center\">R\u00e9duire les co\u00fbts<\/h4>\n\n\n\n<p class=\"has-text-align-center\" style=\"font-size:15px\">Utilisez votre propre \u00e9lectricit\u00e9 solaire quand vous en avez besoin \u2013 m\u00eame la nuit. Augmentez votre autoconsommation, r\u00e9duisez votre facture d'\u00e9lectricit\u00e9 et lib\u00e9rez-vous des fluctuations de prix.<\/p>\n<\/div>\n<\/div>\n\n\n\n<div class=\"wp-block-column is-layout-flow wp-block-column-is-layout-flow\">\n<div class=\"wp-block-group has-border-color has-white-background-color has-background is-layout-flow wp-block-group-is-layout-flow\" style=\"border-color:#e0e0e0;border-width:1px;border-radius:12px;padding-top:30px;padding-right:30px;padding-bottom:30px;padding-left:30px\">\n<p class=\"has-text-align-center\" style=\"font-size:36px\">Bouclier<\/p>\n\n\n\n<h4 class=\"wp-block-heading has-text-align-center\">Qualit\u00e9 et s\u00e9curit\u00e9 suisses<\/h4>\n\n\n\n<p class=\"has-text-align-center\" style=\"font-size:15px\">D\u00e9velopp\u00e9s et fabriqu\u00e9s en Suisse, les accumulateurs r\u00e9pondent aux normes de s\u00e9curit\u00e9 les plus \u00e9lev\u00e9es. Comptez sur la long\u00e9vit\u00e9, la fiabilit\u00e9 et une garantie de 10 ans.<\/p>\n<\/div>\n<\/div>\n\n\n\n<div class=\"wp-block-column is-layout-flow wp-block-column-is-layout-flow\">\n<div class=\"wp-block-group has-border-color has-white-background-color has-background is-layout-flow wp-block-group-is-layout-flow\" style=\"border-color:#e0e0e0;border-width:1px;border-radius:12px;padding-top:30px;padding-right:30px;padding-bottom:30px;padding-left:30px\">\n<p class=\"has-text-align-center\" style=\"font-size:36px\">\u267b\ufe0f<\/p>\n\n\n\n<h4 class=\"wp-block-heading has-text-align-center\">Durabilit\u00e9 avec seconde vie<\/h4>\n\n\n\n<p class=\"has-text-align-center\" style=\"font-size:15px\">Les cellules de batterie de haute qualit\u00e9 re\u00e7oivent une seconde vie. Cela pr\u00e9serve les ressources, r\u00e9duit votre empreinte CO\u2082 d'environ 60% et contribue \u00e0 l'\u00e9conomie circulaire.<\/p>\n<\/div>\n<\/div>\n<\/div>\n<\/div>\n<\/div>\n\n\n<p><!-- ============================\n     Second-Life Technologie\n     ============================ --><\/p>\n\n\n<div id=\"second-life\" class=\"wp-block-group voltera-second-life has-light-gray-background-color has-background is-layout-flow wp-block-group-is-layout-flow\" style=\"padding-top:80px;padding-bottom:80px\">\n<div class=\"wp-block-group is-layout-constrained wp-container-core-group-is-layout-4383d167 wp-block-group-is-layout-constrained\">\n<h2 class=\"wp-block-heading has-text-align-center\">La deuxi\u00e8me vie pour les batteries de voitures \u00e9lectriques<\/h2>\n\n\n\n<p class=\"has-text-align-center has-medium-font-size\" style=\"margin-bottom:60px\">Au lieu de mettre au rebut les batteries de VE, nous leur donnons une seconde vie en tant que syst\u00e8mes de stockage d'\u00e9nergie domestiques stationnaires<\/p>\n\n\n\n<div class=\"wp-block-columns are-vertically-aligned-center is-layout-flex wp-container-core-columns-is-layout-9b24e0e0 wp-block-columns-is-layout-flex\">\n<div class=\"wp-block-column is-vertically-aligned-center is-layout-flow wp-block-column-is-layout-flow\" style=\"flex-basis:45%\">\n<figure class=\"wp-block-image size-large has-custom-border\"><img loading=\"lazy\" decoding=\"async\" width=\"746\" height=\"1024\" src=\"https:\/\/voltera.ch\/wp-content\/uploads\/2026\/01\/modual-portfolio-all-e1715863987200-746x1024.webp\" alt=\"\" class=\"wp-image-44\" style=\"border-radius:12px\" srcset=\"https:\/\/voltera.ch\/wp-content\/uploads\/2026\/01\/modual-portfolio-all-e1715863987200-746x1024.webp 746w, https:\/\/voltera.ch\/wp-content\/uploads\/2026\/01\/modual-portfolio-all-e1715863987200-600x823.webp 600w, https:\/\/voltera.ch\/wp-content\/uploads\/2026\/01\/modual-portfolio-all-e1715863987200-219x300.webp 219w, https:\/\/voltera.ch\/wp-content\/uploads\/2026\/01\/modual-portfolio-all-e1715863987200-768x1054.webp 768w, https:\/\/voltera.ch\/wp-content\/uploads\/2026\/01\/modual-portfolio-all-e1715863987200-1119x1536.webp 1119w, https:\/\/voltera.ch\/wp-content\/uploads\/2026\/01\/modual-portfolio-all-e1715863987200.webp 1399w\" sizes=\"auto, (max-width: 746px) 100vw, 746px\" \/><\/figure>\n<\/div>\n\n\n\n<div class=\"wp-block-column is-vertically-aligned-center is-layout-flow wp-block-column-is-layout-flow\" style=\"flex-basis:55%\">\n<h3 class=\"wp-block-heading\">Pourquoi Second Life ?<\/h3>\n\n\n\n<p>\u00c0 70\u201380% de capacit\u00e9 r\u00e9siduelle, une batterie ne r\u00e9pond plus aux exigences de l'\u00e9lectromobilit\u00e9 \u2013 l'autonomie et la puissance ne sont plus suffisantes. Cependant, ces cellules conviennent parfaitement comme accumulateur domestique stationnaire : la densit\u00e9 \u00e9nerg\u00e9tique et la puissance de courte dur\u00e9e n'y jouent aucun r\u00f4le.<\/p>\n\n\n\n<p>Chaque cellule de batterie subit des tests rigoureux et est dot\u00e9e de la technologie sp\u00e9cialement d\u00e9velopp\u00e9e pour les batteries de seconde vie. <strong>Module de syst\u00e8me de gestion de batterie (BMS)<\/strong> surveill\u00e9, de mani\u00e8re \u00e0 ce que la s\u00e9curit\u00e9 et les performances soient toujours garanties.<\/p>\n\n\n\n<div class=\"wp-block-group has-white-background-color has-background is-layout-flow wp-block-group-is-layout-flow\" style=\"border-radius:8px;border-left-color:#1a73e8;border-left-width:4px;margin-top:25px;padding-top:20px;padding-right:20px;padding-bottom:20px;padding-left:20px\">\n<p style=\"font-size:15px\"><strong>Saviez-vous ?<\/strong> Pour satisfaire les besoins de l'UE uniquement avec de nouvelles batteries, 250 TWh d'\u00e9nergie seraient n\u00e9cessaires annuellement pour la production d'ici 2050. Avec les batteries de seconde vie, nous utilisons l'\u00e9nergie qui a d\u00e9j\u00e0 \u00e9t\u00e9 investie. <em>(Source : Fraunhofer \/ Uni M\u00fcnster)<\/em><\/p>\n<\/div>\n<\/div>\n<\/div>\n\n\n\n<div class=\"wp-block-columns is-layout-flex wp-container-core-columns-is-layout-9ff797e0 wp-block-columns-is-layout-flex\" style=\"margin-top:60px\">\n<div class=\"wp-block-column is-layout-flow wp-block-column-is-layout-flow\">\n<div class=\"wp-block-group has-white-background-color has-background is-layout-flow wp-block-group-is-layout-flow\" style=\"border-radius:12px;padding-top:30px;padding-right:30px;padding-bottom:30px;padding-left:30px\">\n<h3 class=\"wp-block-heading has-text-align-center has-text-color\" style=\"color:#16a34a;font-size:36px\">~60%<\/h3>\n\n\n\n<h4 class=\"wp-block-heading has-text-align-center\">Moins de CO\u2082<\/h4>\n\n\n\n<p class=\"has-text-align-center\" style=\"font-size:14px\">Les cellules de batterie repr\u00e9sentent environ 80s \u00e9missions de CO\u2082 d'un syst\u00e8me de stockage. La r\u00e9utilisation r\u00e9duit l'empreinte \u00e9cologique d'environ 60%.<\/p>\n<\/div>\n<\/div>\n\n\n\n<div class=\"wp-block-column is-layout-flow wp-block-column-is-layout-flow\">\n<div class=\"wp-block-group has-white-background-color has-background is-layout-flow wp-block-group-is-layout-flow\" style=\"border-radius:12px;padding-top:30px;padding-right:30px;padding-bottom:30px;padding-left:30px\">\n<h3 class=\"wp-block-heading has-text-align-center has-text-color\" style=\"color:#1a73e8;font-size:36px\">95 kg<\/h3>\n\n\n\n<h4 class=\"wp-block-heading has-text-align-center\">Mati\u00e8res premi\u00e8res par kWh<\/h4>\n\n\n\n<p class=\"has-text-align-center\" style=\"font-size:14px\">Pour 1 kWh de nouvelles cellules de batterie, il faut extraire environ 95 kg de mati\u00e8res premi\u00e8res. Derri\u00e8re chaque stockage se trouvent plusieurs tonnes \u2013 que nous r\u00e9utilisons.<\/p>\n<\/div>\n<\/div>\n\n\n\n<div class=\"wp-block-column is-layout-flow wp-block-column-is-layout-flow\">\n<div class=\"wp-block-group has-white-background-color has-background is-layout-flow wp-block-group-is-layout-flow\" style=\"border-radius:12px;padding-top:30px;padding-right:30px;padding-bottom:30px;padding-left:30px\">\n<h3 class=\"wp-block-heading has-text-align-center has-text-color\" style=\"color:#ea580c;font-size:36px\">10%<\/h3>\n\n\n\n<h4 class=\"wp-block-heading has-text-align-center\">Capacit\u00e9 de recyclage<\/h4>\n\n\n\n<p class=\"has-text-align-center\" style=\"font-size:14px\">L'Europe ne pourra recycler qu'environ 10% des batteries de VE qui arriveront \u00e0 \u00e9ch\u00e9ance en 2030. La seconde vie comble judicieusement cet \u00e9cart.<\/p>\n<\/div>\n<\/div>\n<\/div>\n<\/div>\n<\/div>\n\n\n<p><!-- ============================\n     Technologie-Stack\n     ============================ --><\/p>\n\n\n<div class=\"wp-block-group voltera-tech-stack is-layout-flow wp-block-group-is-layout-flow\" style=\"padding-top:80px;padding-bottom:80px\">\n<div class=\"wp-block-group is-layout-constrained wp-container-core-group-is-layout-4383d167 wp-block-group-is-layout-constrained\">\n<h2 class=\"wp-block-heading has-text-align-center\">Contr\u00f4le total de la stack technologique<\/h2>\n\n\n\n<p class=\"has-text-align-center has-medium-font-size\" style=\"margin-bottom:60px\">De la carte m\u00e8re \u00e0 l'IA dans le cloud : modual d\u00e9veloppe son mat\u00e9riel et ses logiciels en interne<\/p>\n\n\n\n<div class=\"wp-block-columns is-layout-flex wp-container-core-columns-is-layout-92515837 wp-block-columns-is-layout-flex\">\n<div class=\"wp-block-column is-layout-flow wp-block-column-is-layout-flow\">\n<div class=\"wp-block-group has-border-color has-white-background-color has-background is-layout-flow wp-block-group-is-layout-flow\" style=\"border-color:#e0e0e0;border-width:1px;border-radius:12px;padding-top:30px;padding-right:25px;padding-bottom:30px;padding-left:25px\">\n<h4 class=\"wp-block-heading has-text-align-center has-text-color\" style=\"color:#1a73e8\">BMS personnel<\/h4>\n\n\n\n<p class=\"has-text-align-center\" style=\"font-size:14px\">Le syst\u00e8me de gestion de batterie auto-d\u00e9velopp\u00e9 est sp\u00e9cialement con\u00e7u pour les exigences de la seconde vie. Acc\u00e8s profond \u00e0 chaque niveau de cellule pour une s\u00e9curit\u00e9 maximale et une dur\u00e9e de vie optimis\u00e9e.<\/p>\n<\/div>\n<\/div>\n\n\n\n<div class=\"wp-block-column is-layout-flow wp-block-column-is-layout-flow\">\n<div class=\"wp-block-group has-border-color has-white-background-color has-background is-layout-flow wp-block-group-is-layout-flow\" style=\"border-color:#e0e0e0;border-width:1px;border-radius:12px;padding-top:30px;padding-right:25px;padding-bottom:30px;padding-left:25px\">\n<h4 class=\"wp-block-heading has-text-align-center has-text-color\" style=\"color:#1a73e8\">Maintenance pr\u00e9dictive<\/h4>\n\n\n\n<p class=\"has-text-align-center\" style=\"font-size:14px\">La d\u00e9tection d'anomalies bas\u00e9e sur l'IA d\u00e9tecte les \u00e9carts dans le comportement de la batterie avant qu'ils ne deviennent un probl\u00e8me. La maintenance est proactive, souvent enti\u00e8rement \u00e0 distance gr\u00e2ce \u00e0 la maintenance \u00e0 distance.<\/p>\n<\/div>\n<\/div>\n\n\n\n<div class=\"wp-block-column is-layout-flow wp-block-column-is-layout-flow\">\n<div class=\"wp-block-group has-border-color has-white-background-color has-background is-layout-flow wp-block-group-is-layout-flow\" style=\"border-color:#e0e0e0;border-width:1px;border-radius:12px;padding-top:30px;padding-right:25px;padding-bottom:30px;padding-left:25px\">\n<h4 class=\"wp-block-heading has-text-align-center has-text-color\" style=\"color:#1a73e8\">Mat\u00e9riel Flexible<\/h4>\n\n\n\n<p class=\"has-text-align-center\" style=\"font-size:14px\">Les batteries de seconde vie varient selon leur origine. Gr\u00e2ce \u00e0 des interfaces mat\u00e9rielles flexibles, modual int\u00e8gre les produits sources les plus divers \u2013 ind\u00e9pendamment du fournisseur et de mani\u00e8re \u00e9volutive.<\/p>\n<\/div>\n<\/div>\n\n\n\n<div class=\"wp-block-column is-layout-flow wp-block-column-is-layout-flow\">\n<div class=\"wp-block-group has-border-color has-white-background-color has-background is-layout-flow wp-block-group-is-layout-flow\" style=\"border-color:#e0e0e0;border-width:1px;border-radius:12px;padding-top:30px;padding-right:25px;padding-bottom:30px;padding-left:25px\">\n<h4 class=\"wp-block-heading has-text-align-center has-text-color\" style=\"color:#1a73e8\">Installation facile<\/h4>\n\n\n\n<p class=\"has-text-align-center\" style=\"font-size:14px\">Les fiches CEE16 \u00e0 couplage AC permettent une installation rapide et sans erreur. Gr\u00e2ce \u00e0 la pr\u00e9configuration, la mise en service est effectu\u00e9e en un temps record.<\/p>\n<\/div>\n<\/div>\n<\/div>\n<\/div>\n<\/div>\n\n\n<p><!-- ============================\n     Produktlinien\n     ============================ --><\/p>\n\n\n<div class=\"wp-block-group voltera-product-lines has-light-gray-background-color has-background is-layout-flow wp-block-group-is-layout-flow\" style=\"padding-top:80px;padding-bottom:80px\">\n<div class=\"wp-block-group is-layout-constrained wp-container-core-group-is-layout-4383d167 wp-block-group-is-layout-constrained\">\n<h2 class=\"wp-block-heading has-text-align-center\">Nos gammes de produits<\/h2>\n\n\n\n<p class=\"has-text-align-center\" style=\"margin-bottom:60px\">La solution adapt\u00e9e \u00e0 chaque projet \u2013 de 11,5 kWh \u00e0 la plage des MWh<\/p>\n\n\n\n<div class=\"wp-block-columns is-layout-flex wp-container-core-columns-is-layout-92515837 wp-block-columns-is-layout-flex\">\n<div class=\"wp-block-column is-layout-flow wp-block-column-is-layout-flow\">\n<div class=\"wp-block-group voltera-product-line-card has-border-color has-white-background-color has-background is-layout-flow wp-block-group-is-layout-flow\" style=\"border-color:#1a73e8;border-width:2px;border-radius:12px;padding-top:40px;padding-right:30px;padding-bottom:40px;padding-left:30px\">\n<div class=\"wp-block-group has-vivid-cyan-blue-background-color has-background is-layout-constrained wp-container-core-group-is-layout-927874d9 wp-block-group-is-layout-constrained\" style=\"border-radius:20px;padding-top:6px;padding-right:16px;padding-bottom:6px;padding-left:16px\">\n<p class=\"has-text-align-center has-white-color has-text-color\" style=\"font-size:13px;font-style:normal;font-weight:700\">Le plus vendu<\/p>\n<\/div>\n\n\n\n<figure class=\"wp-block-image aligncenter size-medium\" style=\"margin-top:20px;margin-bottom:20px\"><img loading=\"lazy\" decoding=\"async\" width=\"300\" height=\"300\" src=\"https:\/\/voltera.ch\/wp-content\/uploads\/2026\/01\/AC_1x3-Back_side_close2-300x300.webp\" alt=\"\" class=\"wp-image-155\" srcset=\"https:\/\/voltera.ch\/wp-content\/uploads\/2026\/01\/AC_1x3-Back_side_close2-300x300.webp 300w, https:\/\/voltera.ch\/wp-content\/uploads\/2026\/01\/AC_1x3-Back_side_close2-1024x1024.webp 1024w, https:\/\/voltera.ch\/wp-content\/uploads\/2026\/01\/AC_1x3-Back_side_close2-150x150.webp 150w, https:\/\/voltera.ch\/wp-content\/uploads\/2026\/01\/AC_1x3-Back_side_close2-768x768.webp 768w, https:\/\/voltera.ch\/wp-content\/uploads\/2026\/01\/AC_1x3-Back_side_close2-1536x1536.webp 1536w, https:\/\/voltera.ch\/wp-content\/uploads\/2026\/01\/AC_1x3-Back_side_close2-600x600.webp 600w, https:\/\/voltera.ch\/wp-content\/uploads\/2026\/01\/AC_1x3-Back_side_close2-100x100.webp 100w, https:\/\/voltera.ch\/wp-content\/uploads\/2026\/01\/AC_1x3-Back_side_close2.webp 1920w\" sizes=\"auto, (max-width: 300px) 100vw, 300px\" \/><\/figure>\n\n\n\n<h3 class=\"wp-block-heading has-text-align-center\">S\u00e9rie modulaire de base<\/h3>\n\n\n\n<p class=\"has-text-align-center has-text-color\" style=\"color:#666666\">La solution id\u00e9ale pour les maisons unifamiliales et les petites entreprises<\/p>\n\n\n\n<hr class=\"wp-block-separator has-alpha-channel-opacity is-style-wide\"\/>\n\n\n\n<p style=\"font-size:14px;font-style:normal;font-weight:600\">Variantes disponibles :<\/p>\n\n\n\n<ul style=\"font-size:14px\" class=\"wp-block-list\">\n<li><strong>CD<\/strong> \u2013 Connexion directe aux onduleurs photovolta\u00efques<\/li>\n\n\n\n<li><strong>AC-Ensemble<\/strong> \u2013 Kit complet avec onduleur<\/li>\n\n\n\n<li><strong>CC<\/strong> \u2013 Mise \u00e0 niveau pour les installations PV existantes<\/li>\n<\/ul>\n\n\n\n<hr class=\"wp-block-separator has-alpha-channel-opacity is-style-wide\"\/>\n\n\n\n<ul style=\"font-size:14px\" class=\"wp-block-list\">\n<li>Capacit\u00e9 <strong>11,5 \u2013 46 kWh<\/strong><\/li>\n\n\n\n<li>Performance : jusqu'\u00e0 <strong>15,4 kW<\/strong><\/li>\n\n\n\n<li>Type de batterie : <strong>LiFePO4 (LFP)<\/strong><\/li>\n\n\n\n<li>Garantie <strong>10 ans \/ 5 000 cycles<\/strong><\/li>\n\n\n\n<li>Poids : 115 \u2013 415 kg (selon la capacit\u00e9)<\/li>\n\n\n\n<li>Temp\u00e9rature de fonctionnement\u00a0: 5\u00a0\u00b0C \u00e0 40\u00a0\u00b0C<\/li>\n<\/ul>\n\n\n\n<div class=\"wp-block-buttons is-content-justification-center is-layout-flex wp-container-core-buttons-is-layout-2aebea9a wp-block-buttons-is-layout-flex\" style=\"margin-top:25px\">\n<div class=\"wp-block-button has-custom-width wp-block-button__width-100 is-style-fill\"><a class=\"wp-block-button__link has-vivid-cyan-blue-background-color has-background wp-element-button\" href=\"\/fr\/configurateur\/\">Configurer maintenant<\/a><\/div>\n<\/div>\n<\/div>\n<\/div>\n\n\n\n<div class=\"wp-block-column is-layout-flow wp-block-column-is-layout-flow\">\n<div class=\"wp-block-group voltera-product-line-card has-border-color has-white-background-color has-background is-layout-flow wp-block-group-is-layout-flow\" style=\"border-color:#e0e0e0;border-width:1px;border-radius:12px;padding-top:40px;padding-right:30px;padding-bottom:40px;padding-left:30px\">\n<div class=\"wp-block-group has-black-background-color has-background is-layout-constrained wp-container-core-group-is-layout-927874d9 wp-block-group-is-layout-constrained\" style=\"border-radius:20px;padding-top:6px;padding-right:16px;padding-bottom:6px;padding-left:16px\">\n<p class=\"has-text-align-center has-white-color has-text-color\" style=\"font-size:13px;font-style:normal;font-weight:700\">COMMERCE ET INDUSTRIE<\/p>\n<\/div>\n\n\n\n<figure class=\"wp-block-image aligncenter size-medium\" style=\"margin-top:20px;margin-bottom:20px\"><img loading=\"lazy\" decoding=\"async\" width=\"300\" height=\"300\" src=\"https:\/\/voltera.ch\/wp-content\/uploads\/2026\/02\/serie-pro-300x300.avif\" alt=\"\" class=\"wp-image-613\" srcset=\"https:\/\/voltera.ch\/wp-content\/uploads\/2026\/02\/serie-pro-300x300.avif 300w, https:\/\/voltera.ch\/wp-content\/uploads\/2026\/02\/serie-pro-150x150.avif 150w, https:\/\/voltera.ch\/wp-content\/uploads\/2026\/02\/serie-pro-100x100.avif 100w, https:\/\/voltera.ch\/wp-content\/uploads\/2026\/02\/serie-pro.avif 512w\" sizes=\"auto, (max-width: 300px) 100vw, 300px\" \/><\/figure>\n\n\n\n<h3 class=\"wp-block-heading has-text-align-center\">S\u00e9rie Modual Pro<\/h3>\n\n\n\n<p class=\"has-text-align-center has-text-color\" style=\"color:#666666\">AC-All-In-One pour le commerce, l'industrie et les grands projets<\/p>\n\n\n\n<hr class=\"wp-block-separator has-alpha-channel-opacity is-style-wide\"\/>\n\n\n\n<p style=\"font-size:14px;font-style:normal;font-weight:600\">Domaines d'application :<\/p>\n\n\n\n<ul style=\"font-size:14px\" class=\"wp-block-list\">\n<li><strong>Lissage de pointe<\/strong> \u2013 \u00c9cr\u00eater les pics de charge<\/li>\n\n\n\n<li><strong>Autoconsommation<\/strong> \u2013 Optimiser les grandes installations photovolta\u00efques<\/li>\n\n\n\n<li><strong>Courant de secours<\/strong> \u2013 S\u00e9curiser les infrastructures critiques<\/li>\n<\/ul>\n\n\n\n<hr class=\"wp-block-separator has-alpha-channel-opacity is-style-wide\"\/>\n\n\n\n<ul style=\"font-size:14px\" class=\"wp-block-list\">\n<li>Capacit\u00e9 <strong>35 \u2013 210 kWh<\/strong> (extensible jusqu'\u00e0 MWh)<\/li>\n\n\n\n<li>Performance : <strong>15 kW<\/strong><\/li>\n\n\n\n<li>Type de batterie : <strong>LiFePO4 (LFP)<\/strong><\/li>\n\n\n\n<li>Garantie <strong>10 ans \/ 5 000 cycles<\/strong><\/li>\n\n\n\n<li>Poids : 350 \u2013 400 kg (par unit\u00e9)<\/li>\n\n\n\n<li>Temp\u00e9rature de fonctionnement\u00a0: 5\u00a0\u00b0C \u00e0 40\u00a0\u00b0C<\/li>\n<\/ul>\n\n\n\n<div class=\"wp-block-buttons is-content-justification-center is-layout-flex wp-container-core-buttons-is-layout-2aebea9a wp-block-buttons-is-layout-flex\" style=\"margin-top:25px\">\n<div class=\"wp-block-button has-custom-width wp-block-button__width-100 is-style-outline is-style-outline--2\"><a class=\"wp-block-button__link wp-element-button\" href=\"\/fr\/contact\/\">Demande de conseil<\/a><\/div>\n<\/div>\n<\/div>\n<\/div>\n<\/div>\n<\/div>\n<\/div>\n\n\n<p><!-- ============================\n     Universelle Kompatibilit\u00e4t\n     ============================ --><\/p>\n\n\n<div class=\"wp-block-group voltera-compatibility is-layout-flow wp-block-group-is-layout-flow\" style=\"padding-top:80px;padding-bottom:80px\">\n<div class=\"wp-block-group is-layout-constrained wp-container-core-group-is-layout-4383d167 wp-block-group-is-layout-constrained\">\n<h2 class=\"wp-block-heading has-text-align-center\">Universellement compatible<\/h2>\n\n\n\n<p class=\"has-text-align-center\" style=\"margin-bottom:60px\">Fonctionne de mani\u00e8re transparente avec votre infrastructure existante<\/p>\n\n\n\n<div class=\"wp-block-columns is-layout-flex wp-container-core-columns-is-layout-28f84493 wp-block-columns-is-layout-flex\">\n<div class=\"wp-block-column is-layout-flow wp-block-column-is-layout-flow\">\n<div class=\"wp-block-group has-light-gray-background-color has-background is-layout-flow wp-block-group-is-layout-flow\" style=\"border-radius:12px;padding-top:25px;padding-right:25px;padding-bottom:25px;padding-left:25px\">\n<h4 class=\"wp-block-heading has-text-align-center\">Tous les onduleurs<\/h4>\n\n\n\n<p class=\"has-text-align-center\" style=\"font-size:14px\">Coupl\u00e9 AC \u2013 compatible avec tous les onduleurs courants et les syst\u00e8mes de domotique. Parfait pour les nouvelles constructions et les r\u00e9novations.<\/p>\n<\/div>\n<\/div>\n\n\n\n<div class=\"wp-block-column is-layout-flow wp-block-column-is-layout-flow\">\n<div class=\"wp-block-group has-light-gray-background-color has-background is-layout-flow wp-block-group-is-layout-flow\" style=\"border-radius:12px;padding-top:25px;padding-right:25px;padding-bottom:25px;padding-left:25px\">\n<h4 class=\"wp-block-heading has-text-align-center\">Extensible \u00e0 tout moment<\/h4>\n\n\n\n<p class=\"has-text-align-center\" style=\"font-size:14px\">Commencez petit et d\u00e9veloppez-vous selon vos besoins. Augmentez la capacit\u00e9 de 11,5 kWh \u00e0 la plage des MWh gr\u00e2ce au Plug-and-Play.<\/p>\n<\/div>\n<\/div>\n\n\n\n<div class=\"wp-block-column is-layout-flow wp-block-column-is-layout-flow\">\n<div class=\"wp-block-group has-light-gray-background-color has-background is-layout-flow wp-block-group-is-layout-flow\" style=\"border-radius:12px;padding-top:25px;padding-right:25px;padding-bottom:25px;padding-left:25px\">\n<h4 class=\"wp-block-heading has-text-align-center\">Int\u00e9gration SolarManager<\/h4>\n\n\n\n<p class=\"has-text-align-center\" style=\"font-size:14px\">Surveillez les flux d'\u00e9nergie via une application, contr\u00f4lez intelligemment les consommateurs et maximisez votre autoconsommation \u2013 enti\u00e8rement en mode automatique.<\/p>\n<\/div>\n<\/div>\n\n\n\n<div class=\"wp-block-column is-layout-flow wp-block-column-is-layout-flow\">\n<div class=\"wp-block-group has-light-gray-background-color has-background is-layout-flow wp-block-group-is-layout-flow\" style=\"border-radius:12px;padding-top:25px;padding-right:25px;padding-bottom:25px;padding-left:25px\">\n<h4 class=\"wp-block-heading has-text-align-center\">Capable de fonctionner sur batterie de secours<\/h4>\n\n\n\n<p class=\"has-text-align-center\" style=\"font-size:14px\">Facultatif avec un onduleur appropri\u00e9. Ne restez jamais dans le noir \u2013 votre syst\u00e8me de stockage prend automatiquement le relais en cas de panne de courant.<\/p>\n<\/div>\n<\/div>\n<\/div>\n<\/div>\n<\/div>\n\n\n<p><!-- ============================\n     Herkunft der Batteriezellen\n     ============================ --><\/p>\n\n\n<div class=\"wp-block-group voltera-cell-sources has-light-gray-background-color has-background is-layout-flow wp-block-group-is-layout-flow\" style=\"padding-top:80px;padding-bottom:80px\">\n<div class=\"wp-block-group is-layout-constrained wp-container-core-group-is-layout-704e782a wp-block-group-is-layout-constrained\">\n<h2 class=\"wp-block-heading has-text-align-center\">D'o\u00f9 viennent les cellules de batterie ?<\/h2>\n\n\n\n<p class=\"has-text-align-center\" style=\"margin-bottom:60px\">Sources de haute qualit\u00e9 de Suisse et d'Europe<\/p>\n\n\n\n<div class=\"wp-block-columns is-layout-flex wp-container-core-columns-is-layout-92515837 wp-block-columns-is-layout-flex\">\n<div class=\"wp-block-column is-layout-flow wp-block-column-is-layout-flow\">\n<div class=\"wp-block-group has-white-background-color has-background is-layout-flow wp-block-group-is-layout-flow\" style=\"border-radius:12px;padding-top:30px;padding-right:25px;padding-bottom:30px;padding-left:25px\">\n<h4 class=\"wp-block-heading has-text-align-center\">Kyburz<\/h4>\n\n\n\n<p class=\"has-text-align-center\" style=\"font-size:14px\">Tout a commenc\u00e9 avec les v\u00e9hicules de Kyburz. Les batteries d\u00e9saffect\u00e9es des c\u00e9l\u00e8bres v\u00e9hicules \u00e9lectriques suisses constituent l'origine de la technologie de seconde vie.<\/p>\n<\/div>\n<\/div>\n\n\n\n<div class=\"wp-block-column is-layout-flow wp-block-column-is-layout-flow\">\n<div class=\"wp-block-group has-white-background-color has-background is-layout-flow wp-block-group-is-layout-flow\" style=\"border-radius:12px;padding-top:30px;padding-right:25px;padding-bottom:30px;padding-left:25px\">\n<h4 class=\"wp-block-heading has-text-align-center\">V\u00e9hicules utilitaires et de transport<\/h4>\n\n\n\n<p class=\"has-text-align-center\" style=\"font-size:14px\">Les constructeurs de bus et de camions, ainsi que les op\u00e9rateurs de transport public, fournissent des batteries qui trouvent une nouvelle application apr\u00e8s leur premi\u00e8re vie dans un v\u00e9hicule.<\/p>\n<\/div>\n<\/div>\n\n\n\n<div class=\"wp-block-column is-layout-flow wp-block-column-is-layout-flow\">\n<div class=\"wp-block-group has-white-background-color has-background is-layout-flow wp-block-group-is-layout-flow\" style=\"border-radius:12px;padding-top:30px;padding-right:25px;padding-bottom:30px;padding-left:25px\">\n<h4 class=\"wp-block-heading has-text-align-center\">Recyclage &amp; Ateliers<\/h4>\n\n\n\n<p class=\"has-text-align-center\" style=\"font-size:14px\">Des partenaires comme Librec, des ateliers et des ferrailleurs garantissent que les cellules de batterie pr\u00e9cieuses ne sont pas perdues mais inspect\u00e9es et r\u00e9utilis\u00e9es.<\/p>\n<\/div>\n<\/div>\n<\/div>\n<\/div>\n<\/div>\n\n\n<p><!-- ============================\n     FAQ\n     ============================ --><\/p>\n\n\n<div class=\"wp-block-group voltera-tech-faq is-layout-flow wp-block-group-is-layout-flow\" style=\"padding-top:80px;padding-bottom:80px\">\n<div class=\"wp-block-group is-layout-constrained wp-container-core-group-is-layout-bea02a06 wp-block-group-is-layout-constrained\">\n<h2 class=\"wp-block-heading has-text-align-center\">Questions fr\u00e9quentes sur la technologie<\/h2>\n\n\n\n<p class=\"has-text-align-center\" style=\"margin-bottom:40px\">Tout ce que vous devez savoir sur nos solutions de stockage par batterie<\/p>\n\n\n\n<details class=\"wp-block-details is-layout-flow wp-block-details-is-layout-flow\"><summary><strong>Les batteries de voitures \u00e9lectriques d'occasion sont-elles vraiment s\u00fbres ?<\/strong><\/summary>\n<p>Oui. Chaque cellule de batterie subit un processus de contr\u00f4le et de test en plusieurs \u00e9tapes avant d'\u00eatre int\u00e9gr\u00e9e dans un syst\u00e8me modulaire. Le syst\u00e8me propri\u00e9taire de gestion de batterie (BMS) surveille en permanence l'\u00e9tat, la temp\u00e9rature et les performances de chaque cellule individuelle. Tous les syst\u00e8mes de stockage utilisent exclusivement des cellules LiFePO4 (LFP) \u2013 la chimie lithium-ion la plus s\u00fbre du march\u00e9.<\/p>\n<\/details>\n\n\n\n<details class=\"wp-block-details is-layout-flow wp-block-details-is-layout-flow\"><summary><strong>Quand le stockage sera-t-il amorti ?<\/strong><\/summary>\n<p>La dur\u00e9e de retour sur investissement d\u00e9pend de votre consommation d'\u00e9lectricit\u00e9, de votre syst\u00e8me photovolta\u00efque et du mod\u00e8le de financement choisi. G\u00e9n\u00e9ralement, un syst\u00e8me de stockage sur batterie est rentable en 8 \u00e0 12 ans. Avec nos mod\u00e8les BaaS ou EaaS, vous b\u00e9n\u00e9ficiez d\u00e8s le premier jour, sans investissement initial.<\/p>\n<\/details>\n\n\n\n<details class=\"wp-block-details is-layout-flow wp-block-details-is-layout-flow\"><summary><strong>Ai-je du courant si le r\u00e9seau public tombe en panne ?<\/strong><\/summary>\n<p>Optionnel oui. Avec un onduleur de secours, votre syst\u00e8me de stockage modual prend le relais automatiquement en cas de coupure de courant et continue d'alimenter votre domicile. La fonction de secours peut \u00eatre ajout\u00e9e lors de la configuration.<\/p>\n<\/details>\n\n\n\n<details class=\"wp-block-details is-layout-flow wp-block-details-is-layout-flow\"><summary><strong>Puis-je \u00e9tendre la m\u00e9moire plus tard ?<\/strong><\/summary>\n<p>Oui. Gr\u00e2ce \u00e0 sa conception modulaire, vous pouvez ajouter des modules suppl\u00e9mentaires \u00e0 tout moment \u2013 de 11,5 kWh \u00e0 la gamme des MWh. L'extension se fait en \"plug-and-play\", sans modifier votre syst\u00e8me existant.<\/p>\n<\/details>\n\n\n\n<details class=\"wp-block-details is-layout-flow wp-block-details-is-layout-flow\"><summary><strong>Le stockage fonctionne-t-il avec mon installation photovolta\u00efque existante\u00a0?<\/strong><\/summary>\n<p>Oui. Les modules de stockage coupl\u00e9s en AC sont universellement compatibles et fonctionnent avec tous les onduleurs et syst\u00e8mes domotiques courants. Id\u00e9al pour les modernisations : aucun changement n'est n\u00e9cessaire sur votre installation existante.<\/p>\n<\/details>\n\n\n\n<details class=\"wp-block-details is-layout-flow wp-block-details-is-layout-flow\"><summary><strong>Combien de temps dure la m\u00e9moire ?<\/strong><\/summary>\n<p>modual offre 10 ans de garantie ou 5 000 cycles. La dur\u00e9e de vie r\u00e9elle est g\u00e9n\u00e9ralement bien plus longue. Gr\u00e2ce \u00e0 la maintenance pr\u00e9dictive et \u00e0 la t\u00e9l\u00e9maintenance, votre syst\u00e8me est surveill\u00e9 et optimis\u00e9 de mani\u00e8re proactive.<\/p>\n<\/details>\n\n\n\n<details class=\"wp-block-details is-layout-flow wp-block-details-is-layout-flow\"><summary><strong>O\u00f9 est-il fabriqu\u00e9 \u00e0 partir de modules ?<\/strong><\/summary>\n<p>Le d\u00e9veloppement, la production et le support sont enti\u00e8rement r\u00e9alis\u00e9s en Suisse (modual AG, Brunnen SZ). Les donn\u00e9es sont h\u00e9berg\u00e9es en Allemagne. Cela garantit les normes les plus \u00e9lev\u00e9es en mati\u00e8re de qualit\u00e9, de fiabilit\u00e9 et de s\u00e9curit\u00e9 des donn\u00e9es.<\/p>\n<\/details>\n<\/div>\n<\/div>\n\n\n<p><!-- ============================\n     CTA\n     ============================ --><\/p>\n\n\n<div class=\"wp-block-group has-vivid-cyan-blue-to-vivid-purple-gradient-background has-background is-layout-flow wp-block-group-is-layout-flow\" style=\"padding-top:80px;padding-bottom:80px\">\n<div class=\"wp-block-group is-layout-constrained wp-container-core-group-is-layout-bea02a06 wp-block-group-is-layout-constrained\">\n<h2 class=\"wp-block-heading has-text-align-center has-white-color has-text-color\">Pr\u00eat pour l'\u00e9nergie durable ?<\/h2>\n\n\n\n<p class=\"has-text-align-center has-white-color has-text-color has-medium-font-size\">Configurez maintenant votre syst\u00e8me de stockage de batterie modulaire \u2013 durable, modulaire et fabriqu\u00e9 en Suisse. En quelques minutes, obtenez votre offre personnalis\u00e9e.<\/p>\n\n\n\n<div class=\"wp-block-buttons is-content-justification-center is-layout-flex wp-container-core-buttons-is-layout-9abb9c2c wp-block-buttons-is-layout-flex\" style=\"margin-top:40px\">\n<div class=\"wp-block-button is-style-fill\" style=\"font-size:18px\"><a class=\"wp-block-button__link has-vivid-cyan-blue-color has-white-background-color has-text-color has-background wp-element-button\" href=\"\/fr\/configurateur\/\">Configurer maintenant<\/a><\/div>\n\n\n\n<div class=\"wp-block-button is-style-outline is-style-outline--3\" style=\"font-size:18px\"><a class=\"wp-block-button__link has-white-color has-text-color wp-element-button\" href=\"https:\/\/www.modual.ch\" target=\"_blank\" rel=\"noopener\">Plus d'informations sur le modulaire<\/a><\/div>\n<\/div>\n\n\n\n<p class=\"has-text-align-center has-white-color has-text-color\" style=\"margin-top:20px;font-size:14px\">Ou appelez-nous : <strong>0800 VOLTERRA<\/strong> \u2013 gratuit et sans engagement<\/p>\n<\/div>\n<\/div>","protected":false},"excerpt":{"rendered":"<p>\ud83c\udde8\ud83c\udded Swiss Made \u2705 10 Jahre Garantie \u2705 60% weniger CO\u2082 \u2705 Modular erweiterbar Warum wir auf modual setzen Die [&hellip;]<\/p>\n","protected":false},"author":1,"featured_media":0,"parent":0,"menu_order":0,"comment_status":"closed","ping_status":"closed","template":"","meta":{"site-sidebar-layout":"default","site-content-layout":"","ast-site-content-layout":"default","site-content-style":"default","site-sidebar-style":"default","ast-global-header-display":"","ast-banner-title-visibility":"","ast-main-header-display":"","ast-hfb-above-header-display":"","ast-hfb-below-header-display":"","ast-hfb-mobile-header-display":"","site-post-title":"disabled","ast-breadcrumbs-content":"","ast-featured-img":"","footer-sml-layout":"","ast-disable-related-posts":"","theme-transparent-header-meta":"","adv-header-id-meta":"","stick-header-meta":"","header-above-stick-meta":"","header-main-stick-meta":"","header-below-stick-meta":"","astra-migrate-meta-layouts":"default","ast-page-background-enabled":"default","ast-page-background-meta":{"desktop":{"background-color":"var(--ast-global-color-5)","background-image":"","background-repeat":"repeat","background-position":"center center","background-size":"auto","background-attachment":"scroll","background-type":"","background-media":"","overlay-type":"","overlay-color":"","overlay-opacity":"","overlay-gradient":""},"tablet":{"background-color":"","background-image":"","background-repeat":"repeat","background-position":"center center","background-size":"auto","background-attachment":"scroll","background-type":"","background-media":"","overlay-type":"","overlay-color":"","overlay-opacity":"","overlay-gradient":""},"mobile":{"background-color":"","background-image":"","background-repeat":"repeat","background-position":"center center","background-size":"auto","background-attachment":"scroll","background-type":"","background-media":"","overlay-type":"","overlay-color":"","overlay-opacity":"","overlay-gradient":""}},"ast-content-background-meta":{"desktop":{"background-color":"var(--ast-global-color-4)","background-image":"","background-repeat":"repeat","background-position":"center center","background-size":"auto","background-attachment":"scroll","background-type":"","background-media":"","overlay-type":"","overlay-color":"","overlay-opacity":"","overlay-gradient":""},"tablet":{"background-color":"var(--ast-global-color-4)","background-image":"","background-repeat":"repeat","background-position":"center center","background-size":"auto","background-attachment":"scroll","background-type":"","background-media":"","overlay-type":"","overlay-color":"","overlay-opacity":"","overlay-gradient":""},"mobile":{"background-color":"var(--ast-global-color-4)","background-image":"","background-repeat":"repeat","background-position":"center center","background-size":"auto","background-attachment":"scroll","background-type":"","background-media":"","overlay-type":"","overlay-color":"","overlay-opacity":"","overlay-gradient":""}},"footnotes":""},"class_list":["post-7","page","type-page","status-publish","hentry"],"_links":{"self":[{"href":"https:\/\/voltera.ch\/fr\/wp-json\/wp\/v2\/pages\/7","targetHints":{"allow":["GET"]}}],"collection":[{"href":"https:\/\/voltera.ch\/fr\/wp-json\/wp\/v2\/pages"}],"about":[{"href":"https:\/\/voltera.ch\/fr\/wp-json\/wp\/v2\/types\/page"}],"author":[{"embeddable":true,"href":"https:\/\/voltera.ch\/fr\/wp-json\/wp\/v2\/users\/1"}],"replies":[{"embeddable":true,"href":"https:\/\/voltera.ch\/fr\/wp-json\/wp\/v2\/comments?post=7"}],"version-history":[{"count":4,"href":"https:\/\/voltera.ch\/fr\/wp-json\/wp\/v2\/pages\/7\/revisions"}],"predecessor-version":[{"id":854,"href":"https:\/\/voltera.ch\/fr\/wp-json\/wp\/v2\/pages\/7\/revisions\/854"}],"wp:attachment":[{"href":"https:\/\/voltera.ch\/fr\/wp-json\/wp\/v2\/media?parent=7"}],"curies":[{"name":"wp","href":"https:\/\/api.w.org\/{rel}","templated":true}]}}