{"id":635,"date":"2026-02-13T12:00:00","date_gmt":"2026-02-13T11:00:00","guid":{"rendered":"https:\/\/voltera.ch\/?page_id=8"},"modified":"2026-04-21T08:13:03","modified_gmt":"2026-04-21T08:13:03","slug":"a-propos-de-nous-2","status":"publish","type":"page","link":"https:\/\/voltera.ch\/fr\/ueber-uns-2\/","title":{"rendered":"Qui sommes-nous"},"content":{"rendered":"<p><!-- ============================\n     HERO\n     ============================ --><\/p>\n\n\n<div class=\"wp-block-cover alignfull is-light\" style=\"min-height:500px;aspect-ratio:unset;\"><img loading=\"lazy\" decoding=\"async\" width=\"800\" height=\"533\" class=\"wp-block-cover__image-background wp-image-46 size-full\" alt=\"\" src=\"https:\/\/voltera.ch\/wp-content\/uploads\/2026\/01\/voltera_006.jpg\" data-object-fit=\"cover\" srcset=\"https:\/\/voltera.ch\/wp-content\/uploads\/2026\/01\/voltera_006.jpg 800w, https:\/\/voltera.ch\/wp-content\/uploads\/2026\/01\/voltera_006-600x400.jpg 600w, https:\/\/voltera.ch\/wp-content\/uploads\/2026\/01\/voltera_006-300x200.jpg 300w, https:\/\/voltera.ch\/wp-content\/uploads\/2026\/01\/voltera_006-768x512.jpg 768w\" sizes=\"auto, (max-width: 800px) 100vw, 800px\" \/><span aria-hidden=\"true\" class=\"wp-block-cover__background has-background-dim wp-block-cover__gradient-background has-background-gradient has-vivid-cyan-blue-to-vivid-purple-gradient-background\" style=\"background-color:#53514e\"><\/span><div class=\"wp-block-cover__inner-container is-layout-flow wp-block-cover-is-layout-flow\">\n<h1 class=\"wp-block-heading has-text-align-center has-white-color has-text-color\" style=\"font-size:48px\">Nous faisons la transition \u00e9nerg\u00e9tique<br>simple et accessible.<\/h1>\n\n\n\n<p class=\"has-text-align-center has-white-color has-text-color has-large-font-size\">Voltera est une marque de motics AG \u2013 forte d'une expertise approfondie en mati\u00e8re d'\u00e9lectromobilit\u00e9 et de technologie des batteries.<\/p>\n<\/div><\/div>\n\n\n<p><!-- ============================\n     motics AG \u2013 Muttergesellschaft\n     ============================ --><\/p>\n\n\n<div class=\"wp-block-group voltera-motics has-light-gray-background-color has-background is-layout-flow wp-block-group-is-layout-flow\" style=\"padding-top:80px;padding-bottom:80px\">\n<div class=\"wp-block-group is-layout-constrained wp-container-core-group-is-layout-4383d167 wp-block-group-is-layout-constrained\">\n<div class=\"wp-block-columns are-vertically-aligned-center is-layout-flex wp-container-core-columns-is-layout-9b24e0e0 wp-block-columns-is-layout-flex\">\n<div class=\"wp-block-column is-vertically-aligned-center is-layout-flow wp-block-column-is-layout-flow\" style=\"flex-basis:60%\">\n<p class=\"has-text-color\" style=\"color:#1a73e8;font-size:13px;font-style:normal;font-weight:600;letter-spacing:1px;text-transform:uppercase\">La t\u00eate derri\u00e8re Voltera<\/p>\n\n\n\n<h3 class=\"wp-block-heading\">Pourquoi vous pouvez faire confiance \u00e0 Voltera<\/h3>\n\n\n\n<p id=\"p-rc_e064c103e45f3c02-50\">En arri\u00e8re <strong>Voltera<\/strong> repr\u00e9sente non seulement une id\u00e9e, mais un \u00e9cosyst\u00e8me d\u00e9velopp\u00e9 pour la transition \u00e9nerg\u00e9tique. Christoph F\u00e4ssler, le cerveau derri\u00e8re Voltera, est un entrepreneur et un visionnaire suisse qui repousse depuis des ann\u00e9es les limites de la mobilit\u00e9 \u00e9lectrique et de la technologie des batteries.<\/p>\n\n\n\n<p id=\"p-rc_e064c103e45f3c02-50\">En tant que fondateur et moteur de plusieurs entreprises sp\u00e9cialis\u00e9es, il a cr\u00e9\u00e9 un r\u00e9seau couvrant l'ensemble du cycle de vie des infrastructures \u00e9nerg\u00e9tiques modernes, de la vision initiale \u00e0 leur \u201eseconde vie\u201c durable.<\/p>\n\n\n\n<p id=\"p-rc_e064c103e45f3c02-50\">Avec Volttera, Christoph F\u00e4ssler apporte cette expertise concentr\u00e9e directement au client final. Ce qui a commenc\u00e9 comme un projet d'innovation interne est aujourd'hui une place de march\u00e9 pour des solutions \u00e9nerg\u00e9tiques cl\u00e9s en main.<\/p>\n\n\n\n<blockquote class=\"wp-block-quote is-layout-flow wp-block-quote-is-layout-flow\">\n<p><em>\u201eNous ne construisons pas de produits isol\u00e9s, mais un syst\u00e8me fonctionnel pour un monde qui s'\u00e9lectrifie. Voltera, c'est la promesse que la technologie complexe devient accessible \u00e0 tous.\u201c<\/em> \u2013 Christoph F\u00e4ssler<\/p>\n<\/blockquote>\n\n\n\n<h3 class=\"wp-block-heading\">Comment nous contacter<\/h3>\n\n\n\n<p>motics ag<br>Bahnhofstrasse 4<br>6430 Schwytz<br><br>041 562 63 45<br>info@voltera.ch<\/p>\n<\/div>\n\n\n\n<div class=\"wp-block-column is-vertically-aligned-center is-layout-flow wp-block-column-is-layout-flow\" style=\"flex-basis:40%\">\n<figure class=\"wp-block-image size-large has-custom-border\"><img loading=\"lazy\" decoding=\"async\" width=\"683\" height=\"1024\" src=\"https:\/\/voltera.ch\/wp-content\/uploads\/2026\/04\/DSC02146-683x1024.jpeg\" alt=\"\" class=\"wp-image-1330\" style=\"border-radius:12px\" srcset=\"https:\/\/voltera.ch\/wp-content\/uploads\/2026\/04\/DSC02146-683x1024.jpeg 683w, https:\/\/voltera.ch\/wp-content\/uploads\/2026\/04\/DSC02146-200x300.jpeg 200w, https:\/\/voltera.ch\/wp-content\/uploads\/2026\/04\/DSC02146-768x1152.jpeg 768w, https:\/\/voltera.ch\/wp-content\/uploads\/2026\/04\/DSC02146-1024x1536.jpeg 1024w, https:\/\/voltera.ch\/wp-content\/uploads\/2026\/04\/DSC02146-1365x2048.jpeg 1365w, https:\/\/voltera.ch\/wp-content\/uploads\/2026\/04\/DSC02146-600x900.jpeg 600w, https:\/\/voltera.ch\/wp-content\/uploads\/2026\/04\/DSC02146-scaled.jpeg 1707w\" sizes=\"auto, (max-width: 683px) 100vw, 683px\" \/><\/figure>\n<\/div>\n<\/div>\n<\/div>\n<\/div>\n\n\n<p><!-- ============================\n     Mission\n     ============================ --><\/p>\n\n\n<div class=\"wp-block-group voltera-motics has-light-gray-background-color has-background is-layout-flow wp-block-group-is-layout-flow\" style=\"padding-top:80px;padding-bottom:80px\">\n<div class=\"wp-block-group is-layout-constrained wp-container-core-group-is-layout-4383d167 wp-block-group-is-layout-constrained\">\n<div class=\"wp-block-columns are-vertically-aligned-center is-layout-flex wp-container-core-columns-is-layout-9b24e0e0 wp-block-columns-is-layout-flex\">\n<div class=\"wp-block-column is-vertically-aligned-center is-layout-flow wp-block-column-is-layout-flow\" style=\"flex-basis:40%\">\n<figure class=\"wp-block-image size-large has-custom-border\"><img loading=\"lazy\" decoding=\"async\" width=\"1024\" height=\"751\" src=\"https:\/\/voltera.ch\/wp-content\/uploads\/2026\/02\/motics-1024x751.webp\" alt=\"\" class=\"wp-image-636\" style=\"border-radius:12px\" srcset=\"https:\/\/voltera.ch\/wp-content\/uploads\/2026\/02\/motics-1024x751.webp 1024w, https:\/\/voltera.ch\/wp-content\/uploads\/2026\/02\/motics-300x220.webp 300w, https:\/\/voltera.ch\/wp-content\/uploads\/2026\/02\/motics-768x563.webp 768w, https:\/\/voltera.ch\/wp-content\/uploads\/2026\/02\/motics-1536x1126.webp 1536w, https:\/\/voltera.ch\/wp-content\/uploads\/2026\/02\/motics-2048x1502.webp 2048w, https:\/\/voltera.ch\/wp-content\/uploads\/2026\/02\/motics-600x440.webp 600w\" sizes=\"auto, (max-width: 1024px) 100vw, 1024px\" \/><\/figure>\n<\/div>\n\n\n\n<div class=\"wp-block-column is-vertically-aligned-center is-layout-flow wp-block-column-is-layout-flow\" style=\"flex-basis:60%\">\n<p class=\"has-text-color\" style=\"color:#1a73e8;font-size:13px;font-style:normal;font-weight:600;letter-spacing:1px;text-transform:uppercase\">Nos racines<\/p>\n\n\n\n<h3 class=\"wp-block-heading\">Un \u00e9cosyst\u00e8me pour l'avenir de l'\u00e9nergie<\/h3>\n\n\n\n<p><strong>Innovation par conviction, progr\u00e8s par synergie<\/strong><\/p>\n\n\n\n<p>Christoph F\u00e4ssler allie savoir-faire technologique et vision strat\u00e9gique. Voltera est la derni\u00e8re pi\u00e8ce du puzzle dans un solide t\u1eadp \u0111o\u00e0n :<\/p>\n\n\n\n<ul class=\"wp-block-list\">\n<li><strong>motics SA :<\/strong> L'origine et les fondements technologiques. Sp\u00e9cialis\u00e9e dans l'\u00e9lectrification des moteurs diesel, motics d\u00e9veloppe des syst\u00e8mes d'entra\u00eenement hautes performances pour l'industrie, l'exploitation mini\u00e8re et la construction.<\/li>\n\n\n\n<li><strong>module ag :<\/strong> Ici, l'\u00e9conomie circulaire est v\u00e9cue. L'entreprise issue de motics transforme les batteries usag\u00e9es issues de la mobilit\u00e9 \u00e9lectrique en syst\u00e8mes de stockage efficaces de seconde vie \u2013 durable, \u00e9volutif et d\u00e9j\u00e0 en service avec succ\u00e8s dans plus de 350 syst\u00e8mes.<\/li>\n\n\n\n<li><strong>neutrava ag :<\/strong> La plateforme d'infrastructure de stockage. Neutrava fait le lien entre les propri\u00e9taires de sites, le capital et la technologie afin de r\u00e9aliser des projets de stockage par batterie \u00e0 grande \u00e9chelle (Grid-Scale) et de les rendre accessibles aux investisseurs.<\/li>\n\n\n\n<li><strong>PeakValley Group SA :<\/strong> L'ancrage strat\u00e9gique. En tant que holding et plateforme de gestion, PeakValley regroupe les synergies de l'ensemble de l'\u00e9cosyst\u00e8me, assure la stabilit\u00e9 et stimule la croissance commune.<\/li>\n<\/ul>\n\n\n\n<div class=\"wp-block-group has-white-background-color has-background is-layout-flow wp-block-group-is-layout-flow\" style=\"border-radius:8px;border-left-color:#1a73e8;border-left-width:4px;margin-top:25px;padding-top:20px;padding-right:20px;padding-bottom:20px;padding-left:20px\">\n<p style=\"font-size:14px\"><strong>motics AG<\/strong> \u2013 Des machines diesel \u00e9lectrifi\u00e9es. Des plus hauts sommets aux mines les plus profondes : motics \u00e9lectrifie les industries du monde entier gr\u00e2ce \u00e0 l'ing\u00e9nierie suisse.<\/p>\n\n\n\n<div class=\"wp-block-buttons is-layout-flex wp-block-buttons-is-layout-flex\" style=\"margin-top:10px\">\n<div class=\"wp-block-button is-style-outline is-style-outline--1\"><a class=\"wp-block-button__link has-custom-font-size wp-element-button\" href=\"https:\/\/www.motics.ch\" style=\"font-size:13px\" target=\"_blank\" rel=\"noopener\">En savoir plus sur Motics<\/a><\/div>\n<\/div>\n<\/div>\n<\/div>\n<\/div>\n<\/div>\n<\/div>\n\n\n\n<div class=\"wp-block-group voltera-mission is-layout-flow wp-block-group-is-layout-flow\" style=\"padding-top:80px;padding-bottom:80px\">\n<div class=\"wp-block-group is-layout-constrained wp-container-core-group-is-layout-4383d167 wp-block-group-is-layout-constrained\">\n<div class=\"wp-block-columns are-vertically-aligned-center is-layout-flex wp-container-core-columns-is-layout-9b24e0e0 wp-block-columns-is-layout-flex\">\n<div class=\"wp-block-column is-vertically-aligned-center is-layout-flow wp-block-column-is-layout-flow\" style=\"flex-basis:55%\">\n<p class=\"has-text-color\" style=\"color:#1a73e8;font-size:13px;font-style:normal;font-weight:600;letter-spacing:1px;text-transform:uppercase\">Notre mission<\/p>\n\n\n\n<h2 class=\"wp-block-heading\" style=\"margin-top:5px\">Rendre les batteries de stockage accessibles \u00e0 tous<\/h2>\n\n\n\n<p class=\"has-medium-font-size\">La transition \u00e9nerg\u00e9tique bat son plein \u2013 mais pour de nombreux propri\u00e9taires et chefs d'entreprise, la voie vers leur propre syst\u00e8me de stockage par batterie est complexe et opaque.<\/p>\n\n\n\n<p><strong>C'est pr\u00e9cis\u00e9ment l\u00e0 que nous intervenons :<\/strong> Voltera est votre entrepreneur g\u00e9n\u00e9ral pour des solutions de stockage de batteries cl\u00e9s en main. Nous prenons en charge toute la coordination, du conseil au financement jusqu'\u00e0 l'installation.<\/p>\n\n\n\n<p>Gr\u00e2ce \u00e0 notre syst\u00e8me cl\u00e9 en main num\u00e9rique, nous cr\u00e9ons une transparence totale : vous voyez \u00e0 tout moment o\u00f9 en est votre projet, vous avez tous les documents en un seul endroit et vous pouvez communiquer directement avec votre \u00e9quipe projet.<\/p>\n<\/div>\n\n\n\n<div class=\"wp-block-column is-vertically-aligned-center is-layout-flow wp-block-column-is-layout-flow\" style=\"flex-basis:45%\">\n<figure class=\"wp-block-image size-large has-custom-border\"><img loading=\"lazy\" decoding=\"async\" width=\"1024\" height=\"683\" src=\"https:\/\/voltera.ch\/wp-content\/uploads\/2026\/01\/voltera_003-1024x683.png\" alt=\"\" class=\"wp-image-42\" style=\"border-radius:12px\" srcset=\"https:\/\/voltera.ch\/wp-content\/uploads\/2026\/01\/voltera_003-1024x683.png 1024w, https:\/\/voltera.ch\/wp-content\/uploads\/2026\/01\/voltera_003-600x400.png 600w, https:\/\/voltera.ch\/wp-content\/uploads\/2026\/01\/voltera_003-300x200.png 300w, https:\/\/voltera.ch\/wp-content\/uploads\/2026\/01\/voltera_003-768x512.png 768w, https:\/\/voltera.ch\/wp-content\/uploads\/2026\/01\/voltera_003.png 1536w\" sizes=\"auto, (max-width: 1024px) 100vw, 1024px\" \/><\/figure>\n<\/div>\n<\/div>\n<\/div>\n<\/div>\n\n\n<p><!-- ============================\n     Know-how Transfer: motics \u2192 Voltera\n     ============================ --><\/p>\n\n\n<div class=\"wp-block-group voltera-knowhow is-layout-flow wp-block-group-is-layout-flow\" style=\"padding-top:80px;padding-bottom:80px\">\n<div class=\"wp-block-group is-layout-constrained wp-container-core-group-is-layout-5fb0786f wp-block-group-is-layout-constrained\">\n<h2 class=\"wp-block-heading has-text-align-center\">Savoir-faire approfondi. Directement pour vous.<\/h2>\n\n\n\n<p class=\"has-text-align-center has-medium-font-size\" style=\"margin-bottom:50px\">Ce que Motics a appris dans l'\u00e9lectromobilit\u00e9, Voltera l'apporte dans votre maison<\/p>\n\n\n\n<div class=\"wp-block-columns is-layout-flex wp-container-core-columns-is-layout-13e94aa7 wp-block-columns-is-layout-flex\">\n<div class=\"wp-block-column is-layout-flow wp-block-column-is-layout-flow\">\n<div class=\"wp-block-group has-border-color has-white-background-color has-background is-layout-flow wp-block-group-is-layout-flow\" style=\"border-color:#e0e0e0;border-width:1px;border-radius:12px;padding-top:30px;padding-right:25px;padding-bottom:30px;padding-left:25px\">\n<h4 class=\"wp-block-heading has-text-align-center has-text-color\" style=\"color:#1a73e8\">Technologie des batteries<\/h4>\n\n\n\n<p class=\"has-text-align-center has-text-color\" style=\"color:#666666;font-size:14px\">Des ann\u00e9es d'exp\u00e9rience avec des syst\u00e8mes de batteries haute performance dans des environnements extr\u00eames \u2013 des sites miniers aux chantiers de construction. Ce savoir-faire garantit des solutions de stockage s\u00fbres et durables.<\/p>\n<\/div>\n<\/div>\n\n\n\n<div class=\"wp-block-column is-layout-flow wp-block-column-is-layout-flow\">\n<div class=\"wp-block-group has-border-color has-white-background-color has-background is-layout-flow wp-block-group-is-layout-flow\" style=\"border-color:#e0e0e0;border-width:1px;border-radius:12px;padding-top:30px;padding-right:25px;padding-bottom:30px;padding-left:25px\">\n<h4 class=\"wp-block-heading has-text-align-center has-text-color\" style=\"color:#1a73e8\">\u00c9lectronique de puissance<\/h4>\n\n\n\n<p class=\"has-text-align-center has-text-color\" style=\"color:#666666;font-size:14px\">motics d\u00e9veloppe des syst\u00e8mes de propulsion \u00e9lectriques qui remplacent les moteurs diesel. Cette compr\u00e9hension approfondie des flux d'\u00e9nergie et de la technologie des onduleurs se refl\u00e8te dans le conseil en stockage.<\/p>\n<\/div>\n<\/div>\n\n\n\n<div class=\"wp-block-column is-layout-flow wp-block-column-is-layout-flow\">\n<div class=\"wp-block-group has-border-color has-white-background-color has-background is-layout-flow wp-block-group-is-layout-flow\" style=\"border-color:#e0e0e0;border-width:1px;border-radius:12px;padding-top:30px;padding-right:25px;padding-bottom:30px;padding-left:25px\">\n<h4 class=\"wp-block-heading has-text-align-center has-text-color\" style=\"color:#1a73e8\">Plateformes num\u00e9riques<\/h4>\n\n\n\n<p class=\"has-text-align-center has-text-color\" style=\"color:#666666;font-size:14px\">Smart &amp; Connect\u00e9 est un principe cl\u00e9 de motics. Maintenance pr\u00e9dictive, surveillance en temps r\u00e9el et flux de travail num\u00e9riques \u2013 le tout sur la plateforme Voltera pour votre projet.<\/p>\n<\/div>\n<\/div>\n<\/div>\n<\/div>\n<\/div>\n\n\n<p><!-- ============================\n     Werte\n     ============================ --><\/p>\n\n\n<div class=\"wp-block-group voltera-values has-light-gray-background-color has-background is-layout-flow wp-block-group-is-layout-flow\" style=\"padding-top:80px;padding-bottom:80px\">\n<div class=\"wp-block-group is-layout-constrained wp-container-core-group-is-layout-5fb0786f wp-block-group-is-layout-constrained\">\n<h2 class=\"wp-block-heading has-text-align-center\">Nos valeurs<\/h2>\n\n\n\n<p class=\"has-text-align-center\" style=\"margin-bottom:50px\">Ce qui nous anime chaque jour<\/p>\n\n\n\n<div class=\"wp-block-columns is-layout-flex wp-container-core-columns-is-layout-13e94aa7 wp-block-columns-is-layout-flex\">\n<div class=\"wp-block-column is-layout-flow wp-block-column-is-layout-flow\">\n<div class=\"wp-block-group has-white-background-color has-background is-layout-flow wp-block-group-is-layout-flow\" style=\"border-radius:12px;padding-top:35px;padding-right:25px;padding-bottom:35px;padding-left:25px\">\n<h3 class=\"wp-block-heading has-text-align-center has-text-color\" style=\"color:#1a73e8;font-size:36px\">\ud83c\udfaf<\/h3>\n\n\n\n<h4 class=\"wp-block-heading has-text-align-center\">Transparence<\/h4>\n\n\n\n<p class=\"has-text-align-center has-text-color\" style=\"color:#666666;font-size:14px\">Prix clairs, communication ouverte, pas de frais cach\u00e9s. Vous savez toujours \u00e0 quoi vous attendre \u2013 du premier clic \u00e0 la remise.<\/p>\n<\/div>\n<\/div>\n\n\n\n<div class=\"wp-block-column is-layout-flow wp-block-column-is-layout-flow\">\n<div class=\"wp-block-group has-white-background-color has-background is-layout-flow wp-block-group-is-layout-flow\" style=\"border-radius:12px;padding-top:35px;padding-right:25px;padding-bottom:35px;padding-left:25px\">\n<h3 class=\"wp-block-heading has-text-align-center has-text-color\" style=\"color:#1a73e8;font-size:36px\">Bouclier<\/h3>\n\n\n\n<h4 class=\"wp-block-heading has-text-align-center\">Qualit\u00e9<\/h4>\n\n\n\n<p class=\"has-text-align-center has-text-color\" style=\"color:#666666;font-size:14px\">Nous travaillons uniquement avec des partenaires certifi\u00e9s et des produits de haute qualit\u00e9. L'ing\u00e9nierie suisse de motics et modual \u2013 pour votre s\u00e9curit\u00e9 et votre satisfaction.<\/p>\n<\/div>\n<\/div>\n\n\n\n<div class=\"wp-block-column is-layout-flow wp-block-column-is-layout-flow\">\n<div class=\"wp-block-group has-white-background-color has-background is-layout-flow wp-block-group-is-layout-flow\" style=\"border-radius:12px;padding-top:35px;padding-right:25px;padding-bottom:35px;padding-left:25px\">\n<h3 class=\"wp-block-heading has-text-align-center has-text-color\" style=\"color:#1a73e8;font-size:36px\">\u267b\ufe0f<\/h3>\n\n\n\n<h4 class=\"wp-block-heading has-text-align-center\">Durabilit\u00e9<\/h4>\n\n\n\n<p class=\"has-text-align-center has-text-color\" style=\"color:#666666;font-size:14px\">Batteries de seconde vie, ~60% de CO\u2082 en moins, \u00e9conomie circulaire. La durabilit\u00e9 n'est pas du marketing \u2013 c'est notre mod\u00e8le \u00e9conomique.<\/p>\n<\/div>\n<\/div>\n\n\n\n<div class=\"wp-block-column is-layout-flow wp-block-column-is-layout-flow\">\n<div class=\"wp-block-group has-white-background-color has-background is-layout-flow wp-block-group-is-layout-flow\" style=\"border-radius:12px;padding-top:35px;padding-right:25px;padding-bottom:35px;padding-left:25px\">\n<h3 class=\"wp-block-heading has-text-align-center has-text-color\" style=\"color:#1a73e8;font-size:36px\">\ud83d\ude80<\/h3>\n\n\n\n<h4 class=\"wp-block-heading has-text-align-center\">Innovation<\/h4>\n\n\n\n<p class=\"has-text-align-center has-text-color\" style=\"color:#666666;font-size:14px\">Plateforme num\u00e9rique, suivi bas\u00e9 sur l'IA, recherche automatique d'installateurs. Nous utilisons la technologie pour vous simplifier le processus.<\/p>\n<\/div>\n<\/div>\n<\/div>\n<\/div>\n<\/div>\n\n\n<p><!-- ============================\n     \u00d6kosystem: motics + modual + Voltera\n     ============================ --><\/p>\n\n\n<div class=\"wp-block-group voltera-ecosystem is-layout-flow wp-block-group-is-layout-flow\" style=\"padding-top:80px;padding-bottom:80px\">\n<div class=\"wp-block-group is-layout-constrained wp-container-core-group-is-layout-5fb0786f wp-block-group-is-layout-constrained\">\n<h2 class=\"wp-block-heading has-text-align-center\">Notre \u00e9cosyst\u00e8me<\/h2>\n\n\n\n<p class=\"has-text-align-center\" style=\"margin-bottom:50px\">Trois entreprises, un objectif : acc\u00e9l\u00e9rer la transition \u00e9nerg\u00e9tique<\/p>\n\n\n\n<div class=\"wp-block-columns is-layout-flex wp-container-core-columns-is-layout-92515837 wp-block-columns-is-layout-flex\">\n<div class=\"wp-block-column is-layout-flow wp-block-column-is-layout-flow\">\n<div class=\"wp-block-group has-border-color has-white-background-color has-background is-layout-flow wp-block-group-is-layout-flow\" style=\"border-color:#e0e0e0;border-width:1px;border-radius:12px;padding-top:35px;padding-right:25px;padding-bottom:35px;padding-left:25px\">\n<figure class=\"wp-block-image aligncenter size-medium\" style=\"margin-bottom:15px\"><img loading=\"lazy\" decoding=\"async\" width=\"300\" height=\"73\" src=\"https:\/\/voltera.ch\/wp-content\/uploads\/2026\/02\/motics-logo-300x73.webp\" alt=\"\" class=\"wp-image-639\" srcset=\"https:\/\/voltera.ch\/wp-content\/uploads\/2026\/02\/motics-logo-300x73.webp 300w, https:\/\/voltera.ch\/wp-content\/uploads\/2026\/02\/motics-logo.webp 512w\" sizes=\"auto, (max-width: 300px) 100vw, 300px\" \/><\/figure>\n\n\n\n<h3 class=\"wp-block-heading has-text-align-center\" style=\"font-size:20px\">motics AG<\/h3>\n\n\n\n<p class=\"has-text-align-center has-text-color\" style=\"color:#1a73e8;font-size:13px;font-style:normal;font-weight:600\">Soci\u00e9t\u00e9 m\u00e8re<\/p>\n\n\n\n<p class=\"has-text-align-center has-text-color\" style=\"color:#666666;font-size:14px\">\u00c9lectrification des machines diesel. Expertise approfondie en technologie des batteries, \u00e9lectronique de puissance et syst\u00e8mes d'entra\u00eenement \u00e9lectriques. Swiss Engineering pour l'industrie, les mines et la construction.<\/p>\n\n\n\n<div class=\"wp-block-buttons is-content-justification-center is-layout-flex wp-container-core-buttons-is-layout-61fe217d wp-block-buttons-is-layout-flex\" style=\"margin-top:15px\">\n<div class=\"wp-block-button is-style-outline is-style-outline--2\" style=\"font-size:13px\"><a class=\"wp-block-button__link wp-element-button\" href=\"https:\/\/www.motics.ch\" target=\"_blank\" rel=\"noopener\">www.motics.ch<\/a><\/div>\n<\/div>\n<\/div>\n<\/div>\n\n\n\n<div class=\"wp-block-column is-layout-flow wp-block-column-is-layout-flow\">\n<div class=\"wp-block-group has-border-color has-white-background-color has-background is-layout-flow wp-block-group-is-layout-flow\" style=\"border-color:#1a73e8;border-width:2px;border-radius:12px;padding-top:35px;padding-right:25px;padding-bottom:35px;padding-left:25px\">\n<figure class=\"wp-block-image aligncenter size-medium is-resized\" style=\"margin-bottom:15px\"><img loading=\"lazy\" decoding=\"async\" width=\"300\" height=\"195\" src=\"https:\/\/voltera.ch\/wp-content\/uploads\/2026\/02\/voltera_logo-300x195.png\" alt=\"\" class=\"wp-image-866\" style=\"width:150px\" srcset=\"https:\/\/voltera.ch\/wp-content\/uploads\/2026\/02\/voltera_logo-300x195.png 300w, https:\/\/voltera.ch\/wp-content\/uploads\/2026\/02\/voltera_logo-600x390.png 600w, https:\/\/voltera.ch\/wp-content\/uploads\/2026\/02\/voltera_logo.png 637w\" sizes=\"auto, (max-width: 300px) 100vw, 300px\" \/><\/figure>\n\n\n\n<h3 class=\"wp-block-heading has-text-align-center\" style=\"font-size:20px\">Voltera<\/h3>\n\n\n\n<p class=\"has-text-align-center has-text-color\" style=\"color:#1a73e8;font-size:13px;font-style:normal;font-weight:600\">Marque de motics AG<\/p>\n\n\n\n<p class=\"has-text-align-center has-text-color\" style=\"color:#666666;font-size:14px\">Solutions de stockage par batterie cl\u00e9s en main pour les foyers et les entreprises suisses. Plateforme num\u00e9rique, r\u00e9seau d'installateurs \u00e9prouv\u00e9, financement flexible. La transition \u00e9nerg\u00e9tique \u2013 simplifi\u00e9e.<\/p>\n\n\n\n<div class=\"wp-block-buttons is-content-justification-center is-layout-flex wp-container-core-buttons-is-layout-61fe217d wp-block-buttons-is-layout-flex\" style=\"margin-top:15px\">\n<div class=\"wp-block-button is-style-fill\" style=\"font-size:13px\"><a class=\"wp-block-button__link has-vivid-cyan-blue-background-color has-background wp-element-button\" href=\"\/fr\/configurateur\/\">Configurer maintenant<\/a><\/div>\n<\/div>\n<\/div>\n<\/div>\n\n\n\n<div class=\"wp-block-column is-layout-flow wp-block-column-is-layout-flow\">\n<div class=\"wp-block-group has-border-color has-white-background-color has-background is-layout-flow wp-block-group-is-layout-flow\" style=\"border-color:#e0e0e0;border-width:1px;border-radius:12px;padding-top:35px;padding-right:25px;padding-bottom:35px;padding-left:25px\">\n<figure class=\"wp-block-image aligncenter size-medium\" style=\"margin-bottom:15px\"><img loading=\"lazy\" decoding=\"async\" width=\"300\" height=\"83\" src=\"https:\/\/voltera.ch\/wp-content\/uploads\/2026\/02\/modual-logo-300x83.avif\" alt=\"\" class=\"wp-image-638\" srcset=\"https:\/\/voltera.ch\/wp-content\/uploads\/2026\/02\/modual-logo-300x83.avif 300w, https:\/\/voltera.ch\/wp-content\/uploads\/2026\/02\/modual-logo-1024x283.avif 1024w, https:\/\/voltera.ch\/wp-content\/uploads\/2026\/02\/modual-logo-768x212.avif 768w, https:\/\/voltera.ch\/wp-content\/uploads\/2026\/02\/modual-logo-1536x424.avif 1536w, https:\/\/voltera.ch\/wp-content\/uploads\/2026\/02\/modual-logo-600x166.avif 600w, https:\/\/voltera.ch\/wp-content\/uploads\/2026\/02\/modual-logo.avif 2048w\" sizes=\"auto, (max-width: 300px) 100vw, 300px\" \/><\/figure>\n\n\n\n<h3 class=\"wp-block-heading has-text-align-center\" style=\"font-size:20px\">modual SA<\/h3>\n\n\n\n<p class=\"has-text-align-center has-text-color\" style=\"color:#1a73e8;font-size:13px;font-style:normal;font-weight:600\">Partenaire technologique<\/p>\n\n\n\n<p class=\"has-text-align-center has-text-color\" style=\"color:#666666;font-size:14px\">Solutions de stockage de batteries durables de seconde vie, d\u00e9velopp\u00e9es et fabriqu\u00e9es en Suisse. BMS int\u00e9gr\u00e9, technologie LiFePO4, garantie de 10 ans. De 11,5 kWh \u00e0 la plage des MWh.<\/p>\n\n\n\n<div class=\"wp-block-buttons is-content-justification-center is-layout-flex wp-container-core-buttons-is-layout-61fe217d wp-block-buttons-is-layout-flex\" style=\"margin-top:15px\">\n<div class=\"wp-block-button is-style-outline is-style-outline--3\" style=\"font-size:13px\"><a class=\"wp-block-button__link wp-element-button\" href=\"https:\/\/www.modual.ch\" target=\"_blank\" rel=\"noopener\">www.modual.ch<\/a><\/div>\n<\/div>\n<\/div>\n<\/div>\n<\/div>\n<\/div>\n<\/div>\n\n\n<p><!-- ============================\n     Gr\u00fcnder\n     ============================ --><\/p>\n<p><!-- ============================\n     Zahlen & Fakten\n     ============================ --><\/p>\n\n\n<div class=\"wp-block-group voltera-about-stats is-layout-flow wp-block-group-is-layout-flow\" style=\"padding-top:60px;padding-bottom:60px\">\n<div class=\"wp-block-group is-layout-constrained wp-container-core-group-is-layout-704e782a wp-block-group-is-layout-constrained\">\n<div class=\"wp-block-columns is-layout-flex wp-container-core-columns-is-layout-28f84493 wp-block-columns-is-layout-flex\">\n<div class=\"wp-block-column is-layout-flow wp-block-column-is-layout-flow\">\n<h3 class=\"wp-block-heading has-text-align-center has-text-color\" style=\"color:#1a73e8;font-size:42px\">3 marques<\/h3>\n\n\n\n<p class=\"has-text-align-center has-text-color\" style=\"color:#666666;font-size:14px\"><strong>modulaire + motricit\u00e9 + Volterra<\/strong><br>\u00c9lectromobilit\u00e9 et transition \u00e9nerg\u00e9tique<\/p>\n<\/div>\n\n\n\n<div class=\"wp-block-column is-layout-flow wp-block-column-is-layout-flow\">\n<h3 class=\"wp-block-heading has-text-align-center has-text-color\" style=\"color:#1a73e8;font-size:42px\">50+<\/h3>\n\n\n\n<p class=\"has-text-align-center has-text-color\" style=\"color:#666666;font-size:14px\"><strong>Installateurs partenaires<\/strong><br>Dans tous les cantons<\/p>\n<\/div>\n\n\n\n<div class=\"wp-block-column is-layout-flow wp-block-column-is-layout-flow\">\n<h3 class=\"wp-block-heading has-text-align-center has-text-color\" style=\"color:#1a73e8;font-size:42px\">100%<\/h3>\n\n\n\n<p class=\"has-text-align-center has-text-color\" style=\"color:#666666;font-size:14px\"><strong>Ing\u00e9nierie Suisse<\/strong><br>D\u00e9veloppement en Suisse<\/p>\n<\/div>\n\n\n\n<div class=\"wp-block-column is-layout-flow wp-block-column-is-layout-flow\">\n<h3 class=\"wp-block-heading has-text-align-center has-text-color\" style=\"color:#1a73e8;font-size:42px\">~60%<\/h3>\n\n\n\n<p class=\"has-text-align-center has-text-color\" style=\"color:#666666;font-size:14px\"><strong>Moins de CO\u2082<\/strong><br>Gr\u00e2ce \u00e0 la technologie Second Life<\/p>\n<\/div>\n<\/div>\n<\/div>\n<\/div>\n\n\n<p><!-- ============================\n     Weiterf\u00fchrende Seiten\n     ============================ --><\/p>\n\n\n<div class=\"wp-block-group voltera-about-links has-light-gray-background-color has-background is-layout-flow wp-block-group-is-layout-flow\" style=\"padding-top:80px;padding-bottom:80px\">\n<div class=\"wp-block-group is-layout-constrained wp-container-core-group-is-layout-5fb0786f wp-block-group-is-layout-constrained\">\n<h2 class=\"wp-block-heading has-text-align-center\">En savoir plus<\/h2>\n\n\n\n<p class=\"has-text-align-center\" style=\"margin-bottom:50px\">Approfondissez vos connaissances sur nos produits, processus et partenaires<\/p>\n\n\n\n<div class=\"wp-block-columns is-layout-flex wp-container-core-columns-is-layout-13e94aa7 wp-block-columns-is-layout-flex\">\n<div class=\"wp-block-column is-layout-flow wp-block-column-is-layout-flow\">\n<div class=\"wp-block-group has-white-background-color has-background is-layout-flow wp-block-group-is-layout-flow\" style=\"border-radius:12px;padding-top:30px;padding-right:25px;padding-bottom:30px;padding-left:25px\">\n<h4 class=\"wp-block-heading has-text-align-center\">Technologie<\/h4>\n\n\n\n<p class=\"has-text-align-center has-text-color\" style=\"color:#666666;font-size:14px\">Seconde Vie, stockage de modual en d\u00e9tail<\/p>\n\n\n\n<div class=\"wp-block-buttons is-content-justification-center is-layout-flex wp-container-core-buttons-is-layout-a89b3969 wp-block-buttons-is-layout-flex\">\n<div class=\"wp-block-button has-custom-width wp-block-button__width-100 is-style-outline is-style-outline--4\"><a class=\"wp-block-button__link has-custom-font-size wp-element-button\" href=\"\/fr\/technologie\/\" style=\"font-size:13px\">D\u00e9couvrir<\/a><\/div>\n<\/div>\n<\/div>\n<\/div>\n\n\n\n<div class=\"wp-block-column is-layout-flow wp-block-column-is-layout-flow\">\n<div class=\"wp-block-group has-white-background-color has-background is-layout-flow wp-block-group-is-layout-flow\" style=\"border-radius:12px;padding-top:30px;padding-right:25px;padding-bottom:30px;padding-left:25px\">\n<h4 class=\"wp-block-heading has-text-align-center\">Financement<\/h4>\n\n\n\n<p class=\"has-text-align-center has-text-color\" style=\"color:#666666;font-size:14px\">Comparer 3 mod\u00e8les de paiement flexibles<\/p>\n\n\n\n<div class=\"wp-block-buttons is-content-justification-center is-layout-flex wp-container-core-buttons-is-layout-a89b3969 wp-block-buttons-is-layout-flex\">\n<div class=\"wp-block-button has-custom-width wp-block-button__width-100 is-style-outline is-style-outline--5\"><a class=\"wp-block-button__link has-custom-font-size wp-element-button\" href=\"\/fr\/lorfinancement\/\" style=\"font-size:13px\">Comparer<\/a><\/div>\n<\/div>\n<\/div>\n<\/div>\n\n\n\n<div class=\"wp-block-column is-layout-flow wp-block-column-is-layout-flow\">\n<div class=\"wp-block-group has-white-background-color has-background is-layout-flow wp-block-group-is-layout-flow\" style=\"border-radius:12px;padding-top:30px;padding-right:25px;padding-bottom:30px;padding-left:25px\">\n<h4 class=\"wp-block-heading has-text-align-center\">Comment \u00e7a marche<\/h4>\n\n\n\n<p class=\"has-text-align-center has-text-color\" style=\"color:#666666;font-size:14px\">7 \u00e9tapes pour le stockage par batterie<\/p>\n\n\n\n<div class=\"wp-block-buttons is-content-justification-center is-layout-flex wp-container-core-buttons-is-layout-a89b3969 wp-block-buttons-is-layout-flex\">\n<div class=\"wp-block-button has-custom-width wp-block-button__width-100 is-style-outline is-style-outline--6\"><a class=\"wp-block-button__link has-custom-font-size wp-element-button\" href=\"\/fr\/wie-es-funktioniert\/\" style=\"font-size:13px\">Regarder<\/a><\/div>\n<\/div>\n<\/div>\n<\/div>\n\n\n\n<div class=\"wp-block-column is-layout-flow wp-block-column-is-layout-flow\">\n<div class=\"wp-block-group has-white-background-color has-background is-layout-flow wp-block-group-is-layout-flow\" style=\"border-radius:12px;padding-top:30px;padding-right:25px;padding-bottom:30px;padding-left:25px\">\n<h4 class=\"wp-block-heading has-text-align-center\">R\u00e9seau de partenaires<\/h4>\n\n\n\n<p class=\"has-text-align-center has-text-color\" style=\"color:#666666;font-size:14px\">Plus de 50 installateurs qualifi\u00e9s<\/p>\n\n\n\n<div class=\"wp-block-buttons is-content-justification-center is-layout-flex wp-container-core-buttons-is-layout-a89b3969 wp-block-buttons-is-layout-flex\">\n<div class=\"wp-block-button has-custom-width wp-block-button__width-100 is-style-outline is-style-outline--7\"><a class=\"wp-block-button__link has-custom-font-size wp-element-button\" href=\"\/fr\/partner-netzwerk\/\" style=\"font-size:13px\">Regarder<\/a><\/div>\n<\/div>\n<\/div>\n<\/div>\n<\/div>\n<\/div>\n<\/div>\n\n\n<p><!-- ============================\n     CTA\n     ============================ --><\/p>\n\n\n<div class=\"wp-block-group has-vivid-cyan-blue-to-vivid-purple-gradient-background has-background is-layout-flow wp-block-group-is-layout-flow\" style=\"padding-top:80px;padding-bottom:80px\">\n<div class=\"wp-block-group is-layout-constrained wp-container-core-group-is-layout-bea02a06 wp-block-group-is-layout-constrained\">\n<h2 class=\"wp-block-heading has-text-align-center has-white-color has-text-color\">Pr\u00eat \u00e0 d\u00e9marrer avec nous ?<\/h2>\n\n\n\n<p class=\"has-text-align-center has-white-color has-text-color has-medium-font-size\">Faites partie de la transition \u00e9nerg\u00e9tique \u2013 simplement, en toute transparence, sans souci. Configurez d\u00e8s maintenant votre syst\u00e8me de stockage par batterie durable.<\/p>\n\n\n\n<div class=\"wp-block-buttons is-content-justification-center is-layout-flex wp-container-core-buttons-is-layout-69d6e20c wp-block-buttons-is-layout-flex\" style=\"margin-top:35px\">\n<div class=\"wp-block-button is-style-fill\"><a class=\"wp-block-button__link has-vivid-cyan-blue-color has-white-background-color has-text-color has-background has-custom-font-size wp-element-button\" href=\"\/fr\/configurateur\/\" style=\"font-size:18px;font-style:normal;font-weight:600\">Configurer maintenant<\/a><\/div>\n\n\n\n<div class=\"wp-block-button is-style-outline is-style-outline--8\"><a class=\"wp-block-button__link has-white-color has-text-color has-custom-font-size wp-element-button\" href=\"\/fr\/contact\/\" style=\"font-size:16px\">Prendre contact<\/a><\/div>\n<\/div>\n\n\n\n<p class=\"has-text-align-center has-white-color has-text-color\" style=\"margin-top:20px;font-size:14px\">Ou appelez-nous : <strong>041 562 63 45<\/strong>  \u2013 gratuit et sans engagement<\/p>\n<\/div>\n<\/div>","protected":false},"excerpt":{"rendered":"<p>Der Kopf Hinter Voltera Warum Sie Voltera vertrauen k\u00f6nnen Hinter Voltera steht nicht nur eine Idee, sondern ein gewachsenes \u00d6kosystem [&hellip;]<\/p>\n","protected":false},"author":1,"featured_media":0,"parent":0,"menu_order":0,"comment_status":"closed","ping_status":"closed","template":"","meta":{"site-sidebar-layout":"default","site-content-layout":"","ast-site-content-layout":"default","site-content-style":"default","site-sidebar-style":"default","ast-global-header-display":"","ast-banner-title-visibility":"","ast-main-header-display":"","ast-hfb-above-header-display":"","ast-hfb-below-header-display":"","ast-hfb-mobile-header-display":"","site-post-title":"disabled","ast-breadcrumbs-content":"","ast-featured-img":"","footer-sml-layout":"","ast-disable-related-posts":"","theme-transparent-header-meta":"","adv-header-id-meta":"","stick-header-meta":"","header-above-stick-meta":"","header-main-stick-meta":"","header-below-stick-meta":"","astra-migrate-meta-layouts":"default","ast-page-background-enabled":"default","ast-page-background-meta":{"desktop":{"background-color":"var(--ast-global-color-5)","background-image":"","background-repeat":"repeat","background-position":"center center","background-size":"auto","background-attachment":"scroll","background-type":"","background-media":"","overlay-type":"","overlay-color":"","overlay-opacity":"","overlay-gradient":""},"tablet":{"background-color":"","background-image":"","background-repeat":"repeat","background-position":"center center","background-size":"auto","background-attachment":"scroll","background-type":"","background-media":"","overlay-type":"","overlay-color":"","overlay-opacity":"","overlay-gradient":""},"mobile":{"background-color":"","background-image":"","background-repeat":"repeat","background-position":"center center","background-size":"auto","background-attachment":"scroll","background-type":"","background-media":"","overlay-type":"","overlay-color":"","overlay-opacity":"","overlay-gradient":""}},"ast-content-background-meta":{"desktop":{"background-color":"var(--ast-global-color-4)","background-image":"","background-repeat":"repeat","background-position":"center center","background-size":"auto","background-attachment":"scroll","background-type":"","background-media":"","overlay-type":"","overlay-color":"","overlay-opacity":"","overlay-gradient":""},"tablet":{"background-color":"var(--ast-global-color-4)","background-image":"","background-repeat":"repeat","background-position":"center center","background-size":"auto","background-attachment":"scroll","background-type":"","background-media":"","overlay-type":"","overlay-color":"","overlay-opacity":"","overlay-gradient":""},"mobile":{"background-color":"var(--ast-global-color-4)","background-image":"","background-repeat":"repeat","background-position":"center center","background-size":"auto","background-attachment":"scroll","background-type":"","background-media":"","overlay-type":"","overlay-color":"","overlay-opacity":"","overlay-gradient":""}},"footnotes":""},"class_list":["post-635","page","type-page","status-publish","hentry"],"_links":{"self":[{"href":"https:\/\/voltera.ch\/fr\/wp-json\/wp\/v2\/pages\/635","targetHints":{"allow":["GET"]}}],"collection":[{"href":"https:\/\/voltera.ch\/fr\/wp-json\/wp\/v2\/pages"}],"about":[{"href":"https:\/\/voltera.ch\/fr\/wp-json\/wp\/v2\/types\/page"}],"author":[{"embeddable":true,"href":"https:\/\/voltera.ch\/fr\/wp-json\/wp\/v2\/users\/1"}],"replies":[{"embeddable":true,"href":"https:\/\/voltera.ch\/fr\/wp-json\/wp\/v2\/comments?post=635"}],"version-history":[{"count":7,"href":"https:\/\/voltera.ch\/fr\/wp-json\/wp\/v2\/pages\/635\/revisions"}],"predecessor-version":[{"id":1333,"href":"https:\/\/voltera.ch\/fr\/wp-json\/wp\/v2\/pages\/635\/revisions\/1333"}],"wp:attachment":[{"href":"https:\/\/voltera.ch\/fr\/wp-json\/wp\/v2\/media?parent=635"}],"curies":[{"name":"wp","href":"https:\/\/api.w.org\/{rel}","templated":true}]}}