{"id":631,"date":"2026-02-13T12:00:00","date_gmt":"2026-02-13T11:00:00","guid":{"rendered":"https:\/\/voltera.ch\/?page_id=5"},"modified":"2026-02-16T13:12:15","modified_gmt":"2026-02-16T13:12:15","slug":"reseau-partenaire-2","status":"publish","type":"page","link":"https:\/\/voltera.ch\/fr\/partner-netzwerk-2\/","title":{"rendered":"R\u00e9seau de partenaires"},"content":{"rendered":"<p><!-- ============================\n     HERO\n     ============================ --><\/p>\n\n\n<div class=\"wp-block-cover alignfull is-light\" style=\"min-height:500px;aspect-ratio:unset;\"><img loading=\"lazy\" decoding=\"async\" width=\"1024\" height=\"640\" class=\"wp-block-cover__image-background wp-image-436 size-large\" alt=\"\" src=\"https:\/\/voltera.ch\/wp-content\/uploads\/2026\/02\/ZZ-virtual-power-plant-1024x640.jpg\" data-object-fit=\"cover\" srcset=\"https:\/\/voltera.ch\/wp-content\/uploads\/2026\/02\/ZZ-virtual-power-plant-1024x640.jpg 1024w, https:\/\/voltera.ch\/wp-content\/uploads\/2026\/02\/ZZ-virtual-power-plant-300x188.jpg 300w, https:\/\/voltera.ch\/wp-content\/uploads\/2026\/02\/ZZ-virtual-power-plant-768x480.jpg 768w, https:\/\/voltera.ch\/wp-content\/uploads\/2026\/02\/ZZ-virtual-power-plant-600x375.jpg 600w, https:\/\/voltera.ch\/wp-content\/uploads\/2026\/02\/ZZ-virtual-power-plant.jpg 1440w\" sizes=\"auto, (max-width: 1024px) 100vw, 1024px\" \/><span aria-hidden=\"true\" class=\"wp-block-cover__background has-background-dim wp-block-cover__gradient-background has-background-gradient has-vivid-cyan-blue-to-vivid-purple-gradient-background\" style=\"background-color:#8e8182\"><\/span><div class=\"wp-block-cover__inner-container is-layout-flow wp-block-cover-is-layout-flow\">\n<h1 class=\"wp-block-heading has-text-align-center has-white-color has-text-color\" style=\"font-size:48px\">50+ plombiers qualifi\u00e9s.<br>Dans votre voisinage.<\/h1>\n\n\n\n<p class=\"has-text-align-center has-white-color has-text-color has-large-font-size\">Notre r\u00e9seau national garantit des d\u00e9lais courts, la plus haute qualit\u00e9 et une installation professionnelle de votre syst\u00e8me de stockage par batterie.<\/p>\n\n\n\n<div class=\"wp-block-buttons is-content-justification-center is-layout-flex wp-container-core-buttons-is-layout-bf2913bc wp-block-buttons-is-layout-flex\" style=\"margin-top:30px\">\n<div class=\"wp-block-button is-style-fill\"><a class=\"wp-block-button__link has-vivid-cyan-blue-color has-white-background-color has-text-color has-background wp-element-button\" href=\"\/fr\/configurateur\/\">Configurer le stockage<\/a><\/div>\n\n\n\n<div class=\"wp-block-button is-style-outline is-style-outline--1\"><a class=\"wp-block-button__link has-white-color has-text-color wp-element-button\" href=\"#partner-werden\">Installateur ? Devenir partenaire<\/a><\/div>\n<\/div>\n<\/div><\/div>\n\n\n<p><!-- ============================\n     Trust-Leiste\n     ============================ --><\/p>\n\n\n<div class=\"wp-block-group has-white-background-color has-background is-layout-flow wp-block-group-is-layout-flow\" style=\"border-bottom-color:#e0e0e0;border-bottom-width:1px;padding-top:25px;padding-bottom:25px\">\n<div class=\"wp-block-columns are-vertically-aligned-center is-stacked-on-mobile is-layout-flex wp-container-core-columns-is-layout-28f84493 wp-block-columns-is-layout-flex\">\n<div class=\"wp-block-column is-vertically-aligned-center is-layout-flow wp-block-column-is-layout-flow\">\n<p class=\"has-text-align-center\" style=\"font-size:14px;font-style:normal;font-weight:600\">\u2705 \u00c9lectriciens certifi\u00e9s<\/p>\n<\/div>\n\n\n\n<div class=\"wp-block-column is-vertically-aligned-center is-layout-flow wp-block-column-is-layout-flow\">\n<p class=\"has-text-align-center\" style=\"font-size:14px;font-style:normal;font-weight:600\">\u2705 \u00c9valu\u00e9 r\u00e9guli\u00e8rement<\/p>\n<\/div>\n\n\n\n<div class=\"wp-block-column is-vertically-aligned-center is-layout-flow wp-block-column-is-layout-flow\">\n<p class=\"has-text-align-center\" style=\"font-size:14px;font-style:normal;font-weight:600\">\u2705 Tous les cantons couverts<\/p>\n<\/div>\n\n\n\n<div class=\"wp-block-column is-vertically-aligned-center is-layout-flow wp-block-column-is-layout-flow\">\n<p class=\"has-text-align-center\" style=\"font-size:14px;font-style:normal;font-weight:600\">\u2705 modulaire<\/p>\n<\/div>\n<\/div>\n<\/div>\n\n\n<p><!-- ============================\n     Qualit\u00e4tsversprechen\n     ============================ --><\/p>\n\n\n<div class=\"wp-block-group voltera-partner-quality is-layout-flow wp-block-group-is-layout-flow\" style=\"padding-top:80px;padding-bottom:80px\">\n<div class=\"wp-block-group is-layout-constrained wp-container-core-group-is-layout-bea02a06 wp-block-group-is-layout-constrained\">\n<h2 class=\"wp-block-heading has-text-align-center\">Qualit\u00e9 sur laquelle vous pouvez compter<\/h2>\n\n\n\n<p class=\"has-text-align-center has-medium-font-size\">Chaque installateur de notre r\u00e9seau passe par un processus d'int\u00e9gration strict. C'est ainsi que nous nous assurons que votre syst\u00e8me de stockage de batterie est install\u00e9 de mani\u00e8re professionnelle et s\u00fbre.<\/p>\n<\/div>\n\n\n\n<div class=\"wp-block-group is-layout-constrained wp-container-core-group-is-layout-1ac74c84 wp-block-group-is-layout-constrained\" style=\"margin-top:60px\">\n<div class=\"wp-block-columns is-layout-flex wp-container-core-columns-is-layout-13e94aa7 wp-block-columns-is-layout-flex\">\n<div class=\"wp-block-column is-layout-flow wp-block-column-is-layout-flow\">\n<div class=\"wp-block-group has-border-color has-white-background-color has-background is-layout-flow wp-block-group-is-layout-flow\" style=\"border-color:#e0e0e0;border-width:1px;border-radius:12px;padding-top:35px;padding-right:25px;padding-bottom:35px;padding-left:25px\">\n<h3 class=\"wp-block-heading has-text-align-center has-text-color\" style=\"color:#1a73e8;font-size:36px\">1<\/h3>\n\n\n\n<h4 class=\"wp-block-heading has-text-align-center\">Certifi\u00e9<\/h4>\n\n\n\n<p class=\"has-text-align-center has-text-color\" style=\"color:#666666;font-size:14px\">Tous les partenaires sont des \u00e9lectriciens certifi\u00e9s avec une exp\u00e9rience av\u00e9r\u00e9e dans les installations PV et les syst\u00e8mes de stockage par batterie. Une preuve d'assurance est obligatoire.<\/p>\n<\/div>\n<\/div>\n\n\n\n<div class=\"wp-block-column is-layout-flow wp-block-column-is-layout-flow\">\n<div class=\"wp-block-group has-border-color has-white-background-color has-background is-layout-flow wp-block-group-is-layout-flow\" style=\"border-color:#e0e0e0;border-width:1px;border-radius:12px;padding-top:35px;padding-right:25px;padding-bottom:35px;padding-left:25px\">\n<h3 class=\"wp-block-heading has-text-align-center has-text-color\" style=\"color:#1a73e8;font-size:36px\">2<\/h3>\n\n\n\n<h4 class=\"wp-block-heading has-text-align-center\">Form\u00e9<\/h4>\n\n\n\n<p class=\"has-text-align-center has-text-color\" style=\"color:#666666;font-size:14px\">Chaque partenaire est sp\u00e9cifiquement form\u00e9 sur le stockage modulaire \u2013 du couplage AC au BMS, en passant par la mise en service. Formations continues r\u00e9guli\u00e8res incluses.<\/p>\n<\/div>\n<\/div>\n\n\n\n<div class=\"wp-block-column is-layout-flow wp-block-column-is-layout-flow\">\n<div class=\"wp-block-group has-border-color has-white-background-color has-background is-layout-flow wp-block-group-is-layout-flow\" style=\"border-color:#e0e0e0;border-width:1px;border-radius:12px;padding-top:35px;padding-right:25px;padding-bottom:35px;padding-left:25px\">\n<h3 class=\"wp-block-heading has-text-align-center has-text-color\" style=\"color:#1a73e8;font-size:36px\">3<\/h3>\n\n\n\n<h4 class=\"wp-block-heading has-text-align-center\">\u00c9valu\u00e9<\/h4>\n\n\n\n<p class=\"has-text-align-center has-text-color\" style=\"color:#666666;font-size:14px\">Apr\u00e8s chaque installation, les clients \u00e9valuent leur installateur. Des \u00e9valuations transparentes et des projets de r\u00e9f\u00e9rence garantissent une qualit\u00e9 constante et \u00e9lev\u00e9e.<\/p>\n<\/div>\n<\/div>\n\n\n\n<div class=\"wp-block-column is-layout-flow wp-block-column-is-layout-flow\">\n<div class=\"wp-block-group has-border-color has-white-background-color has-background is-layout-flow wp-block-group-is-layout-flow\" style=\"border-color:#e0e0e0;border-width:1px;border-radius:12px;padding-top:35px;padding-right:25px;padding-bottom:35px;padding-left:25px\">\n<h3 class=\"wp-block-heading has-text-align-center has-text-color\" style=\"color:#1a73e8;font-size:36px\">4<\/h3>\n\n\n\n<h4 class=\"wp-block-heading has-text-align-center\">Num\u00e9riquement connect\u00e9<\/h4>\n\n\n\n<p class=\"has-text-align-center has-text-color\" style=\"color:#666666;font-size:14px\">Gr\u00e2ce \u00e0 notre plateforme num\u00e9rique, les commandes, les rendez-vous et les documents sont coordonn\u00e9s efficacement. Fini le papier, finis les malentendus.<\/p>\n<\/div>\n<\/div>\n<\/div>\n<\/div>\n<\/div>\n\n\n<p><!-- ============================\n     Schweizweite Abdeckung (Karte + Zahlen)\n     ============================ --><\/p>\n\n\n<div class=\"wp-block-group voltera-coverage has-light-gray-background-color has-background is-layout-flow wp-block-group-is-layout-flow\" style=\"padding-top:80px;padding-bottom:80px\">\n<div class=\"wp-block-group is-layout-constrained wp-container-core-group-is-layout-4383d167 wp-block-group-is-layout-constrained\">\n<h2 class=\"wp-block-heading has-text-align-center\">Couverture nationale<\/h2>\n\n\n\n<p class=\"has-text-align-center\" style=\"margin-bottom:50px\">Peu importe o\u00f9 vous habitez, un partenaire certifi\u00e9 est proche de chez vous<\/p>\n\n\n\n<div class=\"wp-block-columns are-vertically-aligned-center is-layout-flex wp-container-core-columns-is-layout-9b24e0e0 wp-block-columns-is-layout-flex\">\n<div class=\"wp-block-column is-vertically-aligned-center is-layout-flow wp-block-column-is-layout-flow\" style=\"flex-basis:55%\">\n<figure class=\"wp-block-image aligncenter size-large has-custom-border\"><img loading=\"lazy\" decoding=\"async\" width=\"1024\" height=\"756\" src=\"https:\/\/voltera.ch\/wp-content\/uploads\/2026\/02\/Bildschirmfoto-2026-02-02-um-08.13.29-1024x756.png\" alt=\"\" class=\"wp-image-439\" style=\"border-radius:12px\" srcset=\"https:\/\/voltera.ch\/wp-content\/uploads\/2026\/02\/Bildschirmfoto-2026-02-02-um-08.13.29-1024x756.png 1024w, https:\/\/voltera.ch\/wp-content\/uploads\/2026\/02\/Bildschirmfoto-2026-02-02-um-08.13.29-300x222.png 300w, https:\/\/voltera.ch\/wp-content\/uploads\/2026\/02\/Bildschirmfoto-2026-02-02-um-08.13.29-768x567.png 768w, https:\/\/voltera.ch\/wp-content\/uploads\/2026\/02\/Bildschirmfoto-2026-02-02-um-08.13.29-600x443.png 600w, https:\/\/voltera.ch\/wp-content\/uploads\/2026\/02\/Bildschirmfoto-2026-02-02-um-08.13.29.png 1213w\" sizes=\"auto, (max-width: 1024px) 100vw, 1024px\" \/><\/figure>\n<\/div>\n\n\n\n<div class=\"wp-block-column is-vertically-aligned-center is-layout-flow wp-block-column-is-layout-flow\" style=\"flex-basis:45%\">\n<div class=\"wp-block-group has-white-background-color has-background is-layout-flow wp-container-core-group-is-layout-b07b9086 wp-block-group-is-layout-flow\" style=\"border-radius:12px;padding-top:30px;padding-right:30px;padding-bottom:30px;padding-left:30px\">\n<div class=\"wp-block-columns are-vertically-aligned-center is-layout-flex wp-container-core-columns-is-layout-28f84493 wp-block-columns-is-layout-flex\">\n<div class=\"wp-block-column is-vertically-aligned-center is-layout-flow wp-block-column-is-layout-flow\" style=\"flex-basis:30%\">\n<h3 class=\"wp-block-heading has-text-align-center has-text-color\" style=\"color:#1a73e8;font-size:42px\">50+<\/h3>\n<\/div>\n\n\n\n<div class=\"wp-block-column is-vertically-aligned-center is-layout-flow wp-block-column-is-layout-flow\" style=\"flex-basis:70%\">\n<p style=\"font-size:15px\"><strong>Installateurs partenaires certifi\u00e9s<\/strong><br>Certifi\u00e9, assur\u00e9, form\u00e9 aux modules<\/p>\n<\/div>\n<\/div>\n\n\n\n<hr class=\"wp-block-separator has-alpha-channel-opacity is-style-wide\"\/>\n\n\n\n<div class=\"wp-block-columns are-vertically-aligned-center is-layout-flex wp-container-core-columns-is-layout-28f84493 wp-block-columns-is-layout-flex\">\n<div class=\"wp-block-column is-vertically-aligned-center is-layout-flow wp-block-column-is-layout-flow\" style=\"flex-basis:30%\">\n<h3 class=\"wp-block-heading has-text-align-center has-text-color\" style=\"color:#1a73e8;font-size:42px\">26<\/h3>\n<\/div>\n\n\n\n<div class=\"wp-block-column is-vertically-aligned-center is-layout-flow wp-block-column-is-layout-flow\" style=\"flex-basis:70%\">\n<p style=\"font-size:15px\"><strong>Canaux couverts<\/strong><br>De Gen\u00e8ve \u00e0 Saint-Gall, du Tessin \u00e0 B\u00e2le<\/p>\n<\/div>\n<\/div>\n\n\n\n<hr class=\"wp-block-separator has-alpha-channel-opacity is-style-wide\"\/>\n\n\n\n<div class=\"wp-block-columns are-vertically-aligned-center is-layout-flex wp-container-core-columns-is-layout-28f84493 wp-block-columns-is-layout-flex\">\n<div class=\"wp-block-column is-vertically-aligned-center is-layout-flow wp-block-column-is-layout-flow\" style=\"flex-basis:30%\">\n<h3 class=\"wp-block-heading has-text-align-center has-text-color\" style=\"color:#1a73e8;font-size:42px\">1 jour<\/h3>\n<\/div>\n\n\n\n<div class=\"wp-block-column is-vertically-aligned-center is-layout-flow wp-block-column-is-layout-flow\" style=\"flex-basis:70%\">\n<p style=\"font-size:15px\"><strong>Dur\u00e9e d'installation typique<\/strong><br>Montage, raccordement et mise en service<\/p>\n<\/div>\n<\/div>\n\n\n\n<hr class=\"wp-block-separator has-alpha-channel-opacity is-style-wide\"\/>\n\n\n\n<div class=\"wp-block-columns are-vertically-aligned-center is-layout-flex wp-container-core-columns-is-layout-28f84493 wp-block-columns-is-layout-flex\">\n<div class=\"wp-block-column is-vertically-aligned-center is-layout-flow wp-block-column-is-layout-flow\" style=\"flex-basis:30%\">\n<h3 class=\"wp-block-heading has-text-align-center has-text-color\" style=\"color:#16a34a;font-size:42px\">4.8<\/h3>\n<\/div>\n\n\n\n<div class=\"wp-block-column is-vertically-aligned-center is-layout-flow wp-block-column-is-layout-flow\" style=\"flex-basis:70%\">\n<p style=\"font-size:15px\"><strong>Note moyenne des clients<\/strong><br>Sur la base d'avis v\u00e9rifi\u00e9s<\/p>\n<\/div>\n<\/div>\n<\/div>\n<\/div>\n<\/div>\n<\/div>\n<\/div>\n\n\n<p><!-- ============================\n     So funktioniert das Matching\n     ============================ --><\/p>\n\n\n<div class=\"wp-block-group voltera-matching-process is-layout-flow wp-block-group-is-layout-flow\" style=\"padding-top:80px;padding-bottom:80px\">\n<div class=\"wp-block-group is-layout-constrained wp-container-core-group-is-layout-704e782a wp-block-group-is-layout-constrained\">\n<h2 class=\"wp-block-heading has-text-align-center\">Voici comment trouver votre installateur<\/h2>\n\n\n\n<p class=\"has-text-align-center\" style=\"margin-bottom:50px\">Correspondance automatique \u2013 vous n'avez \u00e0 vous soucier de rien<\/p>\n\n\n\n<div class=\"wp-block-columns is-layout-flex wp-container-core-columns-is-layout-f2b4f319 wp-block-columns-is-layout-flex\">\n<div class=\"wp-block-column is-layout-flow wp-block-column-is-layout-flow\">\n<div class=\"wp-block-group has-light-gray-background-color has-background is-layout-flow wp-block-group-is-layout-flow\" style=\"border-radius:12px;padding-top:25px;padding-right:20px;padding-bottom:25px;padding-left:20px\">\n<h3 class=\"wp-block-heading has-text-align-center has-text-color\" style=\"color:#1a73e8;font-size:28px\">1<\/h3>\n\n\n\n<h4 class=\"wp-block-heading has-text-align-center\" style=\"font-size:16px\">Vous configurez<\/h4>\n\n\n\n<p class=\"has-text-align-center has-text-color\" style=\"color:#666666;font-size:13px\">Remplir le configurateur en ligne avec le code postal et les d\u00e9tails du projet<\/p>\n<\/div>\n<\/div>\n\n\n\n<div class=\"wp-block-column is-layout-flow wp-block-column-is-layout-flow\">\n<div class=\"wp-block-group has-light-gray-background-color has-background is-layout-flow wp-block-group-is-layout-flow\" style=\"border-radius:12px;padding-top:25px;padding-right:20px;padding-bottom:25px;padding-left:20px\">\n<h3 class=\"wp-block-heading has-text-align-center has-text-color\" style=\"color:#1a73e8;font-size:28px\">2<\/h3>\n\n\n\n<h4 class=\"wp-block-heading has-text-align-center\" style=\"font-size:16px\">Nous matcchons<\/h4>\n\n\n\n<p class=\"has-text-align-center has-text-color\" style=\"color:#666666;font-size:13px\">L'algorithme trouve le meilleur partenaire en fonction de l'emplacement, de la disponibilit\u00e9 et de la note.<\/p>\n<\/div>\n<\/div>\n\n\n\n<div class=\"wp-block-column is-layout-flow wp-block-column-is-layout-flow\">\n<div class=\"wp-block-group has-light-gray-background-color has-background is-layout-flow wp-block-group-is-layout-flow\" style=\"border-radius:12px;padding-top:25px;padding-right:20px;padding-bottom:25px;padding-left:20px\">\n<h3 class=\"wp-block-heading has-text-align-center has-text-color\" style=\"color:#1a73e8;font-size:28px\">3<\/h3>\n\n\n\n<h4 class=\"wp-block-heading has-text-align-center\" style=\"font-size:16px\">Le terme est coordonn\u00e9<\/h4>\n\n\n\n<p class=\"has-text-align-center has-text-color\" style=\"color:#666666;font-size:13px\">Voltera coordonne le rendez-vous d'installation \u2013 vous serez inform\u00e9<\/p>\n<\/div>\n<\/div>\n\n\n\n<div class=\"wp-block-column is-layout-flow wp-block-column-is-layout-flow\">\n<div class=\"wp-block-group has-border-color has-white-background-color has-background is-layout-flow wp-block-group-is-layout-flow\" style=\"border-color:#16a34a;border-width:2px;border-radius:12px;padding-top:25px;padding-right:20px;padding-bottom:25px;padding-left:20px\">\n<h3 class=\"wp-block-heading has-text-align-center has-text-color\" style=\"color:#16a34a;font-size:28px\">\u2713<\/h3>\n\n\n\n<h4 class=\"wp-block-heading has-text-align-center\" style=\"font-size:16px\">Installation en 1 jour<\/h4>\n\n\n\n<p class=\"has-text-align-center has-text-color\" style=\"color:#666666;font-size:13px\">Installation, raccordement et mise en service professionnels \u2013 cl\u00e9 en main<\/p>\n<\/div>\n<\/div>\n<\/div>\n\n\n\n<div class=\"wp-block-group has-light-gray-background-color has-background is-layout-flow wp-block-group-is-layout-flow\" style=\"border-radius:8px;border-left-color:#1a73e8;border-left-width:4px;margin-top:40px;padding-top:25px;padding-right:30px;padding-bottom:25px;padding-left:30px\">\n<div class=\"wp-block-columns are-vertically-aligned-center is-layout-flex wp-container-core-columns-is-layout-28f84493 wp-block-columns-is-layout-flex\">\n<div class=\"wp-block-column is-vertically-aligned-center is-layout-flow wp-block-column-is-layout-flow\" style=\"flex-basis:75%\">\n<p style=\"font-size:15px\"><strong>Voulez-vous voir tout le processus en d\u00e9tail ?<\/strong> De la configuration \u00e0 la remise, en passant par l'offre - les 7 \u00e9tapes expliqu\u00e9es en toute transparence.<\/p>\n<\/div>\n\n\n\n<div class=\"wp-block-column is-vertically-aligned-center is-layout-flow wp-block-column-is-layout-flow\" style=\"flex-basis:25%\">\n<div class=\"wp-block-buttons is-content-justification-right is-layout-flex wp-container-core-buttons-is-layout-d445cf74 wp-block-buttons-is-layout-flex\">\n<div class=\"wp-block-button is-style-outline is-style-outline--2\"><a class=\"wp-block-button__link has-custom-font-size wp-element-button\" href=\"\/fr\/wie-es-funktioniert\/\" style=\"font-size:14px\">Au processus<\/a><\/div>\n<\/div>\n<\/div>\n<\/div>\n<\/div>\n<\/div>\n<\/div>\n\n\n<p><!-- ============================\n     Was Kunden \u00fcber unsere Installateure sagen\n     ============================ --><\/p>\n\n\n<div class=\"wp-block-group voltera-installer-reviews has-light-gray-background-color has-background is-layout-flow wp-block-group-is-layout-flow\" style=\"padding-top:80px;padding-bottom:80px\">\n<div class=\"wp-block-group is-layout-constrained wp-container-core-group-is-layout-5fb0786f wp-block-group-is-layout-constrained\">\n<h2 class=\"wp-block-heading has-text-align-center\">Ce que les clients disent de nos installateurs<\/h2>\n\n\n\n<p class=\"has-text-align-center\" style=\"margin-bottom:50px\">Avis v\u00e9rifi\u00e9s apr\u00e8s installation termin\u00e9e<\/p>\n\n\n\n<div class=\"wp-block-columns is-layout-flex wp-container-core-columns-is-layout-13e94aa7 wp-block-columns-is-layout-flex\">\n<div class=\"wp-block-column is-layout-flow wp-block-column-is-layout-flow\">\n<div class=\"wp-block-group has-white-background-color has-background is-layout-flow wp-block-group-is-layout-flow\" style=\"border-radius:12px;padding-top:30px;padding-right:25px;padding-bottom:30px;padding-left:25px\">\n<p class=\"has-text-color\" style=\"color:#f59e0b;font-size:14px\">\u2b50\u2b50\u2b50\u2b50\u2b50<\/p>\n\n\n\n<p style=\"font-size:15px\">\u201ePonctuel, propre et professionnel. L'installateur a tout expliqu\u00e9 et a termin\u00e9 en 5 heures. Service impeccable !\u201c<\/p>\n\n\n\n<p class=\"has-text-color\" style=\"color:#666666;font-size:14px\"><strong>M. Keller<\/strong> \u00b7 Winterthur ZH \u00b7 module 23 kWh<\/p>\n<\/div>\n<\/div>\n\n\n\n<div class=\"wp-block-column is-layout-flow wp-block-column-is-layout-flow\">\n<div class=\"wp-block-group has-white-background-color has-background is-layout-flow wp-block-group-is-layout-flow\" style=\"border-radius:12px;padding-top:30px;padding-right:25px;padding-bottom:30px;padding-left:25px\">\n<p class=\"has-text-color\" style=\"color:#f59e0b;font-size:14px\">\u2b50\u2b50\u2b50\u2b50\u2b50<\/p>\n\n\n\n<p style=\"font-size:15px\">\u201eNous avons \u00e9t\u00e9 impressionn\u00e9s par la fluidit\u00e9 de l'ensemble du processus. Aucune surprise, tout s'est d\u00e9roul\u00e9 comme convenu. Le stockage fonctionne parfaitement depuis le premier jour.\u201c<\/p>\n\n\n\n<p class=\"has-text-color\" style=\"color:#666666;font-size:14px\"><strong>Famille Brunner<\/strong> \u00b7 Thoune BE \u00b7 modual 34 kWh<\/p>\n<\/div>\n<\/div>\n\n\n\n<div class=\"wp-block-column is-layout-flow wp-block-column-is-layout-flow\">\n<div class=\"wp-block-group has-white-background-color has-background is-layout-flow wp-block-group-is-layout-flow\" style=\"border-radius:12px;padding-top:30px;padding-right:25px;padding-bottom:30px;padding-left:25px\">\n<p class=\"has-text-color\" style=\"color:#f59e0b;font-size:14px\">\u2b50\u2b50\u2b50\u2b50\u2b50<\/p>\n\n\n\n<p style=\"font-size:15px\">\u201eEn tant que client professionnel, la fiabilit\u00e9 \u00e9tait importante pour moi. L'installateur connaissait son affaire et a install\u00e9 le syst\u00e8me de 46 kWh en une journ\u00e9e.\u201c<\/p>\n\n\n\n<p class=\"has-text-color\" style=\"color:#666666;font-size:14px\"><strong>Garage Meier SA<\/strong> \u00b7 Aarau AG \u00b7 module 46 kWh<\/p>\n<\/div>\n<\/div>\n<\/div>\n<\/div>\n<\/div>\n\n\n<p><!-- ============================\n     Verkn\u00fcpfungen: Technologie + Finanzierung\n     ============================ --><\/p>\n\n\n<div class=\"wp-block-group voltera-related-pages is-layout-flow wp-block-group-is-layout-flow\" style=\"padding-top:80px;padding-bottom:80px\">\n<div class=\"wp-block-group is-layout-constrained wp-container-core-group-is-layout-5fb0786f wp-block-group-is-layout-constrained\">\n<h2 class=\"wp-block-heading has-text-align-center\">Ce que nos partenaires installent<\/h2>\n\n\n\n<p class=\"has-text-align-center\" style=\"margin-bottom:50px\">Technologie durable, financ\u00e9e de mani\u00e8re flexible<\/p>\n\n\n\n<div class=\"wp-block-columns is-layout-flex wp-container-core-columns-is-layout-92515837 wp-block-columns-is-layout-flex\">\n<div class=\"wp-block-column is-layout-flow wp-block-column-is-layout-flow\">\n<div class=\"wp-block-group has-border-color has-light-gray-background-color has-background is-layout-flow wp-block-group-is-layout-flow\" style=\"border-color:#e0e0e0;border-width:1px;border-radius:12px;padding-top:35px;padding-right:30px;padding-bottom:35px;padding-left:30px\">\n<figure class=\"wp-block-image aligncenter size-medium\" style=\"margin-bottom:20px\"><img loading=\"lazy\" decoding=\"async\" width=\"300\" height=\"300\" src=\"https:\/\/voltera.ch\/wp-content\/uploads\/2026\/01\/modual_lite_1x1-Kamera-10-300x300.webp\" alt=\"\" class=\"wp-image-146\" style=\"aspect-ratio:1;object-fit:cover\" srcset=\"https:\/\/voltera.ch\/wp-content\/uploads\/2026\/01\/modual_lite_1x1-Kamera-10-300x300.webp 300w, https:\/\/voltera.ch\/wp-content\/uploads\/2026\/01\/modual_lite_1x1-Kamera-10-1024x1024.webp 1024w, https:\/\/voltera.ch\/wp-content\/uploads\/2026\/01\/modual_lite_1x1-Kamera-10-150x150.webp 150w, https:\/\/voltera.ch\/wp-content\/uploads\/2026\/01\/modual_lite_1x1-Kamera-10-768x768.webp 768w, https:\/\/voltera.ch\/wp-content\/uploads\/2026\/01\/modual_lite_1x1-Kamera-10-1536x1536.webp 1536w, https:\/\/voltera.ch\/wp-content\/uploads\/2026\/01\/modual_lite_1x1-Kamera-10-600x600.webp 600w, https:\/\/voltera.ch\/wp-content\/uploads\/2026\/01\/modual_lite_1x1-Kamera-10-100x100.webp 100w, https:\/\/voltera.ch\/wp-content\/uploads\/2026\/01\/modual_lite_1x1-Kamera-10.webp 1920w\" sizes=\"auto, (max-width: 300px) 100vw, 300px\" \/><\/figure>\n\n\n\n<h3 class=\"wp-block-heading has-text-align-center\" style=\"font-size:20px\">Batterie de stockage modulaire<\/h3>\n\n\n\n<p class=\"has-text-align-center has-text-color\" style=\"color:#666666;font-size:14px\">Second-Life Technologie, Swiss Made, LiFePO4, 10 ans de garantie. Extensible modulaire de 11,5 kWh \u00e0 la gamme MWh.<\/p>\n\n\n\n<div class=\"wp-block-buttons is-content-justification-center is-layout-flex wp-container-core-buttons-is-layout-c7f24753 wp-block-buttons-is-layout-flex\" style=\"margin-top:20px\">\n<div class=\"wp-block-button has-custom-width wp-block-button__width-100 is-style-outline is-style-outline--3\"><a class=\"wp-block-button__link has-custom-font-size wp-element-button\" href=\"\/fr\/technologie\/\" style=\"font-size:14px\">D\u00e9couvrir la technologie<\/a><\/div>\n<\/div>\n<\/div>\n<\/div>\n\n\n\n<div class=\"wp-block-column is-layout-flow wp-block-column-is-layout-flow\">\n<div class=\"wp-block-group has-border-color has-light-gray-background-color has-background is-layout-flow wp-block-group-is-layout-flow\" style=\"border-color:#e0e0e0;border-width:1px;border-radius:12px;padding-top:35px;padding-right:30px;padding-bottom:35px;padding-left:30px\">\n<p class=\"has-text-align-center\" style=\"margin-bottom:20px;font-size:48px\">\ud83d\udcb3<\/p>\n\n\n\n<h3 class=\"wp-block-heading has-text-align-center\" style=\"font-size:20px\">Financement flexible<\/h3>\n\n\n\n<p class=\"has-text-align-center has-text-color\" style=\"color:#666666;font-size:14px\">Acheter, payer mensuellement (BaaS \u00e0 partir de CHF 149\/mois) ou optimiser le prix de l'\u00e9lectricit\u00e9 (EaaS, 22 centimes\/kWh). Aucun acompte n\u00e9cessaire.<\/p>\n\n\n\n<div class=\"wp-block-buttons is-content-justification-center is-layout-flex wp-container-core-buttons-is-layout-c7f24753 wp-block-buttons-is-layout-flex\" style=\"margin-top:20px\">\n<div class=\"wp-block-button has-custom-width wp-block-button__width-100 is-style-outline is-style-outline--4\"><a class=\"wp-block-button__link has-custom-font-size wp-element-button\" href=\"\/fr\/lorfinancement\/\" style=\"font-size:14px\">Comparer le financement<\/a><\/div>\n<\/div>\n<\/div>\n<\/div>\n<\/div>\n<\/div>\n<\/div>\n\n\n<p><!-- ============================\n     PARTNER WERDEN (Installateure)\n     ============================ --><\/p>\n\n\n<div id=\"partner-werden\" class=\"wp-block-group voltera-become-partner has-light-gray-background-color has-background is-layout-flow wp-block-group-is-layout-flow\" style=\"padding-top:80px;padding-bottom:80px\">\n<div class=\"wp-block-group is-layout-constrained wp-container-core-group-is-layout-4383d167 wp-block-group-is-layout-constrained\">\n<h2 class=\"wp-block-heading has-text-align-center\">\u00cates-vous installateur ? Devenez partenaire.<\/h2>\n\n\n\n<p class=\"has-text-align-center has-medium-font-size\" style=\"margin-bottom:50px\">B\u00e9n\u00e9ficiez de missions r\u00e9guli\u00e8res, d'une r\u00e9mun\u00e9ration \u00e9quitable et d'une plateforme num\u00e9rique qui vous simplifie la vie au quotidien.<\/p>\n\n\n\n<div class=\"wp-block-columns are-vertically-aligned-top is-layout-flex wp-container-core-columns-is-layout-f2b4f319 wp-block-columns-is-layout-flex\">\n<div class=\"wp-block-column is-vertically-aligned-top is-layout-flow wp-block-column-is-layout-flow\">\n<div class=\"wp-block-group has-white-background-color has-background is-layout-flow wp-block-group-is-layout-flow\" style=\"border-radius:12px;padding-top:35px;padding-right:30px;padding-bottom:35px;padding-left:30px\">\n<h3 class=\"wp-block-heading\" style=\"font-size:20px\">Vos avantages en tant que partenaire Voltera<\/h3>\n\n\n\n<ul style=\"font-size:15px\" class=\"wp-block-list\">\n<li><strong>Missions r\u00e9guli\u00e8res et qualifi\u00e9es<\/strong> \u2013 aucun d\u00e9marchage \u00e0 froid n\u00e9cessaire<\/li>\n\n\n\n<li><strong>R\u00e9mun\u00e9ration transparente<\/strong> \u2013 facturation ponctuelle<\/li>\n\n\n\n<li><strong>Plateforme num\u00e9rique<\/strong> \u2013 Commandes, rendez-vous, documents en un seul endroit<\/li>\n\n\n\n<li><strong>formations modulaires<\/strong> \u2013 formations produits gratuites<\/li>\n\n\n\n<li><strong>Assistance technique<\/strong> \u2013 Ligne d'assistance pour les questions d'installation<\/li>\n\n\n\n<li><strong>Support marketing<\/strong> \u2013 Votre profil sur notre plateforme<\/li>\n\n\n\n<li><strong>R\u00e9seau croissant<\/strong> \u2013 Faire partie de la transition \u00e9nerg\u00e9tique suisse<\/li>\n<\/ul>\n<\/div>\n<\/div>\n\n\n\n<div class=\"wp-block-column is-vertically-aligned-top is-layout-flow wp-block-column-is-layout-flow\">\n<div class=\"wp-block-group has-white-background-color has-background is-layout-flow wp-block-group-is-layout-flow\" style=\"border-radius:12px;padding-top:35px;padding-right:30px;padding-bottom:35px;padding-left:30px\">\n<h3 class=\"wp-block-heading\" style=\"font-size:20px\">Pr\u00e9requis<\/h3>\n\n\n\n<ul style=\"font-size:15px\" class=\"wp-block-list\">\n<li>Certification d'\u00e9lectricien (OIB)<\/li>\n\n\n\n<li>Exp\u00e9rience avec les syst\u00e8mes photovolta\u00efques et\/ou les syst\u00e8mes de stockage par batterie<\/li>\n\n\n\n<li>Projets de r\u00e9f\u00e9rence prouvables<\/li>\n\n\n\n<li>Preuve d'assurance valide<\/li>\n\n\n\n<li>Engagement pour la qualit\u00e9 et la satisfaction client<\/li>\n<\/ul>\n\n\n\n<hr class=\"wp-block-separator has-alpha-channel-opacity is-style-wide\" style=\"margin-top:25px;margin-bottom:25px\"\/>\n\n\n\n<h4 class=\"wp-block-heading\" style=\"font-size:16px\">Comment postuler :<\/h4>\n\n\n\n<p class=\"has-text-color\" style=\"color:#666666;font-size:14px\">Inscrivez-vous via notre portail partenaires. Nous examinerons vos documents et vous contacterons dans un d\u00e9lai de 5 jours ouvrables.<\/p>\n\n\n\n<div class=\"wp-block-buttons is-layout-flex wp-block-buttons-is-layout-flex\" style=\"margin-top:20px\">\n<div class=\"wp-block-button has-custom-width wp-block-button__width-100 is-style-fill\"><a class=\"wp-block-button__link has-vivid-cyan-blue-background-color has-background has-custom-font-size wp-element-button\" href=\"\/fr\/partner\/\" style=\"font-size:15px\">Devenez partenaire maintenant<\/a><\/div>\n<\/div>\n<\/div>\n<\/div>\n<\/div>\n<\/div>\n<\/div>\n\n\n<p><!-- ============================\n     FAQ\n     ============================ --><\/p>\n\n\n<div class=\"wp-block-group voltera-partner-faq is-layout-flow wp-block-group-is-layout-flow\" style=\"padding-top:80px;padding-bottom:80px\">\n<div class=\"wp-block-group is-layout-constrained wp-container-core-group-is-layout-bea02a06 wp-block-group-is-layout-constrained\">\n<h2 class=\"wp-block-heading has-text-align-center\">Questions fr\u00e9quentes sur le r\u00e9seau de partenaires<\/h2>\n\n\n\n<p class=\"has-text-align-center\" style=\"margin-bottom:40px\">Pour les clients finaux et les installateurs<\/p>\n\n\n\n<details class=\"wp-block-details is-layout-flow wp-block-details-is-layout-flow\"><summary><strong>Puis-je choisir mon propre installateur ?<\/strong><\/summary>\n<p>Notre syst\u00e8me associe automatiquement le meilleur partenaire disponible dans votre r\u00e9gion, en fonction de sa localisation, de sa disponibilit\u00e9 et des avis clients. Si vous avez d\u00e9j\u00e0 un installateur pr\u00e9f\u00e9r\u00e9 qui fait partie de notre r\u00e9seau, vous pouvez le pr\u00e9ciser pendant le processus.<\/p>\n<\/details>\n\n\n\n<details class=\"wp-block-details is-layout-flow wp-block-details-is-layout-flow\"><summary><strong>Que se passe-t-il si je ne suis pas satisfait de l'installation ?<\/strong><\/summary>\n<p>Votre satisfaction est notre priorit\u00e9 absolue. Apr\u00e8s chaque installation, nous vous demandons une \u00e9valuation. En cas de probl\u00e8me, notre gestion de la qualit\u00e9 intervient \u2013 nous coordonnons les corrections et nous assurons que tout est r\u00e9solu \u00e0 votre enti\u00e8re satisfaction.<\/p>\n<\/details>\n\n\n\n<details class=\"wp-block-details is-layout-flow wp-block-details-is-layout-flow\"><summary><strong>Dans quel d\u00e9lai un plombier peut-il \u00eatre chez vous ?<\/strong><\/summary>\n<p>G\u00e9n\u00e9ralement 2 \u00e0 4 semaines apr\u00e8s confirmation de la commande. La disponibilit\u00e9 exacte d\u00e9pend de votre r\u00e9gion et de la charge de travail actuelle. Vous pouvez suivre l'\u00e9tat \u00e0 tout moment dans votre portail client.<\/p>\n<\/details>\n\n\n\n<details class=\"wp-block-details is-layout-flow wp-block-details-is-layout-flow\"><summary><strong>Je suis installateur \u2013 comment puis-je devenir partenaire ?<\/strong><\/summary>\n<p>Inscrivez-vous via notre portail partenaires sur voltera.ch\/partner. Vous aurez besoin de : certification NIV, exp\u00e9rience en PV\/stockage, projets de r\u00e9f\u00e9rence et preuve d'assurance. Nous examinerons vos documents et vous contacterons dans les 5 jours ouvrables.<\/p>\n<\/details>\n\n\n\n<details class=\"wp-block-details is-layout-flow wp-block-details-is-layout-flow\"><summary><strong>Quels produits les partenaires installent-ils ?<\/strong><\/summary>\n<p>Nos partenaires installent exclusivement des syst\u00e8mes de stockage d'\u00e9nergie modulaires \u2013 des syst\u00e8mes durables de seconde vie, d\u00e9velopp\u00e9s et fabriqu\u00e9s en Suisse. Tous les partenaires sont sp\u00e9cifiquement form\u00e9s \u00e0 ces produits. Pour en savoir plus, rendez-vous sur notre <a href=\"\/fr\/technologie\/\">Page technologique<\/a>.<\/p>\n<\/details>\n\n\n\n<details class=\"wp-block-details is-layout-flow wp-block-details-is-layout-flow\"><summary><strong>Comment la qualit\u00e9 des installateurs est-elle assur\u00e9e ?<\/strong><\/summary>\n<p>Gr\u00e2ce \u00e0 un processus en quatre \u00e9tapes : 1) Processus de s\u00e9lection rigoureux avec v\u00e9rification de certification et de r\u00e9f\u00e9rences, 2) Formation modulaire sp\u00e9cifique aux produits, 3) \u00c9valuations clients apr\u00e8s chaque installation, 4) Audits qualit\u00e9 r\u00e9guliers. Les partenaires qui ne respectent pas nos normes seront retir\u00e9s du r\u00e9seau.<\/p>\n<\/details>\n<\/div>\n<\/div>\n\n\n<p><!-- ============================\n     CTA\n     ============================ --><\/p>\n\n\n<div class=\"wp-block-group has-vivid-cyan-blue-to-vivid-purple-gradient-background has-background is-layout-flow wp-block-group-is-layout-flow\" style=\"padding-top:80px;padding-bottom:80px\">\n<div class=\"wp-block-group is-layout-constrained wp-container-core-group-is-layout-bea02a06 wp-block-group-is-layout-constrained\">\n<h2 class=\"wp-block-heading has-text-align-center has-white-color has-text-color\">Pr\u00eat pour votre stockage par batterie ?<\/h2>\n\n\n\n<p class=\"has-text-align-center has-white-color has-text-color has-medium-font-size\">Configurez votre station de recharge d\u00e8s maintenant \u2013 nous trouverons le meilleur installateur pr\u00e8s de chez vous.<\/p>\n\n\n\n<div class=\"wp-block-buttons is-content-justification-center is-layout-flex wp-container-core-buttons-is-layout-69d6e20c wp-block-buttons-is-layout-flex\" style=\"margin-top:35px\">\n<div class=\"wp-block-button is-style-fill\"><a class=\"wp-block-button__link has-vivid-cyan-blue-color has-white-background-color has-text-color has-background has-custom-font-size wp-element-button\" href=\"\/fr\/configurateur\/\" style=\"font-size:18px;font-style:normal;font-weight:600\">Configurer maintenant<\/a><\/div>\n\n\n\n<div class=\"wp-block-button is-style-outline is-style-outline--5\"><a class=\"wp-block-button__link has-white-color has-text-color has-custom-font-size wp-element-button\" href=\"\/fr\/partner\/\" style=\"font-size:16px\">Installateur ? Devenir partenaire<\/a><\/div>\n<\/div>\n\n\n\n<p class=\"has-text-align-center has-white-color has-text-color\" style=\"margin-top:20px;font-size:14px\">Ou appelez-nous : <strong>0800 VOLTERRA<\/strong> \u2013 gratuit et sans engagement<\/p>\n<\/div>\n<\/div>","protected":false},"excerpt":{"rendered":"<p>\u2705 Zertifizierte Elektroinstallateure \u2705 Regelm\u00e4ssig bewertet \u2705 Alle Kantone abgedeckt \u2705 modual-geschult Qualit\u00e4t, auf die Sie sich verlassen k\u00f6nnen Jeder [&hellip;]<\/p>\n","protected":false},"author":1,"featured_media":0,"parent":0,"menu_order":0,"comment_status":"closed","ping_status":"closed","template":"","meta":{"site-sidebar-layout":"default","site-content-layout":"","ast-site-content-layout":"default","site-content-style":"default","site-sidebar-style":"default","ast-global-header-display":"","ast-banner-title-visibility":"","ast-main-header-display":"","ast-hfb-above-header-display":"","ast-hfb-below-header-display":"","ast-hfb-mobile-header-display":"","site-post-title":"disabled","ast-breadcrumbs-content":"","ast-featured-img":"","footer-sml-layout":"","ast-disable-related-posts":"","theme-transparent-header-meta":"","adv-header-id-meta":"","stick-header-meta":"","header-above-stick-meta":"","header-main-stick-meta":"","header-below-stick-meta":"","astra-migrate-meta-layouts":"default","ast-page-background-enabled":"default","ast-page-background-meta":{"desktop":{"background-color":"var(--ast-global-color-5)","background-image":"","background-repeat":"repeat","background-position":"center center","background-size":"auto","background-attachment":"scroll","background-type":"","background-media":"","overlay-type":"","overlay-color":"","overlay-opacity":"","overlay-gradient":""},"tablet":{"background-color":"","background-image":"","background-repeat":"repeat","background-position":"center center","background-size":"auto","background-attachment":"scroll","background-type":"","background-media":"","overlay-type":"","overlay-color":"","overlay-opacity":"","overlay-gradient":""},"mobile":{"background-color":"","background-image":"","background-repeat":"repeat","background-position":"center center","background-size":"auto","background-attachment":"scroll","background-type":"","background-media":"","overlay-type":"","overlay-color":"","overlay-opacity":"","overlay-gradient":""}},"ast-content-background-meta":{"desktop":{"background-color":"var(--ast-global-color-4)","background-image":"","background-repeat":"repeat","background-position":"center center","background-size":"auto","background-attachment":"scroll","background-type":"","background-media":"","overlay-type":"","overlay-color":"","overlay-opacity":"","overlay-gradient":""},"tablet":{"background-color":"var(--ast-global-color-4)","background-image":"","background-repeat":"repeat","background-position":"center center","background-size":"auto","background-attachment":"scroll","background-type":"","background-media":"","overlay-type":"","overlay-color":"","overlay-opacity":"","overlay-gradient":""},"mobile":{"background-color":"var(--ast-global-color-4)","background-image":"","background-repeat":"repeat","background-position":"center center","background-size":"auto","background-attachment":"scroll","background-type":"","background-media":"","overlay-type":"","overlay-color":"","overlay-opacity":"","overlay-gradient":""}},"footnotes":""},"class_list":["post-631","page","type-page","status-publish","hentry"],"_links":{"self":[{"href":"https:\/\/voltera.ch\/fr\/wp-json\/wp\/v2\/pages\/631","targetHints":{"allow":["GET"]}}],"collection":[{"href":"https:\/\/voltera.ch\/fr\/wp-json\/wp\/v2\/pages"}],"about":[{"href":"https:\/\/voltera.ch\/fr\/wp-json\/wp\/v2\/types\/page"}],"author":[{"embeddable":true,"href":"https:\/\/voltera.ch\/fr\/wp-json\/wp\/v2\/users\/1"}],"replies":[{"embeddable":true,"href":"https:\/\/voltera.ch\/fr\/wp-json\/wp\/v2\/comments?post=631"}],"version-history":[{"count":2,"href":"https:\/\/voltera.ch\/fr\/wp-json\/wp\/v2\/pages\/631\/revisions"}],"predecessor-version":[{"id":852,"href":"https:\/\/voltera.ch\/fr\/wp-json\/wp\/v2\/pages\/631\/revisions\/852"}],"wp:attachment":[{"href":"https:\/\/voltera.ch\/fr\/wp-json\/wp\/v2\/media?parent=631"}],"curies":[{"name":"wp","href":"https:\/\/api.w.org\/{rel}","templated":true}]}}