{"id":624,"date":"2026-02-13T12:00:00","date_gmt":"2026-02-13T11:00:00","guid":{"rendered":"https:\/\/voltera.ch\/?page_id=2"},"modified":"2026-02-20T10:12:13","modified_gmt":"2026-02-20T10:12:13","slug":"home-2","status":"publish","type":"page","link":"https:\/\/voltera.ch\/fr\/","title":{"rendered":"Home"},"content":{"rendered":"<p><!-- ============================\n     1. HERO\n     ============================ --><\/p>\n\n\n<div class=\"wp-block-cover alignfull is-light voltera-hero\" style=\"min-height:650px;aspect-ratio:unset;\"><img loading=\"lazy\" decoding=\"async\" width=\"1024\" height=\"682\" class=\"wp-block-cover__image-background wp-image-177 size-full\" alt=\"\" src=\"https:\/\/voltera.ch\/wp-content\/uploads\/2026\/01\/modual_Service.avif\" data-object-fit=\"cover\" srcset=\"https:\/\/voltera.ch\/wp-content\/uploads\/2026\/01\/modual_Service.avif 1024w, https:\/\/voltera.ch\/wp-content\/uploads\/2026\/01\/modual_Service-300x200.avif 300w, https:\/\/voltera.ch\/wp-content\/uploads\/2026\/01\/modual_Service-768x512.avif 768w, https:\/\/voltera.ch\/wp-content\/uploads\/2026\/01\/modual_Service-600x400.avif 600w\" sizes=\"auto, (max-width: 1024px) 100vw, 1024px\" \/><span aria-hidden=\"true\" class=\"wp-block-cover__background has-background-dim wp-block-cover__gradient-background has-background-gradient has-vivid-cyan-blue-to-vivid-purple-gradient-background\" style=\"background-color:#805325\"><\/span><div class=\"wp-block-cover__inner-container is-layout-flow wp-block-cover-is-layout-flow\">\n<div class=\"wp-block-group is-layout-constrained wp-container-core-group-is-layout-f36bc466 wp-block-group-is-layout-constrained\">\n<h1 class=\"wp-block-heading has-text-align-center has-white-color has-text-color\">Votre stockage de batterie.<br>Cl\u00e9 en main. Sans souci.<\/h1>\n\n\n\n<p class=\"has-text-align-center has-white-color has-text-color\" style=\"margin-top:20px\">De la planification \u00e0 la mise en service \u2013 nous coordonnons tout. Vous vous d\u00e9tendez.<\/p>\n\n\n\n<div class=\"wp-block-buttons is-content-justification-center is-layout-flex wp-container-core-buttons-is-layout-69d6e20c wp-block-buttons-is-layout-flex\" style=\"margin-top:35px\">\n<div class=\"wp-block-button is-style-fill voltera-cta-primary\"><a class=\"wp-block-button__link has-vivid-cyan-blue-color has-white-background-color has-text-color has-background has-custom-font-size wp-element-button\" href=\"\/fr\/configurateur\/\" style=\"font-size:18px;font-style:normal;font-weight:600\">Recevez votre offre en 2 minutes<\/a><\/div>\n\n\n\n<div class=\"wp-block-button is-style-outline voltera-cta-secondary is-style-outline--1\"><a class=\"wp-block-button__link has-white-color has-text-color has-custom-font-size wp-element-button\" href=\"\/fr\/wie-es-funktioniert\/\" style=\"font-size:16px\">Voil\u00e0 comment \u00e7a marche<\/a><\/div>\n<\/div>\n\n\n\n<p class=\"has-text-align-center has-white-color has-text-color\" style=\"margin-top:15px;font-size:14px\">Sans engagement et gratuit \u00b7 Aucune inscription n\u00e9cessaire<\/p>\n<\/div>\n<\/div><\/div>\n\n\n<p><!-- ============================\n     2. TRUST-LEISTE\n     ============================ --><\/p>\n\n\n<div class=\"wp-block-group has-white-background-color has-background is-layout-flow wp-block-group-is-layout-flow\" style=\"border-bottom-color:#e0e0e0;border-bottom-width:1px;padding-top:25px;padding-bottom:25px\">\n<div class=\"wp-block-columns are-vertically-aligned-center is-stacked-on-mobile is-layout-flex wp-container-core-columns-is-layout-28f84493 wp-block-columns-is-layout-flex\">\n<div class=\"wp-block-column is-vertically-aligned-center is-layout-flow wp-block-column-is-layout-flow\">\n<p class=\"has-text-align-center\" style=\"font-size:14px;font-style:normal;font-weight:600\">Fabriqu\u00e9 en Suisse<\/p>\n<\/div>\n\n\n\n<div class=\"wp-block-column is-vertically-aligned-center is-layout-flow wp-block-column-is-layout-flow\">\n<p class=\"has-text-align-center\" style=\"font-size:14px;font-style:normal;font-weight:600\">\u2705 10 ans de garantie<\/p>\n<\/div>\n\n\n\n<div class=\"wp-block-column is-vertically-aligned-center is-layout-flow wp-block-column-is-layout-flow\">\n<p class=\"has-text-align-center\" style=\"font-size:14px;font-style:normal;font-weight:600\">\u2705 Garantie de prix ferme<\/p>\n<\/div>\n\n\n\n<div class=\"wp-block-column is-vertically-aligned-center is-layout-flow wp-block-column-is-layout-flow\">\n<p class=\"has-text-align-center\" style=\"font-size:14px;font-style:normal;font-weight:600\">\u2705 Plus de 50 installateurs v\u00e9rifi\u00e9s<\/p>\n<\/div>\n\n\n\n<div class=\"wp-block-column is-vertically-aligned-center is-layout-flow wp-block-column-is-layout-flow\">\n<p class=\"has-text-align-center\" style=\"font-size:14px;font-style:normal;font-weight:600\">\u2705 Financement \u00e0 partir de CHF 0<\/p>\n<\/div>\n<\/div>\n<\/div>\n\n\n<p><!-- ============================\n     3. PROBLEM \/ L\u00d6SUNG\n     ============================ --><\/p>\n\n\n<div class=\"wp-block-group voltera-problem-solution is-layout-flow wp-block-group-is-layout-flow\" style=\"padding-top:80px;padding-bottom:80px\">\n<div class=\"wp-block-group is-layout-constrained wp-container-core-group-is-layout-bea02a06 wp-block-group-is-layout-constrained\">\n<h2 class=\"wp-block-heading has-text-align-center\">Stocker l'\u00e9nergie solaire au lieu de la gaspiller<\/h2>\n\n\n\n<p class=\"has-text-align-center has-medium-font-size\">Votre installation photovolta\u00efque produit de l'\u00e9lectricit\u00e9 pendant la journ\u00e9e, mais vous en avez besoin le soir. Sans syst\u00e8me de stockage, vous revendez \u00e0 bas prix au r\u00e9seau et rachetez cher. Un syst\u00e8me de stockage par batterie change cela.<\/p>\n<\/div>\n\n\n\n<div class=\"wp-block-group is-layout-constrained wp-container-core-group-is-layout-61f34102 wp-block-group-is-layout-constrained\" style=\"margin-top:50px\">\n<div class=\"wp-block-columns is-layout-flex wp-container-core-columns-is-layout-f2b4f319 wp-block-columns-is-layout-flex\">\n<div class=\"wp-block-column is-layout-flow wp-block-column-is-layout-flow\">\n<div class=\"wp-block-group has-border-color has-white-background-color has-background is-layout-flow wp-block-group-is-layout-flow\" style=\"border-color:#fecaca;border-width:1px;border-radius:12px;padding-top:30px;padding-right:25px;padding-bottom:30px;padding-left:25px\">\n<h4 class=\"wp-block-heading has-text-align-center has-text-color\" style=\"color:#dc2626\">Sans m\u00e9moire<\/h4>\n\n\n\n<ul style=\"font-size:15px\" class=\"wp-block-list\">\n<li>Fournir l'\u00e9lectricit\u00e9 solaire au r\u00e9seau pour 5 centimes\/kWh<\/li>\n\n\n\n<li>Vendre l'\u00e9lectricit\u00e9 le soir pour 35 Rp.\/kWh<\/li>\n\n\n\n<li>Seulement 15-25% autoconsommation<\/li>\n\n\n\n<li>En fonction de la hausse des prix de l'\u00e9lectricit\u00e9<\/li>\n<\/ul>\n<\/div>\n<\/div>\n\n\n\n<div class=\"wp-block-column is-layout-flow wp-block-column-is-layout-flow\">\n<div class=\"wp-block-group has-border-color has-white-background-color has-background is-layout-flow wp-block-group-is-layout-flow\" style=\"border-color:#16a34a;border-width:2px;border-radius:12px;padding-top:30px;padding-right:25px;padding-bottom:30px;padding-left:25px\">\n<h4 class=\"wp-block-heading has-text-align-center has-text-color\" style=\"color:#16a34a\">Mit Voltera Speicher<\/h4>\n\n\n\n<ul style=\"font-size:15px\" class=\"wp-block-list\">\n<li><strong>Utiliser son propre \u00e9lectricit\u00e9 solaire le soir<\/strong><\/li>\n\n\n\n<li><strong>60\u201380% Autoconsommation<\/strong> au lieu de 25\u201335%<\/li>\n\n\n\n<li><strong>\u00c9conomiser CHF 500\u20131\u2019500<\/strong> par an<\/li>\n\n\n\n<li><strong>Ind\u00e9pendant<\/strong> des fluctuations du prix de l'\u00e9lectricit\u00e9<\/li>\n<\/ul>\n<\/div>\n<\/div>\n<\/div>\n<\/div>\n<\/div>\n\n\n<p><!-- ============================\n     4. WIE ES FUNKTIONIERT (kompakt)\n     ============================ --><\/p>\n\n\n<div class=\"wp-block-group voltera-process-section has-light-gray-background-color has-background is-layout-flow wp-block-group-is-layout-flow\" style=\"padding-top:80px;padding-bottom:80px\">\n<div class=\"wp-block-group is-layout-constrained wp-container-core-group-is-layout-5fb0786f wp-block-group-is-layout-constrained\">\n<h2 class=\"wp-block-heading has-text-align-center\">En 4 \u00e9tapes pour un syst\u00e8me de stockage de batterie<\/h2>\n\n\n\n<p class=\"has-text-align-center\" style=\"margin-bottom:50px\">Nous prenons en charge toute la coordination \u2013 vous vous d\u00e9tendez<\/p>\n\n\n\n<div class=\"wp-block-columns is-layout-flex wp-container-core-columns-is-layout-13e94aa7 wp-block-columns-is-layout-flex\">\n<div class=\"wp-block-column is-layout-flow wp-block-column-is-layout-flow\">\n<div class=\"wp-block-group has-white-background-color has-background is-layout-flow wp-block-group-is-layout-flow\" style=\"border-radius:12px;padding-top:30px;padding-right:25px;padding-bottom:30px;padding-left:25px\">\n<h3 class=\"wp-block-heading has-text-align-center has-text-color\" style=\"color:#1a73e8;font-size:36px\">1<\/h3>\n\n\n\n<h4 class=\"wp-block-heading has-text-align-center\" style=\"font-size:17px\">Configurer<\/h4>\n\n\n\n<p class=\"has-text-align-center has-text-color\" style=\"color:#666666;font-size:14px\">Remplir le configurateur en ligne \u2013 cela ne prend que 2 minutes. Indication de prix imm\u00e9diate.<\/p>\n<\/div>\n<\/div>\n\n\n\n<div class=\"wp-block-column is-layout-flow wp-block-column-is-layout-flow\">\n<div class=\"wp-block-group has-white-background-color has-background is-layout-flow wp-block-group-is-layout-flow\" style=\"border-radius:12px;padding-top:30px;padding-right:25px;padding-bottom:30px;padding-left:25px\">\n<h3 class=\"wp-block-heading has-text-align-center has-text-color\" style=\"color:#1a73e8;font-size:36px\">2<\/h3>\n\n\n\n<h4 class=\"wp-block-heading has-text-align-center\" style=\"font-size:17px\">Offre re\u00e7ue<\/h4>\n\n\n\n<p class=\"has-text-align-center has-text-color\" style=\"color:#666666;font-size:14px\">Offre \u00e0 prix ferme contraignante en 3 variantes. Tout en num\u00e9rique.<\/p>\n<\/div>\n<\/div>\n\n\n\n<div class=\"wp-block-column is-layout-flow wp-block-column-is-layout-flow\">\n<div class=\"wp-block-group has-white-background-color has-background is-layout-flow wp-block-group-is-layout-flow\" style=\"border-radius:12px;padding-top:30px;padding-right:25px;padding-bottom:30px;padding-left:25px\">\n<h3 class=\"wp-block-heading has-text-align-center has-text-color\" style=\"color:#1a73e8;font-size:36px\">3<\/h3>\n\n\n\n<h4 class=\"wp-block-heading has-text-align-center\" style=\"font-size:17px\">Choisir un mod\u00e8le de paiement<\/h4>\n\n\n\n<p class=\"has-text-align-center has-text-color\" style=\"color:#666666;font-size:14px\">Achetez, payez mensuellement ou optimisez le prix de l'\u00e9lectricit\u00e9 \u2013 c'est vous qui d\u00e9cidez.<\/p>\n<\/div>\n<\/div>\n\n\n\n<div class=\"wp-block-column is-layout-flow wp-block-column-is-layout-flow\">\n<div class=\"wp-block-group has-white-background-color has-background is-layout-flow wp-block-group-is-layout-flow\" style=\"border-radius:12px;padding-top:30px;padding-right:25px;padding-bottom:30px;padding-left:25px\">\n<h3 class=\"wp-block-heading has-text-align-center has-text-color\" style=\"color:#16a34a;font-size:36px\">\u2713<\/h3>\n\n\n\n<h4 class=\"wp-block-heading has-text-align-center\" style=\"font-size:17px\">Cl\u00e9 en main<\/h4>\n\n\n\n<p class=\"has-text-align-center has-text-color\" style=\"color:#666666;font-size:14px\">Installateur certifi\u00e9 monte, configure et livre \u2013 termin\u00e9 !<\/p>\n<\/div>\n<\/div>\n<\/div>\n\n\n\n<div class=\"wp-block-buttons is-content-justification-center is-layout-flex wp-container-core-buttons-is-layout-660f9ef0 wp-block-buttons-is-layout-flex\" style=\"margin-top:40px\">\n<div class=\"wp-block-button is-style-outline is-style-outline--2\"><a class=\"wp-block-button__link has-custom-font-size wp-element-button\" href=\"\/fr\/wie-es-funktioniert\/\" style=\"font-size:14px\">Voir les 7 \u00e9tapes en d\u00e9tail<\/a><\/div>\n<\/div>\n<\/div>\n<\/div>\n\n\n<p><!-- ============================\n     5. PRODUKT-HIGHLIGHT (modual)\n     ============================ --><\/p>\n\n\n<div class=\"wp-block-group voltera-product-highlight is-layout-flow wp-block-group-is-layout-flow\" style=\"padding-top:80px;padding-bottom:80px\">\n<div class=\"wp-block-group is-layout-constrained wp-container-core-group-is-layout-4383d167 wp-block-group-is-layout-constrained\">\n<div class=\"wp-block-columns are-vertically-aligned-center is-layout-flex wp-container-core-columns-is-layout-9b24e0e0 wp-block-columns-is-layout-flex\">\n<div class=\"wp-block-column is-vertically-aligned-center is-layout-flow wp-block-column-is-layout-flow\" style=\"flex-basis:45%\">\n<figure class=\"wp-block-image size-large has-custom-border\"><img loading=\"lazy\" decoding=\"async\" width=\"746\" height=\"1024\" src=\"https:\/\/voltera.ch\/wp-content\/uploads\/2026\/01\/modual-portfolio-all-e1715863987200-746x1024.webp\" alt=\"\" class=\"wp-image-44\" style=\"border-radius:12px\" srcset=\"https:\/\/voltera.ch\/wp-content\/uploads\/2026\/01\/modual-portfolio-all-e1715863987200-746x1024.webp 746w, https:\/\/voltera.ch\/wp-content\/uploads\/2026\/01\/modual-portfolio-all-e1715863987200-600x823.webp 600w, https:\/\/voltera.ch\/wp-content\/uploads\/2026\/01\/modual-portfolio-all-e1715863987200-219x300.webp 219w, https:\/\/voltera.ch\/wp-content\/uploads\/2026\/01\/modual-portfolio-all-e1715863987200-768x1054.webp 768w, https:\/\/voltera.ch\/wp-content\/uploads\/2026\/01\/modual-portfolio-all-e1715863987200-1119x1536.webp 1119w, https:\/\/voltera.ch\/wp-content\/uploads\/2026\/01\/modual-portfolio-all-e1715863987200.webp 1399w\" sizes=\"auto, (max-width: 746px) 100vw, 746px\" \/><\/figure>\n<\/div>\n\n\n\n<div class=\"wp-block-column is-vertically-aligned-center is-layout-flow wp-block-column-is-layout-flow\" style=\"flex-basis:55%\">\n<p class=\"has-text-color\" style=\"color:#1a73e8;font-size:13px;font-style:normal;font-weight:600;letter-spacing:1px;text-transform:uppercase\">Notre technologie<\/p>\n\n\n\n<h2 class=\"wp-block-heading\" style=\"margin-top:5px\">Solutions de stockage modulaires durables<\/h2>\n\n\n\n<p style=\"font-size:15px\">Nous misons sur des accumulateurs de seconde vie de la soci\u00e9t\u00e9 suisse modual. Des cellules de batterie de v\u00e9hicule \u00e9lectrique de haute qualit\u00e9 re\u00e7oivent une seconde vie en tant qu'accumulateurs domestiques \u2013 cela permet d'\u00e9conomiser environ 60% de CO\u2082 par rapport aux nouveaux produits.<\/p>\n\n\n\n<div class=\"wp-block-columns is-layout-flex wp-container-core-columns-is-layout-9b991c12 wp-block-columns-is-layout-flex\" style=\"margin-top:25px\">\n<div class=\"wp-block-column is-layout-flow wp-block-column-is-layout-flow\">\n<p style=\"font-size:14px\">\u2705 <strong>Fabriqu\u00e9 en Suisse<\/strong> \u2013 Brunnen SZ<\/p>\n\n\n\n<p style=\"font-size:14px\">\u2705 <strong>10 ans de garantie<\/strong><\/p>\n\n\n\n<p style=\"font-size:14px\">\u2705 <strong>LiFePO4<\/strong> (chimie la plus s\u00fbre)<\/p>\n<\/div>\n\n\n\n<div class=\"wp-block-column is-layout-flow wp-block-column-is-layout-flow\">\n<p style=\"font-size:14px\">\u2705 <strong>11,5 \u2013 210 kWh<\/strong> modulaire<\/p>\n\n\n\n<p style=\"font-size:14px\">\u2705 <strong>BMS personnel<\/strong> + Surveillance de l'IA<\/p>\n\n\n\n<p style=\"font-size:14px\">\u2705 <strong>Tous les onduleurs<\/strong> compatible<\/p>\n<\/div>\n<\/div>\n\n\n\n<div class=\"wp-block-buttons is-layout-flex wp-block-buttons-is-layout-flex\" style=\"margin-top:25px\">\n<div class=\"wp-block-button is-style-outline is-style-outline--3\"><a class=\"wp-block-button__link has-custom-font-size wp-element-button\" href=\"\/fr\/technologie\/\" style=\"font-size:14px\">Technologie en d\u00e9tail<\/a><\/div>\n<\/div>\n<\/div>\n<\/div>\n<\/div>\n<\/div>\n\n\n<p><!-- ============================\n     6. ZAHLUNGSMODELLE\n     ============================ --><\/p>\n\n\n<div class=\"wp-block-group voltera-payment-models has-light-gray-background-color has-background is-layout-flow wp-block-group-is-layout-flow\" style=\"padding-top:80px;padding-bottom:80px\">\n<div class=\"wp-block-group is-layout-constrained wp-container-core-group-is-layout-5fb0786f wp-block-group-is-layout-constrained\">\n<h2 class=\"wp-block-heading has-text-align-center\">Payez de mani\u00e8re flexible \u2013 c'est vous qui choisissez<\/h2>\n\n\n\n<p class=\"has-text-align-center\" style=\"margin-bottom:50px\">Trois mod\u00e8les de paiement pour tous les budgets \u2013 aucun acompte n\u00e9cessaire<\/p>\n\n\n\n<div class=\"wp-block-columns is-layout-flex wp-container-core-columns-is-layout-13e94aa7 wp-block-columns-is-layout-flex\">\n<div class=\"wp-block-column is-layout-flow wp-block-column-is-layout-flow\">\n<div class=\"wp-block-group has-border-color has-white-background-color has-background is-layout-flow wp-block-group-is-layout-flow\" style=\"border-color:#e0e0e0;border-width:1px;border-radius:12px;padding-top:35px;padding-right:25px;padding-bottom:35px;padding-left:25px\">\n<p class=\"has-text-align-center\" style=\"font-size:32px\">\ud83d\udcb0<\/p>\n\n\n\n<h3 class=\"wp-block-heading has-text-align-center\" style=\"font-size:20px\">Acheter<\/h3>\n\n\n\n<h4 class=\"wp-block-heading has-text-align-center has-text-color\" style=\"color:#1a73e8;font-size:24px\">\u00c0 partir de 12 900 CHF<\/h4>\n\n\n\n<p class=\"has-text-align-center has-text-color\" style=\"color:#666666;font-size:13px\">Paiement unique \u2013 propri\u00e9t\u00e9 imm\u00e9diate<\/p>\n<\/div>\n<\/div>\n\n\n\n<div class=\"wp-block-column is-layout-flow wp-block-column-is-layout-flow\">\n<div class=\"wp-block-group has-border-color has-white-background-color has-background is-layout-flow wp-block-group-is-layout-flow\" style=\"border-color:#1a73e8;border-width:2px;border-radius:12px;padding-top:35px;padding-right:25px;padding-bottom:35px;padding-left:25px\">\n<div class=\"wp-block-group has-vivid-cyan-blue-background-color has-background is-layout-constrained wp-container-core-group-is-layout-adc356d4 wp-block-group-is-layout-constrained\" style=\"border-radius:20px;padding-top:4px;padding-right:12px;padding-bottom:4px;padding-left:12px\">\n<p class=\"has-text-align-center has-white-color has-text-color\" style=\"font-size:11px;font-style:normal;font-weight:700\">Meilleure option<\/p>\n<\/div>\n\n\n\n<p class=\"has-text-align-center\" style=\"margin-top:10px;font-size:32px\">\ud83d\udcb3<\/p>\n\n\n\n<h3 class=\"wp-block-heading has-text-align-center\" style=\"font-size:20px\">Mensuel (BaaS)<\/h3>\n\n\n\n<h4 class=\"wp-block-heading has-text-align-center has-text-color\" style=\"color:#1a73e8;font-size:24px\">\u00c0 partir de 149 CHF\/mois.<\/h4>\n\n\n\n<p class=\"has-text-align-center has-text-color\" style=\"color:#666666;font-size:13px\">0 CHF d'acompte \u00b7 Entretien inclus.<\/p>\n<\/div>\n<\/div>\n\n\n\n<div class=\"wp-block-column is-layout-flow wp-block-column-is-layout-flow\">\n<div class=\"wp-block-group has-border-color has-white-background-color has-background is-layout-flow wp-block-group-is-layout-flow\" style=\"border-color:#e0e0e0;border-width:1px;border-radius:12px;padding-top:35px;padding-right:25px;padding-bottom:35px;padding-left:25px\">\n<p class=\"has-text-align-center\" style=\"font-size:32px\">\u26a1<\/p>\n\n\n\n<h3 class=\"wp-block-heading has-text-align-center\" style=\"font-size:20px\">Optimisation du courant (EaaS)<\/h3>\n\n\n\n<h4 class=\"wp-block-heading has-text-align-center has-text-color\" style=\"color:#1a73e8;font-size:24px\">22 cts\/kWh<\/h4>\n\n\n\n<p class=\"has-text-align-center has-text-color\" style=\"color:#666666;font-size:13px\">Prix de l'\u00e9lectricit\u00e9 imm\u00e9diatement plus bas<\/p>\n<\/div>\n<\/div>\n<\/div>\n\n\n\n<div class=\"wp-block-buttons is-content-justification-center is-layout-flex wp-container-core-buttons-is-layout-69d6e20c wp-block-buttons-is-layout-flex\" style=\"margin-top:35px\">\n<div class=\"wp-block-button is-style-fill\"><a class=\"wp-block-button__link has-vivid-cyan-blue-background-color has-background has-custom-font-size wp-element-button\" href=\"\/fr\/configurateur\/\" style=\"font-size:15px\">Calculer l'offre maintenant<\/a><\/div>\n\n\n\n<div class=\"wp-block-button is-style-outline is-style-outline--4\"><a class=\"wp-block-button__link has-custom-font-size wp-element-button\" href=\"\/fr\/lorfinancement\/\" style=\"font-size:14px\">Comparer tous les mod\u00e8les<\/a><\/div>\n<\/div>\n<\/div>\n<\/div>\n\n\n<p><!-- ============================\n     7. ZAHLEN & FAKTEN\n     ============================ --><\/p>\n\n\n<div class=\"wp-block-group voltera-stats is-layout-flow wp-block-group-is-layout-flow\" style=\"padding-top:60px;padding-bottom:60px\">\n<div class=\"wp-block-group is-layout-constrained wp-container-core-group-is-layout-704e782a wp-block-group-is-layout-constrained\">\n<div class=\"wp-block-columns is-layout-flex wp-container-core-columns-is-layout-28f84493 wp-block-columns-is-layout-flex\">\n<div class=\"wp-block-column is-layout-flow wp-block-column-is-layout-flow\">\n<h3 class=\"wp-block-heading has-text-align-center has-text-color\" style=\"color:#1a73e8;font-size:42px\">~60%<\/h3>\n\n\n\n<p class=\"has-text-align-center has-text-color\" style=\"color:#666666;font-size:14px\"><strong>Moins de CO\u2082<\/strong><br>par la technologie Second Life<\/p>\n<\/div>\n\n\n\n<div class=\"wp-block-column is-layout-flow wp-block-column-is-layout-flow\">\n<h3 class=\"wp-block-heading has-text-align-center has-text-color\" style=\"color:#1a73e8;font-size:42px\">50+<\/h3>\n\n\n\n<p class=\"has-text-align-center has-text-color\" style=\"color:#666666;font-size:14px\"><strong>Installateurs agr\u00e9\u00e9s<\/strong><br>dans tous les cantons<\/p>\n<\/div>\n\n\n\n<div class=\"wp-block-column is-layout-flow wp-block-column-is-layout-flow\">\n<h3 class=\"wp-block-heading has-text-align-center has-text-color\" style=\"color:#1a73e8;font-size:42px\">10 J.<\/h3>\n\n\n\n<p class=\"has-text-align-center has-text-color\" style=\"color:#666666;font-size:14px\"><strong>Garantie<\/strong><br>sur toutes les m\u00e9moires modulaires<\/p>\n<\/div>\n\n\n\n<div class=\"wp-block-column is-layout-flow wp-block-column-is-layout-flow\">\n<h3 class=\"wp-block-heading has-text-align-center has-text-color\" style=\"color:#1a73e8;font-size:42px\">2 min.<\/h3>\n\n\n\n<p class=\"has-text-align-center has-text-color\" style=\"color:#666666;font-size:14px\"><strong>Pour l'offre<\/strong><br>avec le configurateur en ligne<\/p>\n<\/div>\n<\/div>\n<\/div>\n<\/div>\n\n\n<p><!-- ============================\n     8. TESTIMONIALS\n     ============================ --><\/p>\n\n\n<div class=\"wp-block-group voltera-testimonials has-light-gray-background-color has-background is-layout-flow wp-block-group-is-layout-flow\" style=\"padding-top:80px;padding-bottom:80px\">\n<div class=\"wp-block-group is-layout-constrained wp-container-core-group-is-layout-5fb0786f wp-block-group-is-layout-constrained\">\n<h2 class=\"wp-block-heading has-text-align-center\">Ce que disent nos clients<\/h2>\n\n\n\n<p class=\"has-text-align-center\" style=\"margin-bottom:50px\">Exp\u00e9riences r\u00e9elles issues de m\u00e9nages et d'entreprises suisses<\/p>\n\n\n\n<div class=\"wp-block-columns is-layout-flex wp-container-core-columns-is-layout-13e94aa7 wp-block-columns-is-layout-flex\">\n<div class=\"wp-block-column is-layout-flow wp-block-column-is-layout-flow\">\n<div class=\"wp-block-group has-white-background-color has-background is-layout-flow wp-block-group-is-layout-flow\" style=\"border-radius:12px;padding-top:30px;padding-right:25px;padding-bottom:30px;padding-left:25px\">\n<p class=\"has-text-color\" style=\"color:#f59e0b;font-size:14px\">\u2b50\u2b50\u2b50\u2b50\u2b50<\/p>\n\n\n\n<p style=\"font-size:15px\">\u201eL'ensemble du processus a \u00e9t\u00e9 incroyablement simple. Voltera s'est occup\u00e9 de tout coordonner, de la planification \u00e0 l'installation. Je r\u00e9alise maintenant des \u00e9conomies mensuelles de plus de 100 CHF sur ma facture d'\u00e9lectricit\u00e9.\u201c<\/p>\n\n\n\n<p class=\"has-text-color\" style=\"color:#666666;font-size:14px\"><strong>Famille M\u00fcller<\/strong> Maison individuelle, Zurich<\/p>\n<\/div>\n<\/div>\n\n\n\n<div class=\"wp-block-column is-layout-flow wp-block-column-is-layout-flow\">\n<div class=\"wp-block-group has-white-background-color has-background is-layout-flow wp-block-group-is-layout-flow\" style=\"border-radius:12px;padding-top:30px;padding-right:25px;padding-bottom:30px;padding-left:25px\">\n<p class=\"has-text-color\" style=\"color:#f59e0b;font-size:14px\">\u2b50\u2b50\u2b50\u2b50\u2b50<\/p>\n\n\n\n<p style=\"font-size:15px\">\u201eEn tant qu'entreprise, le \u201c Peak Shaving \u00bb \u00e9tait essentiel pour nous. Voltera a trouv\u00e9 la solution parfaite, et l'installation a \u00e9t\u00e9 professionnelle et ponctuelle.\u201c<\/p>\n\n\n\n<p class=\"has-text-color\" style=\"color:#666666;font-size:14px\"><strong>Menuiserie Weber SA<\/strong> \u00b7 Commerce, Berne<\/p>\n<\/div>\n<\/div>\n\n\n\n<div class=\"wp-block-column is-layout-flow wp-block-column-is-layout-flow\">\n<div class=\"wp-block-group has-white-background-color has-background is-layout-flow wp-block-group-is-layout-flow\" style=\"border-radius:12px;padding-top:30px;padding-right:25px;padding-bottom:30px;padding-left:25px\">\n<p class=\"has-text-color\" style=\"color:#f59e0b;font-size:14px\">\u2b50\u2b50\u2b50\u2b50\u2b50<\/p>\n\n\n\n<p style=\"font-size:15px\">\u201eL'option BaaS \u00e9tait parfaite pour nous - pas besoin de capitaux propres et pourtant nous avons \u00e9conomis\u00e9 imm\u00e9diatement sur nos co\u00fbts d'\u00e9lectricit\u00e9. La plateforme num\u00e9rique est ing\u00e9nieuse, tout est transparent.\u201c<\/p>\n\n\n\n<p class=\"has-text-color\" style=\"color:#666666;font-size:14px\"><strong>Thomas Schneider<\/strong> \u00b7 Maison individuelle, Lucerne<\/p>\n<\/div>\n<\/div>\n<\/div>\n<\/div>\n<\/div>\n\n\n<p><!-- ============================\n     9. VERGLEICH: Selbst vs. Voltera\n     ============================ --><\/p>\n\n\n<div class=\"wp-block-group voltera-comparison is-layout-flow wp-block-group-is-layout-flow\" style=\"padding-top:80px;padding-bottom:80px\">\n<div class=\"wp-block-group is-layout-constrained wp-container-core-group-is-layout-f36bc466 wp-block-group-is-layout-constrained\">\n<h2 class=\"wp-block-heading has-text-align-center\">Pourquoi Voltera ?<\/h2>\n\n\n\n<p class=\"has-text-align-center\" style=\"margin-bottom:40px\">La diff\u00e9rence entre s'organiser soi-m\u00eame et \u00eatre insouciant<\/p>\n\n\n\n<figure class=\"wp-block-table voltera-comparison-table is-style-stripes\"><table><thead><tr><th><\/th><th>S'organiser soi-m\u00eame<\/th><th><strong>Avec Volterra<\/strong><\/th><\/tr><\/thead><tbody><tr><td><strong>Comparer les fournisseurs<\/strong><\/td><td>5\u00a0demandes de devis ou plus<\/td><td>\u2705 1 offre, meilleure solution<\/td><\/tr><tr><td><strong>Trouver un installateur<\/strong><\/td><td>Faire ses propres recherches<\/td><td>\u2705 R\u00e9seau de partenaires v\u00e9rifi\u00e9<\/td><\/tr><tr><td><strong>Coordination<\/strong><\/td><td>Tout g\u00e9rer soi-m\u00eame<\/td><td>\u2705 Nous prenons tout en charge<\/td><\/tr><tr><td><strong>Transparence des prix<\/strong><\/td><td>Co\u00fbt total incertain<\/td><td>\u2705 Prix ferme et d\u00e9finitif<\/td><\/tr><tr><td><strong>Financement<\/strong><\/td><td>M\u00eame aupr\u00e8s des banques<\/td><td>\u2705 3 mod\u00e8les d\u00e8s CHF 0<\/td><\/tr><tr><td><strong>\u00c9tat du projet<\/strong><\/td><td>T\u00e9l\u00e9phoner et demander<\/td><td>\u2705 Suivi en direct dans le portail<\/td><\/tr><tr><td><strong>Durabilit\u00e9<\/strong><\/td><td>Flou<\/td><td>\u2705 Seconde Vie, ~60% de CO\u2082 en moins<\/td><\/tr><\/tbody><\/table><\/figure>\n<\/div>\n<\/div>\n\n\n<p><!-- ============================\n     10. FAQ\n     ============================ --><\/p>\n\n\n<div class=\"wp-block-group voltera-faq has-light-gray-background-color has-background is-layout-flow wp-block-group-is-layout-flow\" style=\"padding-top:80px;padding-bottom:80px\">\n<div class=\"wp-block-group is-layout-constrained wp-container-core-group-is-layout-bea02a06 wp-block-group-is-layout-constrained\">\n<h2 class=\"wp-block-heading has-text-align-center\">Questions fr\u00e9quentes<\/h2>\n\n\n\n<p class=\"has-text-align-center\" style=\"margin-bottom:40px\">R\u00e9ponses rapides aux questions les plus importantes<\/p>\n\n\n\n<details class=\"wp-block-details is-layout-flow wp-block-details-is-layout-flow\"><summary><strong>Combien co\u00fbte une batterie de stockage chez Voltera ?<\/strong><\/summary>\n<p>Les co\u00fbts d\u00e9pendent de la taille du stockage. Un syst\u00e8me de 11,5 kWh commence \u00e0 partir de CHF 12\u2019900 (achat) ou CHF 149\/mois (BaaS). Le configurateur vous donnera une indication pr\u00e9cise des prix pour votre situation en 2 minutes.<\/p>\n<\/details>\n\n\n\n<details class=\"wp-block-details is-layout-flow wp-block-details-is-layout-flow\"><summary><strong>Ai-je besoin d'un syst\u00e8me PV existant ?<\/strong><\/summary>\n<p>Un syst\u00e8me de stockage par batterie a le plus de sens en combinaison avec une installation photovolta\u00efque. Nos syst\u00e8mes de stockage modulaires sont coupl\u00e9s en courant alternatif et compatibles avec tous les onduleurs courants \u2013 id\u00e9al \u00e9galement pour la modernisation des installations existantes.<\/p>\n<\/details>\n\n\n\n<details class=\"wp-block-details is-layout-flow wp-block-details-is-layout-flow\"><summary><strong>Combien de temps faut-il de la commande \u00e0 l'installation ?<\/strong><\/summary>\n<p>En r\u00e8gle g\u00e9n\u00e9rale, 2 \u00e0 4 semaines apr\u00e8s la confirmation de la commande. L'installation en elle-m\u00eame ne prend g\u00e9n\u00e9ralement qu'une journ\u00e9e. Vous pouvez suivre l'avancement en direct \u00e0 tout moment dans votre portail client.<\/p>\n<\/details>\n\n\n\n<details class=\"wp-block-details is-layout-flow wp-block-details-is-layout-flow\"><summary><strong>Les batteries de seconde vie sont-elles s\u00fbres ?<\/strong><\/summary>\n<p>Oui. Chaque cellule de batterie subit des tests rigoureux. Le BMS brevet\u00e9 de modual surveille en permanence son \u00e9tat, sa temp\u00e9rature et ses performances. Toutes les batteries utilisent des cellules LiFePO4 - la chimie lithium-ion la plus s\u00fbre. Garantie de 10 ans incluse.<\/p>\n<\/details>\n\n\n\n<details class=\"wp-block-details is-layout-flow wp-block-details-is-layout-flow\"><summary><strong>Puis-je aussi d\u00e9marrer sans fonds propres ?<\/strong><\/summary>\n<p>Oui. Avec notre mod\u00e8le BaaS (paiement mensuel) ou notre mod\u00e8le EaaS (prix de l'\u00e9lectricit\u00e9 optimis\u00e9), aucun acompte n'est n\u00e9cessaire. Vous en b\u00e9n\u00e9ficiez d\u00e8s le premier jour \u2013 le stockage vous appartient \u00e0 la fin du terme.<\/p>\n<\/details>\n\n\n\n<details class=\"wp-block-details is-layout-flow wp-block-details-is-layout-flow\"><summary><strong>Qui installe le stockage ?<\/strong><\/summary>\n<p>Un installateur certifi\u00e9 de notre r\u00e9seau de partenaires dans toute la Suisse (plus de 50 partenaires v\u00e9rifi\u00e9s). Nous vous mettons automatiquement en relation avec le meilleur partenaire de votre r\u00e9gion. Tous les partenaires sont \u00e9valu\u00e9s r\u00e9guli\u00e8rement.<\/p>\n<\/details>\n<\/div>\n<\/div>\n\n\n<p><!-- ============================\n     11. FINALER CTA\n     ============================ --><\/p>\n\n\n<div class=\"wp-block-group voltera-cta-final has-vivid-cyan-blue-to-vivid-purple-gradient-background has-background is-layout-flow wp-block-group-is-layout-flow\" style=\"padding-top:100px;padding-bottom:100px\">\n<div class=\"wp-block-group is-layout-constrained wp-container-core-group-is-layout-bea02a06 wp-block-group-is-layout-constrained\">\n<h2 class=\"wp-block-heading has-text-align-center has-white-color has-text-color\" style=\"font-size:38px\">Pr\u00eat pour votre stockage par batterie ?<\/h2>\n\n\n\n<p class=\"has-text-align-center has-white-color has-text-color has-medium-font-size\">Configurez d\u00e8s maintenant votre stockage durable et recevez votre offre personnalis\u00e9e \u2013 sans engagement, en seulement 2 minutes.<\/p>\n\n\n\n<div class=\"wp-block-buttons is-content-justification-center is-layout-flex wp-container-core-buttons-is-layout-69d6e20c wp-block-buttons-is-layout-flex\" style=\"margin-top:35px\">\n<div class=\"wp-block-button is-style-fill\"><a class=\"wp-block-button__link has-vivid-cyan-blue-color has-white-background-color has-text-color has-background has-custom-font-size wp-element-button\" href=\"\/fr\/configurateur\/\" style=\"font-size:18px;font-style:normal;font-weight:600\">Demander un devis maintenant<\/a><\/div>\n\n\n\n<div class=\"wp-block-button is-style-outline is-style-outline--5\"><a class=\"wp-block-button__link has-white-color has-text-color has-custom-font-size wp-element-button\" href=\"https:\/\/voltera.ch\/fr\/contact\/\" style=\"font-size:16px\">Conseil personnalis\u00e9<\/a><\/div>\n<\/div>\n\n\n\n<p class=\"has-text-align-center has-white-color has-text-color\" style=\"margin-top:20px;font-size:14px\">Ou appelez-nous : <strong>041 562 63 45<\/strong> \u2013 gratuit et sans engagement<\/p>\n\n\n\n<hr class=\"wp-block-separator has-text-color has-white-color has-alpha-channel-opacity has-white-background-color has-background is-style-wide\" style=\"margin-top:30px;margin-bottom:30px\"\/>\n\n\n\n<div class=\"wp-block-columns are-vertically-aligned-center is-layout-flex wp-container-core-columns-is-layout-92515837 wp-block-columns-is-layout-flex\">\n<div class=\"wp-block-column is-vertically-aligned-center is-layout-flow wp-block-column-is-layout-flow\">\n<p class=\"has-text-align-center has-white-color has-text-color\" style=\"font-size:13px\"><strong>Technologie<\/strong><br><a href=\"\/fr\/technologie\/\" style=\"color:#fff;text-decoration:underline\">D\u00e9couvrir la m\u00e9moire de Second Life<\/a><\/p>\n<\/div>\n\n\n\n<div class=\"wp-block-column is-vertically-aligned-center is-layout-flow wp-block-column-is-layout-flow\">\n<p class=\"has-text-align-center has-white-color has-text-color\" style=\"font-size:13px\"><strong>Financement<\/strong><br><a href=\"\/fr\/lorfinancement\/\" style=\"color:#fff;text-decoration:underline\">3 mod\u00e8les de paiement compar\u00e9s<\/a><\/p>\n<\/div>\n\n\n\n<div class=\"wp-block-column is-vertically-aligned-center is-layout-flow wp-block-column-is-layout-flow\">\n<p class=\"has-text-align-center has-white-color has-text-color\" style=\"font-size:13px\"><strong>R\u00e9seau de partenaires<\/strong><br><a href=\"\/fr\/partner-netzwerk\/\" style=\"color:#fff;text-decoration:underline\">Plus de 50 installateurs qualifi\u00e9s<\/a><\/p>\n<\/div>\n<\/div>\n<\/div>\n<\/div>","protected":false},"excerpt":{"rendered":"<p>\ud83c\udde8\ud83c\udded Swiss Made \u2705 10 Jahre Garantie \u2705 Festpreis-Garantie \u2705 50+ gepr\u00fcfte Installateure \u2705 Finanzierung ab CHF 0 Solarstrom speichern [&hellip;]<\/p>\n","protected":false},"author":1,"featured_media":0,"parent":0,"menu_order":0,"comment_status":"closed","ping_status":"closed","template":"","meta":{"site-sidebar-layout":"default","site-content-layout":"","ast-site-content-layout":"default","site-content-style":"default","site-sidebar-style":"default","ast-global-header-display":"","ast-banner-title-visibility":"","ast-main-header-display":"","ast-hfb-above-header-display":"","ast-hfb-below-header-display":"","ast-hfb-mobile-header-display":"","site-post-title":"disabled","ast-breadcrumbs-content":"","ast-featured-img":"","footer-sml-layout":"","ast-disable-related-posts":"","theme-transparent-header-meta":"","adv-header-id-meta":"","stick-header-meta":"","header-above-stick-meta":"","header-main-stick-meta":"","header-below-stick-meta":"","astra-migrate-meta-layouts":"default","ast-page-background-enabled":"default","ast-page-background-meta":{"desktop":{"background-color":"var(--ast-global-color-5)","background-image":"","background-repeat":"repeat","background-position":"center center","background-size":"auto","background-attachment":"scroll","background-type":"","background-media":"","overlay-type":"","overlay-color":"","overlay-opacity":"","overlay-gradient":""},"tablet":{"background-color":"","background-image":"","background-repeat":"repeat","background-position":"center center","background-size":"auto","background-attachment":"scroll","background-type":"","background-media":"","overlay-type":"","overlay-color":"","overlay-opacity":"","overlay-gradient":""},"mobile":{"background-color":"","background-image":"","background-repeat":"repeat","background-position":"center center","background-size":"auto","background-attachment":"scroll","background-type":"","background-media":"","overlay-type":"","overlay-color":"","overlay-opacity":"","overlay-gradient":""}},"ast-content-background-meta":{"desktop":{"background-color":"var(--ast-global-color-4)","background-image":"","background-repeat":"repeat","background-position":"center center","background-size":"auto","background-attachment":"scroll","background-type":"","background-media":"","overlay-type":"","overlay-color":"","overlay-opacity":"","overlay-gradient":""},"tablet":{"background-color":"var(--ast-global-color-4)","background-image":"","background-repeat":"repeat","background-position":"center center","background-size":"auto","background-attachment":"scroll","background-type":"","background-media":"","overlay-type":"","overlay-color":"","overlay-opacity":"","overlay-gradient":""},"mobile":{"background-color":"var(--ast-global-color-4)","background-image":"","background-repeat":"repeat","background-position":"center center","background-size":"auto","background-attachment":"scroll","background-type":"","background-media":"","overlay-type":"","overlay-color":"","overlay-opacity":"","overlay-gradient":""}},"footnotes":""},"class_list":["post-624","page","type-page","status-publish","hentry"],"_links":{"self":[{"href":"https:\/\/voltera.ch\/fr\/wp-json\/wp\/v2\/pages\/624","targetHints":{"allow":["GET"]}}],"collection":[{"href":"https:\/\/voltera.ch\/fr\/wp-json\/wp\/v2\/pages"}],"about":[{"href":"https:\/\/voltera.ch\/fr\/wp-json\/wp\/v2\/types\/page"}],"author":[{"embeddable":true,"href":"https:\/\/voltera.ch\/fr\/wp-json\/wp\/v2\/users\/1"}],"replies":[{"embeddable":true,"href":"https:\/\/voltera.ch\/fr\/wp-json\/wp\/v2\/comments?post=624"}],"version-history":[{"count":8,"href":"https:\/\/voltera.ch\/fr\/wp-json\/wp\/v2\/pages\/624\/revisions"}],"predecessor-version":[{"id":949,"href":"https:\/\/voltera.ch\/fr\/wp-json\/wp\/v2\/pages\/624\/revisions\/949"}],"wp:attachment":[{"href":"https:\/\/voltera.ch\/fr\/wp-json\/wp\/v2\/media?parent=624"}],"curies":[{"name":"wp","href":"https:\/\/api.w.org\/{rel}","templated":true}]}}