{"id":6,"date":"2026-02-13T12:00:00","date_gmt":"2026-02-13T11:00:00","guid":{"rendered":"https:\/\/voltera.ch\/?page_id=6"},"modified":"2026-02-16T13:08:40","modified_gmt":"2026-02-16T13:08:40","slug":"lorfinancement","status":"publish","type":"page","link":"https:\/\/voltera.ch\/fr\/finanzierung\/","title":{"rendered":"Financement"},"content":{"rendered":"<div class=\"wp-block-cover alignfull is-light\" style=\"min-height:500px;aspect-ratio:unset;\"><img loading=\"lazy\" decoding=\"async\" width=\"800\" height=\"533\" class=\"wp-block-cover__image-background wp-image-46 size-full\" alt=\"\" src=\"https:\/\/voltera.ch\/wp-content\/uploads\/2026\/01\/voltera_006.jpg\" data-object-fit=\"cover\" srcset=\"https:\/\/voltera.ch\/wp-content\/uploads\/2026\/01\/voltera_006.jpg 800w, https:\/\/voltera.ch\/wp-content\/uploads\/2026\/01\/voltera_006-600x400.jpg 600w, https:\/\/voltera.ch\/wp-content\/uploads\/2026\/01\/voltera_006-300x200.jpg 300w, https:\/\/voltera.ch\/wp-content\/uploads\/2026\/01\/voltera_006-768x512.jpg 768w\" sizes=\"auto, (max-width: 800px) 100vw, 800px\" \/><span aria-hidden=\"true\" class=\"wp-block-cover__background has-background-dim wp-block-cover__gradient-background has-background-gradient has-vivid-cyan-blue-to-vivid-purple-gradient-background\" style=\"background-color:#53514e\"><\/span><div class=\"wp-block-cover__inner-container is-layout-flow wp-block-cover-is-layout-flow\">\n<h1 class=\"wp-block-heading has-text-align-center has-white-color has-text-color\" style=\"font-size:48px\">Financer un stockage de batterie de mani\u00e8re flexible<\/h1>\n\n\n\n<p class=\"has-text-align-center has-white-color has-text-color has-large-font-size\">Acheter, payer mensuellement ou optimiser le prix de l'\u00e9lectricit\u00e9 \u2013 vous d\u00e9cidez<\/p>\n\n\n\n<div class=\"wp-block-buttons is-content-justification-center is-layout-flex wp-container-core-buttons-is-layout-444da731 wp-block-buttons-is-layout-flex\" style=\"margin-top:30px\">\n<div class=\"wp-block-button is-style-fill\"><a class=\"wp-block-button__link has-vivid-cyan-blue-color has-white-background-color has-text-color has-background wp-element-button\" href=\"\/fr\/configurateur\/\">Configurer maintenant<\/a><\/div>\n\n\n\n<div class=\"wp-block-button is-style-outline is-style-outline--1\"><a class=\"wp-block-button__link has-white-color has-text-color wp-element-button\" href=\"#finanzierungsmodelle\">Comparer les mod\u00e8les<\/a><\/div>\n<\/div>\n<\/div><\/div>\n\n\n<p><!-- ============================\n     Vertrauens-Leiste\n     ============================ --><\/p>\n\n\n<div class=\"wp-block-group has-white-background-color has-background is-layout-flow wp-block-group-is-layout-flow\" style=\"border-bottom-color:#e0e0e0;border-bottom-width:1px;padding-top:30px;padding-bottom:30px\">\n<div class=\"wp-block-columns are-vertically-aligned-center is-stacked-on-mobile is-layout-flex wp-container-core-columns-is-layout-28f84493 wp-block-columns-is-layout-flex\">\n<div class=\"wp-block-column is-vertically-aligned-center is-layout-flow wp-block-column-is-layout-flow\">\n<p class=\"has-text-align-center\" style=\"font-size:15px\">\u2705 Aucun acompte requis<\/p>\n<\/div>\n\n\n\n<div class=\"wp-block-column is-vertically-aligned-center is-layout-flow wp-block-column-is-layout-flow\">\n<p class=\"has-text-align-center\" style=\"font-size:15px\">\u2705 Partenaire financier suisse<\/p>\n<\/div>\n\n\n\n<div class=\"wp-block-column is-vertically-aligned-center is-layout-flow wp-block-column-is-layout-flow\">\n<p class=\"has-text-align-center\" style=\"font-size:15px\">\u2705 D\u00e9cision sous 48 heures<\/p>\n<\/div>\n\n\n\n<div class=\"wp-block-column is-vertically-aligned-center is-layout-flow wp-block-column-is-layout-flow\">\n<p class=\"has-text-align-center\" style=\"font-size:15px\">\u2705 Entretien inclus<\/p>\n<\/div>\n<\/div>\n<\/div>\n\n\n<p><!-- ============================\n     Einleitung\n     ============================ --><\/p>\n\n\n<div class=\"wp-block-group voltera-finance-intro is-layout-flow wp-block-group-is-layout-flow\" style=\"padding-top:80px;padding-bottom:40px\">\n<div class=\"wp-block-group is-layout-constrained wp-container-core-group-is-layout-bea02a06 wp-block-group-is-layout-constrained\">\n<h2 class=\"wp-block-heading has-text-align-center\">Votre chemin vers votre propre stockage de batterie<\/h2>\n\n\n\n<p class=\"has-text-align-center has-medium-font-size\">Un syst\u00e8me de stockage par batterie est un investissement dans votre ind\u00e9pendance \u00e9nerg\u00e9tique. Pour que cet investissement soit accessible \u00e0 tous, nous proposons trois mod\u00e8les de paiement flexibles, adapt\u00e9s \u00e0 votre budget et \u00e0 vos objectifs.<\/p>\n<\/div>\n<\/div>\n\n\n<p><!-- ============================\n     3 Finanzierungsmodelle (Kauf \/ BaaS \/ EaaS)\n     ============================ --><\/p>\n\n\n<div id=\"finanzierungsmodelle\" class=\"wp-block-group voltera-finance-models is-layout-flow wp-block-group-is-layout-flow\" style=\"padding-top:40px;padding-bottom:80px\">\n<div class=\"wp-block-group is-layout-constrained wp-container-core-group-is-layout-4383d167 wp-block-group-is-layout-constrained\">\n<h2 class=\"wp-block-heading has-text-align-center\">Trois mod\u00e8les \u2013 un objectif : votre ind\u00e9pendance \u00e9nerg\u00e9tique<\/h2>\n\n\n\n<p class=\"has-text-align-center\" style=\"margin-bottom:60px\">Comparez nos options de paiement et trouvez la solution qui vous convient.<\/p>\n\n\n\n<div class=\"wp-block-columns is-layout-flex wp-container-core-columns-is-layout-92515837 wp-block-columns-is-layout-flex\">\n<!-- \u2500\u2500 Modell 1: Kauf \u2500\u2500 -->\n\n<div class=\"wp-block-column is-layout-flow wp-block-column-is-layout-flow\">\n\n<div class=\"wp-block-group voltera-finance-card has-white-background-color has-background has-border-color is-layout-flow wp-block-group-is-layout-flow\" style=\"border-color:#e0e0e0;border-width:1px;border-radius:12px;padding-top:40px;padding-right:30px;padding-bottom:40px;padding-left:30px\">\n\n<p class=\"has-text-align-center\" style=\"font-size:40px\">\ud83d\udcb0<\/p>\n\n\n<h3 class=\"has-text-align-center wp-block-heading\">Acheter<\/h3>\n\n\n<p class=\"has-text-align-center has-text-color\" style=\"color:#666666\">Paiement unique \u2013 le stockage vous appartient imm\u00e9diatement<\/p>\n\n\n<hr class=\"wp-block-separator has-alpha-channel-opacity is-style-wide\"\/>\n\n\n<h4 class=\"has-text-align-center has-text-color wp-block-heading\" style=\"color:#1a73e8;font-size:28px\">\u00c0 partir de 12 900 CHF<\/h4>\n\n\n<p class=\"has-text-align-center has-text-color\" style=\"color:#999999;font-size:14px\">incl. installation et mise en service<\/p>\n\n\n<ul class=\"wp-block-list\">\n\n<li>Propri\u00e9t\u00e9 imm\u00e9diate du stockage<\/li>\n\n\n<li>Rendement maximal sur votre investissement<\/li>\n\n\n<li>Aucun engagement en cours<\/li>\n\n\n<li>B\u00e9n\u00e9ficiez de subventions<\/li>\n\n\n<li>10 ans de garantie fabricant<\/li>\n\n<\/ul>\n\n\n<p class=\"has-text-align-center has-text-color\" style=\"color:#888888;font-size:13px;margin-top:10px\"><strong>Id\u00e9al pour :<\/strong> Propri\u00e9taires de logements avec capital disponible<\/p>\n\n\n<div class=\"wp-block-buttons is-content-justification-center is-layout-flex wp-container-core-buttons-is-layout-2aebea9a wp-block-buttons-is-layout-flex\" style=\"margin-top:25px\">\n\n<div class=\"wp-block-button has-custom-width wp-block-button__width-100 is-style-outline is-style-outline--2\"><a class=\"wp-block-button__link wp-element-button\" href=\"\/fr\/configurateur\/\">Calculer une offre<\/a><\/div>\n\n<\/div>\n\n<\/div>\n\n<\/div>\n\n<!-- \u2500\u2500 Modell 2: BaaS (Monatlich zahlen) \u2500\u2500 -->\n\n<div class=\"wp-block-column is-layout-flow wp-block-column-is-layout-flow\">\n\n<div class=\"wp-block-group voltera-finance-card voltera-finance-featured has-white-background-color has-background has-border-color is-layout-flow wp-block-group-is-layout-flow\" style=\"border-color:#1a73e8;border-width:2px;border-radius:12px;padding-top:40px;padding-right:30px;padding-bottom:40px;padding-left:30px\">\n\n<div class=\"wp-block-group has-vivid-cyan-blue-background-color has-background is-layout-constrained wp-container-core-group-is-layout-927874d9 wp-block-group-is-layout-constrained\" style=\"border-radius:20px;padding-top:6px;padding-right:16px;padding-bottom:6px;padding-left:16px\">\n\n<p class=\"has-text-align-center has-white-color has-text-color\" style=\"font-size:13px;font-style:normal;font-weight:700\">Meilleure option<\/p>\n\n<\/div>\n\n\n<p class=\"has-text-align-center\" style=\"font-size:40px;margin-top:15px\">\ud83d\udcb3<\/p>\n\n\n<h3 class=\"has-text-align-center wp-block-heading\">Payer mensuellement (BaaS)<\/h3>\n\n\n<p class=\"has-text-align-center has-text-color\" style=\"color:#666666\">Batterie en tant que service \u2013 pas d'investissement initial<\/p>\n\n\n<hr class=\"wp-block-separator has-alpha-channel-opacity is-style-wide\"\/>\n\n\n<h4 class=\"has-text-align-center has-text-color wp-block-heading\" style=\"color:#1a73e8;font-size:28px\">D\u00e8s CHF 149 \/ mois<\/h4>\n\n\n<p class=\"has-text-align-center has-text-color\" style=\"color:#999999;font-size:14px\">Dur\u00e9e 10 ans \u00b7 3,9% taux d'int\u00e9r\u00eat<\/p>\n\n\n<ul class=\"wp-block-list\">\n\n<li><strong>0 CHF d'investissement initial<\/strong><\/li>\n\n\n<li>Paiement mensuel fixe \u2013 co\u00fbts pr\u00e9visibles<\/li>\n\n\n<li>Maintenance et surveillance inclus (CHF 200\/an)<\/li>\n\n\n<li>\u00c9conomies gr\u00e2ce \u00e0 l'autoconsommation : ~8 cts.\/kWh<\/li>\n\n\n<li>Le stockage vous appartient apr\u00e8s expiration<\/li>\n\n<\/ul>\n\n\n<p class=\"has-text-align-center has-text-color\" style=\"color:#888888;font-size:13px;margin-top:10px\"><strong>Id\u00e9al pour :<\/strong> Ceux qui veulent en profiter imm\u00e9diatement, sans immobiliser de capital<\/p>\n\n\n<div class=\"wp-block-buttons is-content-justification-center is-layout-flex wp-container-core-buttons-is-layout-2aebea9a wp-block-buttons-is-layout-flex\" style=\"margin-top:25px\">\n\n<div class=\"wp-block-button has-custom-width wp-block-button__width-100 is-style-fill\"><a class=\"wp-block-button__link has-vivid-cyan-blue-background-color has-background wp-element-button\" href=\"\/fr\/configurateur\/\">Calculer le paiement mensuel<\/a><\/div>\n\n<\/div>\n\n<\/div>\n\n<\/div>\n\n<!-- \u2500\u2500 Modell 3: EaaS \/ PPA (Strompreis) \u2500\u2500 -->\n\n<div class=\"wp-block-column is-layout-flow wp-block-column-is-layout-flow\">\n\n<div class=\"wp-block-group voltera-finance-card has-white-background-color has-background has-border-color is-layout-flow wp-block-group-is-layout-flow\" style=\"border-color:#e0e0e0;border-width:1px;border-radius:12px;padding-top:40px;padding-right:30px;padding-bottom:40px;padding-left:30px\">\n\n<p class=\"has-text-align-center\" style=\"font-size:40px\">\u26a1<\/p>\n\n\n<h3 class=\"has-text-align-center wp-block-heading\">Optimisation du courant (EaaS)<\/h3>\n\n\n<p class=\"has-text-align-center has-text-color\" style=\"color:#666666\">\u00c9nergie en tant que service \u2013 prix de l'\u00e9lectricit\u00e9 plus bas d\u00e8s le premier jour<\/p>\n\n\n<hr class=\"wp-block-separator has-alpha-channel-opacity is-style-wide\"\/>\n\n\n<h4 class=\"has-text-align-center has-text-color wp-block-heading\" style=\"color:#1a73e8;font-size:28px\">22 cts\/kWh<\/h4>\n\n\n<p class=\"has-text-align-center has-text-color\" style=\"color:#999999;font-size:14px\">au lieu de 30 centimes\/kWh en moyenne<\/p>\n\n\n<ul class=\"wp-block-list\">\n\n<li><strong>Prix de l'\u00e9lectricit\u00e9 imm\u00e9diatement plus bas<\/strong><\/li>\n\n\n<li>Aucun investissement, aucun risque<\/li>\n\n\n<li>Augmenter l'autoconsommation jusqu'\u00e0 30%<\/li>\n\n\n<li>Nous installons, exploitons et entretenons<\/li>\n\n\n<li>\u00c9conomie pour 4 500 kWh : ~360 CHF\/an<\/li>\n\n<\/ul>\n\n\n<p class=\"has-text-align-center has-text-color\" style=\"color:#888888;font-size:13px;margin-top:10px\"><strong>Id\u00e9al pour :<\/strong> Qui veut r\u00e9duire imm\u00e9diatement ses co\u00fbts d'\u00e9lectricit\u00e9 sans effort<\/p>\n\n\n<div class=\"wp-block-buttons is-content-justification-center is-layout-flex wp-container-core-buttons-is-layout-2aebea9a wp-block-buttons-is-layout-flex\" style=\"margin-top:25px\">\n\n<div class=\"wp-block-button has-custom-width wp-block-button__width-100 is-style-outline is-style-outline--3\"><a class=\"wp-block-button__link wp-element-button\" href=\"\/fr\/configurateur\/\">Calculer les \u00e9conomies<\/a><\/div>\n\n<\/div>\n\n<\/div>\n\n<\/div>\n\n<\/div>\n<\/div>\n<\/div>\n\n\n<p><!-- ============================\n     Vergleichstabelle\n     ============================ --><\/p>\n\n\n<div class=\"wp-block-group voltera-finance-comparison has-light-gray-background-color has-background is-layout-flow wp-block-group-is-layout-flow\" style=\"padding-top:80px;padding-bottom:80px\">\n<div class=\"wp-block-group is-layout-constrained wp-container-core-group-is-layout-704e782a wp-block-group-is-layout-constrained\">\n<h2 class=\"wp-block-heading has-text-align-center\">Mod\u00e8les en comparaison<\/h2>\n\n\n\n<p class=\"has-text-align-center\" style=\"margin-bottom:40px\">Tous les d\u00e9tails en un coup d'\u0153il<\/p>\n\n\n\n<figure class=\"wp-block-table voltera-comparison-table is-style-stripes\"><table><thead><tr><th><\/th><th><strong>Acheter<\/strong><\/th><th><strong>Mensuel (BaaS)<\/strong><\/th><th><strong>Prix de l'\u00e9lectricit\u00e9 (EaaS)<\/strong><\/th><\/tr><\/thead><tbody><tr><td><strong>Investissement initial<\/strong><\/td><td>Prix total<\/td><td>0 CHF<\/td><td>0 CHF<\/td><\/tr><tr><td><strong>Co\u00fbts mensuels<\/strong><\/td><td>Non<\/td><td>\u00c0 partir de 149 CHF\/mois.<\/td><td>22 Rp.\/kWh Consommation<\/td><\/tr><tr><td><strong>dur\u00e9e de vie<\/strong><\/td><td>\u2013<\/td><td>10 ans (120 mois)<\/td><td>Flexible<\/td><\/tr><tr><td><strong>Propri\u00e9t\u00e9<\/strong><\/td><td>imm\u00e9diatement<\/td><td>Apr\u00e8s expiration<\/td><td>Voltera<\/td><\/tr><tr><td><strong>Maintenance<\/strong><\/td><td>Optionnel<\/td><td>Y compris<\/td><td>Y compris<\/td><\/tr><tr><td><strong>Surveillance<\/strong><\/td><td>Y compris<\/td><td>Y compris<\/td><td>Y compris<\/td><\/tr><tr><td><strong>Contributions de promotion<\/strong><\/td><td>Vous b\u00e9n\u00e9ficiez<\/td><td>Inclus<\/td><td>Inclus<\/td><\/tr><tr><td><strong>\u00c9conomie d'\u00e9lectricit\u00e9<\/strong><\/td><td>100% pour vous<\/td><td>~8 \u20ac\/kWh Net<\/td><td>~8 R \/ kWh de diff\u00e9rence<\/td><\/tr><\/tbody><\/table><\/figure>\n<\/div>\n<\/div>\n\n\n<p><!-- ============================\n     Beispielrechnung BaaS\n     ============================ --><\/p>\n\n\n<div class=\"wp-block-group voltera-finance-calculator is-layout-flow wp-block-group-is-layout-flow\" style=\"padding-top:80px;padding-bottom:80px\">\n<div class=\"wp-block-group is-layout-constrained wp-container-core-group-is-layout-f36bc466 wp-block-group-is-layout-constrained\">\n<h2 class=\"wp-block-heading has-text-align-center\">Exemple de calcul : Payer mensuellement (BaaS)<\/h2>\n\n\n\n<p class=\"has-text-align-center\" style=\"margin-bottom:40px\">Bas\u00e9 sur un stockage par batterie de 23 kWh pour une maison unifamiliale<\/p>\n\n\n\n<div class=\"wp-block-columns is-layout-flex wp-container-core-columns-is-layout-f2b4f319 wp-block-columns-is-layout-flex\">\n<div class=\"wp-block-column is-layout-flow wp-block-column-is-layout-flow\">\n<div class=\"wp-block-group has-white-background-color has-background is-layout-flow wp-block-group-is-layout-flow\" style=\"border-radius:12px;padding-top:30px;padding-right:30px;padding-bottom:30px;padding-left:30px\">\n<h4 class=\"wp-block-heading\">Votre investissement<\/h4>\n\n\n\n<figure class=\"wp-block-table voltera-calculation-table\"><table><tbody><tr><td>Batterie de stockage 23 kWh<\/td><td style=\"text-align:right\"><strong>18 500 CHF<\/strong><\/td><\/tr><tr><td>Acompte<\/td><td style=\"text-align:right\"><strong>0 CHF<\/strong><\/td><\/tr><tr><td>dur\u00e9e de vie<\/td><td style=\"text-align:right\">120 mois (10 ans)<\/td><\/tr><tr><td>Taux d'int\u00e9r\u00eat<\/td><td style=\"text-align:right\">3,9% par an.<\/td><\/tr><tr><td>Maintenance et surveillance<\/td><td style=\"text-align:right\">Y compris<\/td><\/tr><\/tbody><\/table><\/figure>\n<\/div>\n<\/div>\n\n\n\n<div class=\"wp-block-column is-layout-flow wp-block-column-is-layout-flow\">\n<div class=\"wp-block-group has-border-color has-white-background-color has-background is-layout-flow wp-block-group-is-layout-flow\" style=\"border-color:#1a73e8;border-width:2px;border-radius:12px;padding-top:30px;padding-right:30px;padding-bottom:30px;padding-left:30px\">\n<h4 class=\"wp-block-heading\">Votre solde mensuel<\/h4>\n\n\n\n<figure class=\"wp-block-table voltera-calculation-table\"><table><tbody><tr><td>Paiement mensuel<\/td><td style=\"text-align:right\"><strong>195 CHF<\/strong><\/td><\/tr><tr><td>\u00c9conomie de consommation personnelle<\/td><td style=\"text-align:right;color:#16a34a\"><strong>\u2013 55 CHF<\/strong><\/td><\/tr><tr><td><strong>Co\u00fbts effectifs<\/strong><\/td><td style=\"text-align:right\"><strong>~140 CHF \/ mois<\/strong><\/td><\/tr><\/tbody><\/table><\/figure>\n\n\n\n<p class=\"voltera-highlight has-text-color\" style=\"color:#16a34a;margin-top:20px;font-size:14px\"><strong>Apr\u00e8s 10 ans :<\/strong> Hypoth\u00e8que rembours\u00e9e. \u00c9conomie d'environ 55 CHF\/mois restant \u2013 \u00e0 vie.<\/p>\n<\/div>\n<\/div>\n<\/div>\n<\/div>\n<\/div>\n\n\n<p><!-- ============================\n     Beispielrechnung EaaS\n     ============================ --><\/p>\n\n\n<div class=\"wp-block-group voltera-finance-eaas-example has-light-gray-background-color has-background is-layout-flow wp-block-group-is-layout-flow\" style=\"padding-top:40px;padding-bottom:80px\">\n<div class=\"wp-block-group is-layout-constrained wp-container-core-group-is-layout-f36bc466 wp-block-group-is-layout-constrained\">\n<h2 class=\"wp-block-heading has-text-align-center\">Calcul d'exemple : Optimisation de l'\u00e9lectricit\u00e9 (EaaS)<\/h2>\n\n\n\n<p class=\"has-text-align-center\" style=\"margin-bottom:40px\">Sur la base d'un m\u00e9nage suisse moyen avec une consommation annuelle de 4\u2019500 kWh<\/p>\n\n\n\n<div class=\"wp-block-columns is-layout-flex wp-container-core-columns-is-layout-f2b4f319 wp-block-columns-is-layout-flex\">\n<div class=\"wp-block-column is-layout-flow wp-block-column-is-layout-flow\">\n<div class=\"wp-block-group has-white-background-color has-background is-layout-flow wp-block-group-is-layout-flow\" style=\"border-radius:12px;padding-top:30px;padding-right:30px;padding-bottom:30px;padding-left:30px\">\n<h4 class=\"wp-block-heading has-text-align-center has-text-color\" style=\"color:#dc2626\">Sans Volterra<\/h4>\n\n\n\n<p class=\"has-text-align-center\" style=\"font-size:36px;font-style:normal;font-weight:700\">30 centimes\/kWh<\/p>\n\n\n\n<p class=\"has-text-align-center has-text-color\" style=\"color:#666666\">Prix moyen de l'\u00e9lectricit\u00e9 Suisse<\/p>\n\n\n\n<p class=\"has-text-align-center\" style=\"font-size:20px;font-style:normal;font-weight:600\">= 1 350 CHF \/ an<\/p>\n<\/div>\n<\/div>\n\n\n\n<div class=\"wp-block-column is-layout-flow wp-block-column-is-layout-flow\">\n<div class=\"wp-block-group has-border-color has-white-background-color has-background is-layout-flow wp-block-group-is-layout-flow\" style=\"border-color:#16a34a;border-width:2px;border-radius:12px;padding-top:30px;padding-right:30px;padding-bottom:30px;padding-left:30px\">\n<h4 class=\"wp-block-heading has-text-align-center has-text-color\" style=\"color:#16a34a\">Avec Voltera EaaS<\/h4>\n\n\n\n<p class=\"has-text-align-center has-text-color\" style=\"color:#16a34a;font-size:36px;font-style:normal;font-weight:700\">22 cts\/kWh<\/p>\n\n\n\n<p class=\"has-text-align-center has-text-color\" style=\"color:#666666\">Tarif optimis\u00e9 avec stockage par batterie<\/p>\n\n\n\n<p class=\"has-text-align-center has-text-color\" style=\"color:#16a34a;font-size:20px;font-style:normal;font-weight:600\">= CHF 990 \/ an<\/p>\n<\/div>\n<\/div>\n<\/div>\n\n\n\n<div class=\"wp-block-group has-white-background-color has-background is-layout-flow wp-block-group-is-layout-flow\" style=\"border-radius:12px;margin-top:30px;padding-top:20px;padding-right:30px;padding-bottom:20px;padding-left:30px\">\n<p class=\"has-text-align-center\" style=\"font-size:18px\"><strong>Vos \u00e9conomies annuelles : ~CHF 360<\/strong> \u2013 plus jusqu'\u00e0 30% de consommation propre suppl\u00e9mentaire gr\u00e2ce au syst\u00e8me de stockage par batterie<\/p>\n<\/div>\n<\/div>\n<\/div>\n\n\n<p><!-- ============================\n     So funktioniert's\n     ============================ --><\/p>\n\n\n<div class=\"wp-block-group voltera-finance-process is-layout-flow wp-block-group-is-layout-flow\" style=\"padding-top:80px;padding-bottom:80px\">\n<div class=\"wp-block-group is-layout-constrained wp-container-core-group-is-layout-704e782a wp-block-group-is-layout-constrained\">\n<h2 class=\"wp-block-heading has-text-align-center\">C'est aussi simple que \u00e7a<\/h2>\n\n\n\n<p class=\"has-text-align-center\" style=\"margin-bottom:60px\">En quatre \u00e9tapes vers votre stockage sur batterie financ\u00e9<\/p>\n\n\n\n<div class=\"wp-block-columns is-layout-flex wp-container-core-columns-is-layout-28f84493 wp-block-columns-is-layout-flex\">\n<div class=\"wp-block-column is-layout-flow wp-block-column-is-layout-flow\">\n<div class=\"wp-block-group is-layout-flow wp-block-group-is-layout-flow\" style=\"padding-top:30px;padding-right:20px;padding-bottom:30px;padding-left:20px\">\n<h3 class=\"wp-block-heading has-text-align-center has-text-color\" style=\"color:#1a73e8;font-size:48px\">1<\/h3>\n\n\n\n<h4 class=\"wp-block-heading has-text-align-center\">Configurer<\/h4>\n\n\n\n<p class=\"has-text-align-center\" style=\"font-size:15px\">Choisissez votre stockage et le mod\u00e8le de paiement souhait\u00e9 dans le configurateur<\/p>\n<\/div>\n<\/div>\n\n\n\n<div class=\"wp-block-column is-layout-flow wp-block-column-is-layout-flow\">\n<div class=\"wp-block-group is-layout-flow wp-block-group-is-layout-flow\" style=\"padding-top:30px;padding-right:20px;padding-bottom:30px;padding-left:20px\">\n<h3 class=\"wp-block-heading has-text-align-center has-text-color\" style=\"color:#1a73e8;font-size:48px\">2<\/h3>\n\n\n\n<h4 class=\"wp-block-heading has-text-align-center\">Offre re\u00e7ue<\/h4>\n\n\n\n<p class=\"has-text-align-center\" style=\"font-size:15px\">Nous \u00e9tablissons votre offre personnalis\u00e9e avec des conditions contraignantes \u2013 sous 48 heures<\/p>\n<\/div>\n<\/div>\n\n\n\n<div class=\"wp-block-column is-layout-flow wp-block-column-is-layout-flow\">\n<div class=\"wp-block-group is-layout-flow wp-block-group-is-layout-flow\" style=\"padding-top:30px;padding-right:20px;padding-bottom:30px;padding-left:20px\">\n<h3 class=\"wp-block-heading has-text-align-center has-text-color\" style=\"color:#1a73e8;font-size:48px\">3<\/h3>\n\n\n\n<h4 class=\"wp-block-heading has-text-align-center\">Confirmer le financement<\/h4>\n\n\n\n<p class=\"has-text-align-center\" style=\"font-size:15px\">Choisissez votre mod\u00e8le directement dans votre portail client \u2013 num\u00e9rique et simple.<\/p>\n<\/div>\n<\/div>\n\n\n\n<div class=\"wp-block-column is-layout-flow wp-block-column-is-layout-flow\">\n<div class=\"wp-block-group is-layout-flow wp-block-group-is-layout-flow\" style=\"padding-top:30px;padding-right:20px;padding-bottom:30px;padding-left:20px\">\n<h3 class=\"wp-block-heading has-text-align-center has-text-color\" style=\"color:#1a73e8;font-size:48px\">4<\/h3>\n\n\n\n<h4 class=\"wp-block-heading has-text-align-center\">Installation<\/h4>\n\n\n\n<p class=\"has-text-align-center\" style=\"font-size:15px\">Notre partenaire certifi\u00e9 installe votre stockage \u2013 g\u00e9n\u00e9ralement sous 2 semaines<\/p>\n<\/div>\n<\/div>\n<\/div>\n<\/div>\n<\/div>\n\n\n<p><!-- ============================\n     FAQ\n     ============================ --><\/p>\n\n\n<div class=\"wp-block-group voltera-finance-faq has-light-gray-background-color has-background is-layout-flow wp-block-group-is-layout-flow\" style=\"padding-top:80px;padding-bottom:80px\">\n<div class=\"wp-block-group is-layout-constrained wp-container-core-group-is-layout-bea02a06 wp-block-group-is-layout-constrained\">\n<h2 class=\"wp-block-heading has-text-align-center\">Questions fr\u00e9quentes sur le financement<\/h2>\n\n\n\n<p class=\"has-text-align-center\" style=\"margin-bottom:40px\">Tout ce que vous devez savoir<\/p>\n\n\n\n<details class=\"wp-block-details is-layout-flow wp-block-details-is-layout-flow\"><summary><strong>Ai-je besoin d'un acompte ?<\/strong><\/summary>\n<p>Non. Ni le mod\u00e8le BaaS (paiement mensuel) ni le mod\u00e8le EaaS (optimisation du prix de l'\u00e9lectricit\u00e9) ne n\u00e9cessitent d'acompte. Vous commencez avec 0 CHF de capitaux propres.<\/p>\n<\/details>\n\n\n\n<details class=\"wp-block-details is-layout-flow wp-block-details-is-layout-flow\"><summary><strong>Que se passe-t-il \u00e0 l'expiration de la dur\u00e9e de vie de BaaS ?<\/strong><\/summary>\n<p>Apr\u00e8s 10 ans (120 mois), le stockage sur batterie vous appartient \u2013 sans frais suppl\u00e9mentaires. Les \u00e9conomies r\u00e9alis\u00e9es gr\u00e2ce \u00e0 l'autoconsommation vous restent alors int\u00e9gralement.<\/p>\n<\/details>\n\n\n\n<details class=\"wp-block-details is-layout-flow wp-block-details-is-layout-flow\"><summary><strong>Comment est calcul\u00e9 le versement mensuel ?<\/strong><\/summary>\n<p>Le taux est bas\u00e9 sur le prix du syst\u00e8me, une dur\u00e9e de 120 mois et un taux d'int\u00e9r\u00eat de 3,9% par an. La maintenance et la surveillance (CHF 200\/an) sont d\u00e9j\u00e0 incluses. Vous recevrez le taux exact dans votre offre personnelle.<\/p>\n<\/details>\n\n\n\n<details class=\"wp-block-details is-layout-flow wp-block-details-is-layout-flow\"><summary><strong>Que signifie EaaS \/ PPA exactement ?<\/strong><\/summary>\n<p>Energy-as-a-Service (EaaS) ou Power Purchase Agreement (PPA) signifie : Voltera installe et exploite le syst\u00e8me de stockage de batterie chez vous. Vous payez un prix d'\u00e9lectricit\u00e9 r\u00e9duit de 22 centimes\/kWh au lieu d'une moyenne de 30 centimes\/kWh \u2013 et vous \u00e9conomisez d\u00e8s le premier jour.<\/p>\n<\/details>\n\n\n\n<details class=\"wp-block-details is-layout-flow wp-block-details-is-layout-flow\"><summary><strong>Puis-je changer de mod\u00e8le plus tard ?<\/strong><\/summary>\n<p>Avec le mod\u00e8le BaaS, vous pouvez reprendre le stockage \u00e0 tout moment \u00e0 sa valeur r\u00e9siduelle. Contactez-nous, nous trouverons la meilleure solution pour votre situation.<\/p>\n<\/details>\n\n\n\n<details class=\"wp-block-details is-layout-flow wp-block-details-is-layout-flow\"><summary><strong>Qui s'occupe de la maintenance et des r\u00e9parations ?<\/strong><\/summary>\n<p>Dans les mod\u00e8les BaaS et EaaS, la maintenance, la surveillance et les r\u00e9parations sont incluses. Dans le mod\u00e8le d'achat, nous proposons des contrats de maintenance optionnels. Dans tous les cas, nous surveillons votre syst\u00e8me 24h\/24 et 7j\/7.<\/p>\n<\/details>\n\n\n\n<details class=\"wp-block-details is-layout-flow wp-block-details-is-layout-flow\"><summary><strong>Dans quel d\u00e9lai puis-je obtenir une promesse de financement ?<\/strong><\/summary>\n<p>Apr\u00e8s soumission de votre demande de financement via le portail client, vous recevrez une offre de financement contraignante sous 1 \u00e0 2 jours ouvrables.<\/p>\n<\/details>\n<\/div>\n<\/div>\n\n\n<p><!-- ============================\n     CTA\n     ============================ --><\/p>\n\n\n<div class=\"wp-block-group has-vivid-cyan-blue-to-vivid-purple-gradient-background has-background is-layout-flow wp-block-group-is-layout-flow\" style=\"padding-top:80px;padding-bottom:80px\">\n<div class=\"wp-block-group is-layout-constrained wp-container-core-group-is-layout-bea02a06 wp-block-group-is-layout-constrained\">\n<h2 class=\"wp-block-heading has-text-align-center has-white-color has-text-color\">Pr\u00eat pour votre ind\u00e9pendance \u00e9nerg\u00e9tique ?<\/h2>\n\n\n\n<p class=\"has-text-align-center has-white-color has-text-color has-medium-font-size\">Configurez d\u00e8s maintenant votre syst\u00e8me de stockage par batterie et choisissez le mod\u00e8le de paiement qui vous convient. Sans engagement et en quelques minutes.<\/p>\n\n\n\n<div class=\"wp-block-buttons is-content-justification-center is-layout-flex wp-container-core-buttons-is-layout-9abb9c2c wp-block-buttons-is-layout-flex\" style=\"margin-top:40px\">\n<div class=\"wp-block-button is-style-fill\" style=\"font-size:18px\"><a class=\"wp-block-button__link has-vivid-cyan-blue-color has-white-background-color has-text-color has-background wp-element-button\" href=\"\/fr\/configurateur\/\">Configurer maintenant la m\u00e9moire<\/a><\/div>\n\n\n\n<div class=\"wp-block-button is-style-outline is-style-outline--4\" style=\"font-size:18px\"><a class=\"wp-block-button__link has-white-color has-text-color wp-element-button\" href=\"\/fr\/contact\/\">Demande de conseil<\/a><\/div>\n<\/div>\n\n\n\n<p class=\"has-text-align-center has-white-color has-text-color\" style=\"margin-top:20px;font-size:14px\">Ou appelez-nous : <strong>0800 VOLTERRA<\/strong> \u2013 gratuit et sans engagement<\/p>\n<\/div>\n<\/div>","protected":false},"excerpt":{"rendered":"<p>\u2705 Keine Anzahlung n\u00f6tig \u2705 Schweizer Finanzpartner \u2705 Entscheid in 48 Stunden \u2705 Wartung inklusive Ihr Weg zum eigenen Batteriespeicher [&hellip;]<\/p>\n","protected":false},"author":1,"featured_media":0,"parent":0,"menu_order":0,"comment_status":"closed","ping_status":"closed","template":"","meta":{"site-sidebar-layout":"default","site-content-layout":"","ast-site-content-layout":"default","site-content-style":"default","site-sidebar-style":"default","ast-global-header-display":"","ast-banner-title-visibility":"","ast-main-header-display":"","ast-hfb-above-header-display":"","ast-hfb-below-header-display":"","ast-hfb-mobile-header-display":"","site-post-title":"disabled","ast-breadcrumbs-content":"","ast-featured-img":"","footer-sml-layout":"","ast-disable-related-posts":"","theme-transparent-header-meta":"","adv-header-id-meta":"","stick-header-meta":"","header-above-stick-meta":"","header-main-stick-meta":"","header-below-stick-meta":"","astra-migrate-meta-layouts":"default","ast-page-background-enabled":"default","ast-page-background-meta":{"desktop":{"background-color":"var(--ast-global-color-5)","background-image":"","background-repeat":"repeat","background-position":"center center","background-size":"auto","background-attachment":"scroll","background-type":"","background-media":"","overlay-type":"","overlay-color":"","overlay-opacity":"","overlay-gradient":""},"tablet":{"background-color":"","background-image":"","background-repeat":"repeat","background-position":"center center","background-size":"auto","background-attachment":"scroll","background-type":"","background-media":"","overlay-type":"","overlay-color":"","overlay-opacity":"","overlay-gradient":""},"mobile":{"background-color":"","background-image":"","background-repeat":"repeat","background-position":"center center","background-size":"auto","background-attachment":"scroll","background-type":"","background-media":"","overlay-type":"","overlay-color":"","overlay-opacity":"","overlay-gradient":""}},"ast-content-background-meta":{"desktop":{"background-color":"var(--ast-global-color-4)","background-image":"","background-repeat":"repeat","background-position":"center center","background-size":"auto","background-attachment":"scroll","background-type":"","background-media":"","overlay-type":"","overlay-color":"","overlay-opacity":"","overlay-gradient":""},"tablet":{"background-color":"var(--ast-global-color-4)","background-image":"","background-repeat":"repeat","background-position":"center center","background-size":"auto","background-attachment":"scroll","background-type":"","background-media":"","overlay-type":"","overlay-color":"","overlay-opacity":"","overlay-gradient":""},"mobile":{"background-color":"var(--ast-global-color-4)","background-image":"","background-repeat":"repeat","background-position":"center center","background-size":"auto","background-attachment":"scroll","background-type":"","background-media":"","overlay-type":"","overlay-color":"","overlay-opacity":"","overlay-gradient":""}},"footnotes":""},"class_list":["post-6","page","type-page","status-publish","hentry"],"_links":{"self":[{"href":"https:\/\/voltera.ch\/fr\/wp-json\/wp\/v2\/pages\/6","targetHints":{"allow":["GET"]}}],"collection":[{"href":"https:\/\/voltera.ch\/fr\/wp-json\/wp\/v2\/pages"}],"about":[{"href":"https:\/\/voltera.ch\/fr\/wp-json\/wp\/v2\/types\/page"}],"author":[{"embeddable":true,"href":"https:\/\/voltera.ch\/fr\/wp-json\/wp\/v2\/users\/1"}],"replies":[{"embeddable":true,"href":"https:\/\/voltera.ch\/fr\/wp-json\/wp\/v2\/comments?post=6"}],"version-history":[{"count":2,"href":"https:\/\/voltera.ch\/fr\/wp-json\/wp\/v2\/pages\/6\/revisions"}],"predecessor-version":[{"id":839,"href":"https:\/\/voltera.ch\/fr\/wp-json\/wp\/v2\/pages\/6\/revisions\/839"}],"wp:attachment":[{"href":"https:\/\/voltera.ch\/fr\/wp-json\/wp\/v2\/media?parent=6"}],"curies":[{"name":"wp","href":"https:\/\/api.w.org\/{rel}","templated":true}]}}